{"id":23204,"date":"2023-11-06T13:05:16","date_gmt":"2023-11-06T13:05:16","guid":{"rendered":"https:\/\/dev-freelancerweb.site\/?page_id=23204"},"modified":"2025-07-30T13:05:05","modified_gmt":"2025-07-30T12:05:05","slug":"hablan-de-nosotros","status":"publish","type":"page","link":"https:\/\/agradocosmetic.com\/fr\/hablan-de-nosotros\/","title":{"rendered":"Ils parlent de nous"},"content":{"rendered":"<div data-elementor-type=\"wp-page\" data-elementor-id=\"23204\" class=\"elementor elementor-23204\" data-elementor-post-type=\"page\">\n\t\t\t\t<div class=\"elementor-element elementor-element-650db1f e-flex e-con-boxed e-con e-parent\" data-id=\"650db1f\" data-element_type=\"container\" data-e-type=\"container\" data-settings=\"{&quot;background_background&quot;:&quot;classic&quot;,&quot;jet_parallax_layout_list&quot;:[],&quot;ekit_has_onepagescroll_dot&quot;:&quot;yes&quot;}\">\n\t\t\t\t\t<div class=\"e-con-inner\">\n\t\t<div class=\"elementor-element elementor-element-aed2eac e-con-full e-flex e-con e-child\" data-id=\"aed2eac\" data-element_type=\"container\" data-e-type=\"container\" data-settings=\"{&quot;jet_parallax_layout_list&quot;:[],&quot;ekit_has_onepagescroll_dot&quot;:&quot;yes&quot;}\">\n\t\t\t\t<div class=\"elementor-element elementor-element-3b4873e elementor-widget elementor-widget-heading\" data-id=\"3b4873e\" data-element_type=\"widget\" data-e-type=\"widget\" data-settings=\"{&quot;ekit_we_effect_on&quot;:&quot;none&quot;}\" data-widget_type=\"heading.default\">\n\t\t\t\t<div class=\"elementor-widget-container\">\n\t\t\t\t\t<h2 class=\"elementor-heading-title elementor-size-default\">Ils parlent de nous<\/h2>\t\t\t\t<\/div>\n\t\t\t\t<\/div>\n\t\t\t\t<\/div>\n\t\t<div class=\"elementor-element elementor-element-a10f73d e-con-full e-flex e-con e-child\" data-id=\"a10f73d\" data-element_type=\"container\" data-e-type=\"container\" data-settings=\"{&quot;jet_parallax_layout_list&quot;:[],&quot;ekit_has_onepagescroll_dot&quot;:&quot;yes&quot;}\">\n\t\t\t\t<div class=\"elementor-element elementor-element-0b56b8f elementor-widget elementor-widget-image\" data-id=\"0b56b8f\" data-element_type=\"widget\" data-e-type=\"widget\" data-settings=\"{&quot;ekit_we_effect_on&quot;:&quot;none&quot;}\" data-widget_type=\"image.default\">\n\t\t\t\t<div class=\"elementor-widget-container\">\n\t\t\t\t\t\t\t\t\t\t\t\t\t\t\t<img fetchpriority=\"high\" decoding=\"async\" width=\"800\" height=\"98\" src=\"https:\/\/agradocosmetic.com\/wp-content\/uploads\/2023\/11\/SPAN-Agrado.png\" class=\"attachment-large size-large wp-image-23212\" alt=\"\" srcset=\"https:\/\/agradocosmetic.com\/wp-content\/uploads\/2023\/11\/SPAN-Agrado.png 841w, https:\/\/agradocosmetic.com\/wp-content\/uploads\/2023\/11\/SPAN-Agrado-300x37.png 300w, https:\/\/agradocosmetic.com\/wp-content\/uploads\/2023\/11\/SPAN-Agrado-768x94.png 768w\" sizes=\"(max-width: 800px) 100vw, 800px\" \/>\t\t\t\t\t\t\t\t\t\t\t\t\t\t\t<\/div>\n\t\t\t\t<\/div>\n\t\t\t\t<\/div>\n\t\t\t\t\t<\/div>\n\t\t\t\t<\/div>\n\t\t<div class=\"elementor-element elementor-element-765ddf4 e-flex e-con-boxed e-con e-parent\" data-id=\"765ddf4\" data-element_type=\"container\" data-e-type=\"container\" data-settings=\"{&quot;background_background&quot;:&quot;classic&quot;,&quot;jet_parallax_layout_list&quot;:[],&quot;ekit_has_onepagescroll_dot&quot;:&quot;yes&quot;}\">\n\t\t\t\t\t<div class=\"e-con-inner\">\n\t\t<div class=\"elementor-element elementor-element-b5216b1 e-con-full e-flex e-con e-child\" data-id=\"b5216b1\" data-element_type=\"container\" data-e-type=\"container\" data-settings=\"{&quot;jet_parallax_layout_list&quot;:[],&quot;ekit_has_onepagescroll_dot&quot;:&quot;yes&quot;}\">\n\t\t<div class=\"elementor-element elementor-element-86fb208 e-con-full e-flex e-con e-child\" data-id=\"86fb208\" data-element_type=\"container\" data-e-type=\"container\" data-settings=\"{&quot;background_background&quot;:&quot;classic&quot;,&quot;jet_parallax_layout_list&quot;:[],&quot;ekit_has_onepagescroll_dot&quot;:&quot;yes&quot;}\">\n\t\t\t\t<div class=\"elementor-element elementor-element-44f5129 elementor-widget elementor-widget-image\" data-id=\"44f5129\" data-element_type=\"widget\" data-e-type=\"widget\" data-settings=\"{&quot;ekit_we_effect_on&quot;:&quot;none&quot;}\" data-widget_type=\"image.default\">\n\t\t\t\t<div class=\"elementor-widget-container\">\n\t\t\t\t\t\t\t\t\t\t\t\t\t\t\t<img decoding=\"async\" width=\"385\" height=\"88\" src=\"https:\/\/agradocosmetic.com\/wp-content\/uploads\/2025\/07\/logo-mujerhoy.svg\" class=\"attachment-large size-large wp-image-33005\" alt=\"\" \/>\t\t\t\t\t\t\t\t\t\t\t\t\t\t\t<\/div>\n\t\t\t\t<\/div>\n\t\t\t\t<div class=\"elementor-element elementor-element-f62b72e elementor-widget elementor-widget-heading\" data-id=\"f62b72e\" data-element_type=\"widget\" data-e-type=\"widget\" data-settings=\"{&quot;ekit_we_effect_on&quot;:&quot;none&quot;}\" data-widget_type=\"heading.default\">\n\t\t\t\t<div class=\"elementor-widget-container\">\n\t\t\t\t\t<h2 class=\"elementor-heading-title elementor-size-default\">La cr\u00e8me teint\u00e9e \u00e0 8 euros que ma m\u00e8re ach\u00e8te encore et encore : avec SPF 50, effet anti-imperfections et tr\u00e8s naturelle<\/h2>\t\t\t\t<\/div>\n\t\t\t\t<\/div>\n\t\t\t\t<div class=\"elementor-element elementor-element-93c8397 elementor-widget elementor-widget-text-editor\" data-id=\"93c8397\" data-element_type=\"widget\" data-e-type=\"widget\" data-settings=\"{&quot;ekit_we_effect_on&quot;:&quot;none&quot;}\" data-widget_type=\"text-editor.default\">\n\t\t\t\t<div class=\"elementor-widget-container\">\n\t\t\t\t\t\t\t\t\t<p>Il s&#039;agit de la cr\u00e8me solaire teint\u00e9e d&#039;Agrado. C&#039;est une cr\u00e8me de teinte moyenne offrant une protection SPF 50+ tr\u00e8s \u00e9lev\u00e9e. Elle se distingue par ses propri\u00e9t\u00e9s antitaches, anti-\u00e2ge et antioxydantes, prot\u00e9geant la peau des rayons UVA, infrarouges et de la lumi\u00e8re bleue.<\/p>\t\t\t\t\t\t\t\t<\/div>\n\t\t\t\t<\/div>\n\t\t\t\t<div class=\"elementor-element elementor-element-d0ed1dd elementor-align-left elementor-mobile-align-center elementor-widget elementor-widget-button\" data-id=\"d0ed1dd\" data-element_type=\"widget\" data-e-type=\"widget\" data-settings=\"{&quot;ekit_we_effect_on&quot;:&quot;none&quot;}\" data-widget_type=\"button.default\">\n\t\t\t\t<div class=\"elementor-widget-container\">\n\t\t\t\t\t\t\t\t\t<div class=\"elementor-button-wrapper\">\n\t\t\t\t\t<a class=\"elementor-button elementor-button-link elementor-size-sm\" href=\"https:\/\/www.mujerhoy.com\/belleza\/tratamientos\/crema-color-barata-spf-50-funciona-favortia-madres-20250728124959-nt.html\" target=\"_blank\">\n\t\t\t\t\t\t<span class=\"elementor-button-content-wrapper\">\n\t\t\t\t\t\t\t\t\t<span class=\"elementor-button-text\">Voir l\u2019article<\/span>\n\t\t\t\t\t<\/span>\n\t\t\t\t\t<\/a>\n\t\t\t\t<\/div>\n\t\t\t\t\t\t\t\t<\/div>\n\t\t\t\t<\/div>\n\t\t\t\t<\/div>\n\t\t<div class=\"elementor-element elementor-element-1ad6f32 e-con-full e-flex e-con e-child\" data-id=\"1ad6f32\" data-element_type=\"container\" data-e-type=\"container\" data-settings=\"{&quot;jet_parallax_layout_list&quot;:[],&quot;ekit_has_onepagescroll_dot&quot;:&quot;yes&quot;}\">\n\t\t\t\t<div class=\"elementor-element elementor-element-084ce87 elementor-widget elementor-widget-image\" data-id=\"084ce87\" data-element_type=\"widget\" data-e-type=\"widget\" data-settings=\"{&quot;ekit_we_effect_on&quot;:&quot;none&quot;}\" data-widget_type=\"image.default\">\n\t\t\t\t<div class=\"elementor-widget-container\">\n\t\t\t\t\t\t\t\t\t\t\t\t\t\t\t<img decoding=\"async\" width=\"800\" height=\"94\" src=\"https:\/\/agradocosmetic.com\/wp-content\/uploads\/2023\/11\/SPAN-En-los-medios.png\" class=\"attachment-large size-large wp-image-23213\" alt=\"\" srcset=\"https:\/\/agradocosmetic.com\/wp-content\/uploads\/2023\/11\/SPAN-En-los-medios.png 841w, https:\/\/agradocosmetic.com\/wp-content\/uploads\/2023\/11\/SPAN-En-los-medios-300x35.png 300w, https:\/\/agradocosmetic.com\/wp-content\/uploads\/2023\/11\/SPAN-En-los-medios-768x90.png 768w\" sizes=\"(max-width: 800px) 100vw, 800px\" \/>\t\t\t\t\t\t\t\t\t\t\t\t\t\t\t<\/div>\n\t\t\t\t<\/div>\n\t\t\t\t<\/div>\n\t\t\t\t<\/div>\n\t\t\t\t\t<\/div>\n\t\t\t\t<\/div>\n\t\t<div class=\"elementor-element elementor-element-bb4899f e-flex e-con-boxed e-con e-parent\" data-id=\"bb4899f\" data-element_type=\"container\" data-e-type=\"container\" data-settings=\"{&quot;background_background&quot;:&quot;classic&quot;,&quot;jet_parallax_layout_list&quot;:[],&quot;ekit_has_onepagescroll_dot&quot;:&quot;yes&quot;}\">\n\t\t\t\t\t<div class=\"e-con-inner\">\n\t\t<div class=\"elementor-element elementor-element-3e03a76 e-con-full e-flex e-con e-child\" data-id=\"3e03a76\" data-element_type=\"container\" data-e-type=\"container\" data-settings=\"{&quot;jet_parallax_layout_list&quot;:[],&quot;ekit_has_onepagescroll_dot&quot;:&quot;yes&quot;}\">\n\t\t<div class=\"elementor-element elementor-element-b4808e6 e-flex e-con-boxed e-con e-child\" data-id=\"b4808e6\" data-element_type=\"container\" data-e-type=\"container\" data-settings=\"{&quot;background_background&quot;:&quot;classic&quot;,&quot;jet_parallax_layout_list&quot;:[],&quot;ekit_has_onepagescroll_dot&quot;:&quot;yes&quot;}\">\n\t\t\t\t\t<div class=\"e-con-inner\">\n\t\t\t\t<div class=\"elementor-element elementor-element-729d71f elementor-widget elementor-widget-image\" data-id=\"729d71f\" data-element_type=\"widget\" data-e-type=\"widget\" data-settings=\"{&quot;ekit_we_effect_on&quot;:&quot;none&quot;}\" data-widget_type=\"image.default\">\n\t\t\t\t<div class=\"elementor-widget-container\">\n\t\t\t\t\t\t\t\t\t\t\t\t\t\t\t<img loading=\"lazy\" decoding=\"async\" width=\"262\" height=\"43\" src=\"https:\/\/agradocosmetic.com\/wp-content\/uploads\/2024\/12\/logo_header_pequenyo.png\" class=\"attachment-large size-large wp-image-29243\" alt=\"\" srcset=\"https:\/\/agradocosmetic.com\/wp-content\/uploads\/2024\/12\/logo_header_pequenyo.png 262w, https:\/\/agradocosmetic.com\/wp-content\/uploads\/2024\/12\/logo_header_pequenyo-18x3.png 18w\" sizes=\"(max-width: 262px) 100vw, 262px\" \/>\t\t\t\t\t\t\t\t\t\t\t\t\t\t\t<\/div>\n\t\t\t\t<\/div>\n\t\t\t\t<div class=\"elementor-element elementor-element-42f4fd0 elementor-widget elementor-widget-heading\" data-id=\"42f4fd0\" data-element_type=\"widget\" data-e-type=\"widget\" data-settings=\"{&quot;ekit_we_effect_on&quot;:&quot;none&quot;}\" data-widget_type=\"heading.default\">\n\t\t\t\t<div class=\"elementor-widget-container\">\n\t\t\t\t\t<h2 class=\"elementor-heading-title elementor-size-default\">\nAgrado re\u00e7oit le prix de l&#039;a\u00e9rosol le plus innovant de l&#039;ann\u00e9e pour sa brume faciale de l&#039;AEDA.<\/h2>\t\t\t\t<\/div>\n\t\t\t\t<\/div>\n\t\t\t\t<div class=\"elementor-element elementor-element-3182c00 elementor-widget elementor-widget-text-editor\" data-id=\"3182c00\" data-element_type=\"widget\" data-e-type=\"widget\" data-settings=\"{&quot;ekit_we_effect_on&quot;:&quot;none&quot;}\" data-widget_type=\"text-editor.default\">\n\t\t\t\t<div class=\"elementor-widget-container\">\n\t\t\t\t\t\t\t\t\t<p>L&#039;entreprise valencienne Agrado Sun Care a \u00e9t\u00e9 r\u00e9compens\u00e9e par le prix \u00ab A\u00e9rosol le plus innovant de l&#039;ann\u00e9e \u00bb par l&#039;Association espagnole des a\u00e9rosols (AEDA) lors du Forum AEDA 2025, l&#039;\u00e9v\u00e9nement de r\u00e9f\u00e9rence du secteur des a\u00e9rosols en Espagne.<\/p>\t\t\t\t\t\t\t\t<\/div>\n\t\t\t\t<\/div>\n\t\t\t\t<div class=\"elementor-element elementor-element-2a0706b elementor-align-left elementor-mobile-align-center elementor-widget elementor-widget-button\" data-id=\"2a0706b\" data-element_type=\"widget\" data-e-type=\"widget\" data-settings=\"{&quot;ekit_we_effect_on&quot;:&quot;none&quot;}\" data-widget_type=\"button.default\">\n\t\t\t\t<div class=\"elementor-widget-container\">\n\t\t\t\t\t\t\t\t\t<div class=\"elementor-button-wrapper\">\n\t\t\t\t\t<a class=\"elementor-button elementor-button-link elementor-size-sm\" href=\"https:\/\/valenciaplaza.com\/valenciaplaza\/tierra-de-empresas\/agrado-recibe-el-premio-al-aerosol-mas-innovador-del-ano-por-su-bruma-facial-de-la-mano-de-aeda\" target=\"_blank\">\n\t\t\t\t\t\t<span class=\"elementor-button-content-wrapper\">\n\t\t\t\t\t\t\t\t\t<span class=\"elementor-button-text\">Voir l\u2019article<\/span>\n\t\t\t\t\t<\/span>\n\t\t\t\t\t<\/a>\n\t\t\t\t<\/div>\n\t\t\t\t\t\t\t\t<\/div>\n\t\t\t\t<\/div>\n\t\t\t\t\t<\/div>\n\t\t\t\t<\/div>\n\t\t<div class=\"elementor-element elementor-element-8efc632 elementor-hidden-mobile e-flex e-con-boxed e-con e-child\" data-id=\"8efc632\" data-element_type=\"container\" data-e-type=\"container\" data-settings=\"{&quot;jet_parallax_layout_list&quot;:[],&quot;ekit_has_onepagescroll_dot&quot;:&quot;yes&quot;}\">\n\t\t\t\t\t<div class=\"e-con-inner\">\n\t\t\t\t\t<\/div>\n\t\t\t\t<\/div>\n\t\t\t\t<\/div>\n\t\t\t\t\t<\/div>\n\t\t\t\t<\/div>\n\t\t<div class=\"elementor-element elementor-element-99f02b9 e-flex e-con-boxed e-con e-parent\" data-id=\"99f02b9\" data-element_type=\"container\" data-e-type=\"container\" data-settings=\"{&quot;background_background&quot;:&quot;classic&quot;,&quot;jet_parallax_layout_list&quot;:[],&quot;ekit_has_onepagescroll_dot&quot;:&quot;yes&quot;}\">\n\t\t\t\t\t<div class=\"e-con-inner\">\n\t\t<div class=\"elementor-element elementor-element-54889d1 e-con-full e-flex e-con e-child\" data-id=\"54889d1\" data-element_type=\"container\" data-e-type=\"container\" data-settings=\"{&quot;jet_parallax_layout_list&quot;:[],&quot;ekit_has_onepagescroll_dot&quot;:&quot;yes&quot;}\">\n\t\t<div class=\"elementor-element elementor-element-824d149 e-con-full e-flex e-con e-child\" data-id=\"824d149\" data-element_type=\"container\" data-e-type=\"container\" data-settings=\"{&quot;background_background&quot;:&quot;classic&quot;,&quot;jet_parallax_layout_list&quot;:[],&quot;ekit_has_onepagescroll_dot&quot;:&quot;yes&quot;}\">\n\t\t\t\t<div class=\"elementor-element elementor-element-8c9b9eb elementor-widget elementor-widget-image\" data-id=\"8c9b9eb\" data-element_type=\"widget\" data-e-type=\"widget\" data-settings=\"{&quot;ekit_we_effect_on&quot;:&quot;none&quot;}\" data-widget_type=\"image.default\">\n\t\t\t\t<div class=\"elementor-widget-container\">\n\t\t\t\t\t\t\t\t\t\t\t\t\t\t\t<img loading=\"lazy\" decoding=\"async\" width=\"700\" height=\"205\" src=\"https:\/\/agradocosmetic.com\/wp-content\/uploads\/2025\/07\/Cosmopolitan-logo-e1753871216831.png\" class=\"attachment-large size-large wp-image-32995\" alt=\"\" srcset=\"https:\/\/agradocosmetic.com\/wp-content\/uploads\/2025\/07\/Cosmopolitan-logo-e1753871216831.png 700w, https:\/\/agradocosmetic.com\/wp-content\/uploads\/2025\/07\/Cosmopolitan-logo-e1753871216831-300x88.png 300w, https:\/\/agradocosmetic.com\/wp-content\/uploads\/2025\/07\/Cosmopolitan-logo-e1753871216831-18x5.png 18w\" sizes=\"(max-width: 700px) 100vw, 700px\" \/>\t\t\t\t\t\t\t\t\t\t\t\t\t\t\t<\/div>\n\t\t\t\t<\/div>\n\t\t\t\t<div class=\"elementor-element elementor-element-669cded elementor-widget elementor-widget-heading\" data-id=\"669cded\" data-element_type=\"widget\" data-e-type=\"widget\" data-settings=\"{&quot;ekit_we_effect_on&quot;:&quot;none&quot;}\" data-widget_type=\"heading.default\">\n\t\t\t\t<div class=\"elementor-widget-container\">\n\t\t\t\t\t<h2 class=\"elementor-heading-title elementor-size-default\">Ni cr\u00e8me hydratante ni cr\u00e8me solaire : nous avons trouv\u00e9 la brume protectrice parfaite pour l&#039;\u00e9t\u00e9 car elle laisse la peau hydrat\u00e9e et rajeunit en m\u00eame temps.<\/h2>\t\t\t\t<\/div>\n\t\t\t\t<\/div>\n\t\t\t\t<div class=\"elementor-element elementor-element-9fd99ee elementor-widget elementor-widget-text-editor\" data-id=\"9fd99ee\" data-element_type=\"widget\" data-e-type=\"widget\" data-settings=\"{&quot;ekit_we_effect_on&quot;:&quot;none&quot;}\" data-widget_type=\"text-editor.default\">\n\t\t\t\t<div class=\"elementor-widget-container\">\n\t\t\t\t\t\t\t\t\t<p>Votre nouveau cosm\u00e9tique pr\u00e9f\u00e9r\u00e9\u00a0? Eh bien, pas une cr\u00e8me hydratante ni une cr\u00e8me solaire, mais une brume visage qui combine les bienfaits des deux. C&#039;est la marque Agrado, avec une protection SPF\u00a050.\u00a0<strong data-node-id=\"4.1\">toucher sec<\/strong>,<strong data-node-id=\"4.3\">\u00a0absorption rapide\u00a0<\/strong>et applicable sur le maquillage, ce qui offre une excellente\u00a0<strong data-node-id=\"4.5\">hydratation anti-\u00e2ge<\/strong>\u00a0et des effets r\u00e9parateurs sur la peau.<\/p>\t\t\t\t\t\t\t\t<\/div>\n\t\t\t\t<\/div>\n\t\t\t\t<div class=\"elementor-element elementor-element-932298d elementor-align-left elementor-mobile-align-center elementor-widget elementor-widget-button\" data-id=\"932298d\" data-element_type=\"widget\" data-e-type=\"widget\" data-settings=\"{&quot;ekit_we_effect_on&quot;:&quot;none&quot;}\" data-widget_type=\"button.default\">\n\t\t\t\t<div class=\"elementor-widget-container\">\n\t\t\t\t\t\t\t\t\t<div class=\"elementor-button-wrapper\">\n\t\t\t\t\t<a class=\"elementor-button elementor-button-link elementor-size-sm\" href=\"https:\/\/www.cosmopolitan.com\/es\/belleza\/tratamientos-cara-cuerpo\/a65076295\/ni-crema-hidratante-ni-protector-solar-bruma-proteccion-piel-hidratada\/\" target=\"_blank\">\n\t\t\t\t\t\t<span class=\"elementor-button-content-wrapper\">\n\t\t\t\t\t\t\t\t\t<span class=\"elementor-button-text\">Voir l\u2019article<\/span>\n\t\t\t\t\t<\/span>\n\t\t\t\t\t<\/a>\n\t\t\t\t<\/div>\n\t\t\t\t\t\t\t\t<\/div>\n\t\t\t\t<\/div>\n\t\t\t\t<\/div>\n\t\t<div class=\"elementor-element elementor-element-8a68c50 e-con-full e-flex e-con e-child\" data-id=\"8a68c50\" data-element_type=\"container\" data-e-type=\"container\" data-settings=\"{&quot;jet_parallax_layout_list&quot;:[],&quot;ekit_has_onepagescroll_dot&quot;:&quot;yes&quot;}\">\n\t\t\t\t<\/div>\n\t\t\t\t<\/div>\n\t\t\t\t\t<\/div>\n\t\t\t\t<\/div>\n\t\t<div class=\"elementor-element elementor-element-32d09d1 e-flex e-con-boxed e-con e-parent\" data-id=\"32d09d1\" data-element_type=\"container\" data-e-type=\"container\" data-settings=\"{&quot;background_background&quot;:&quot;classic&quot;,&quot;jet_parallax_layout_list&quot;:[],&quot;ekit_has_onepagescroll_dot&quot;:&quot;yes&quot;}\">\n\t\t\t\t\t<div class=\"e-con-inner\">\n\t\t<div class=\"elementor-element elementor-element-5b54afd e-con-full e-flex e-con e-child\" data-id=\"5b54afd\" data-element_type=\"container\" data-e-type=\"container\" data-settings=\"{&quot;jet_parallax_layout_list&quot;:[],&quot;ekit_has_onepagescroll_dot&quot;:&quot;yes&quot;}\">\n\t\t<div class=\"elementor-element elementor-element-6d3a1c0 e-flex e-con-boxed e-con e-child\" data-id=\"6d3a1c0\" data-element_type=\"container\" data-e-type=\"container\" data-settings=\"{&quot;background_background&quot;:&quot;classic&quot;,&quot;jet_parallax_layout_list&quot;:[],&quot;ekit_has_onepagescroll_dot&quot;:&quot;yes&quot;}\">\n\t\t\t\t\t<div class=\"e-con-inner\">\n\t\t\t\t<div class=\"elementor-element elementor-element-478dc0e elementor-widget elementor-widget-image\" data-id=\"478dc0e\" data-element_type=\"widget\" data-e-type=\"widget\" data-settings=\"{&quot;ekit_we_effect_on&quot;:&quot;none&quot;}\" data-widget_type=\"image.default\">\n\t\t\t\t<div class=\"elementor-widget-container\">\n\t\t\t\t\t\t\t\t\t\t\t\t\t\t\t<img loading=\"lazy\" decoding=\"async\" width=\"800\" height=\"130\" src=\"https:\/\/agradocosmetic.com\/wp-content\/uploads\/2025\/07\/logo-alimarket.svg\" class=\"attachment-large size-large wp-image-32983\" alt=\"\" \/>\t\t\t\t\t\t\t\t\t\t\t\t\t\t\t<\/div>\n\t\t\t\t<\/div>\n\t\t\t\t<div class=\"elementor-element elementor-element-e41dab9 elementor-widget elementor-widget-heading\" data-id=\"e41dab9\" data-element_type=\"widget\" data-e-type=\"widget\" data-settings=\"{&quot;ekit_we_effect_on&quot;:&quot;none&quot;}\" data-widget_type=\"heading.default\">\n\t\t\t\t<div class=\"elementor-widget-container\">\n\t\t\t\t\t<h2 class=\"elementor-heading-title elementor-size-default\">Agrado Cosmetic apporte la durabilit\u00e9 \u00e0 sa nouvelle gamme de d\u00e9odorants.<\/h2>\t\t\t\t<\/div>\n\t\t\t\t<\/div>\n\t\t\t\t<div class=\"elementor-element elementor-element-be22e63 elementor-widget elementor-widget-text-editor\" data-id=\"be22e63\" data-element_type=\"widget\" data-e-type=\"widget\" data-settings=\"{&quot;ekit_we_effect_on&quot;:&quot;none&quot;}\" data-widget_type=\"text-editor.default\">\n\t\t\t\t<div class=\"elementor-widget-container\">\n\t\t\t\t\t\t\t\t\t<p>&#039;<strong>Agrado Cosm\u00e9tique<\/strong>&#039;<strong>\u00a0<\/strong>(\u2026) a lanc\u00e9 une<strong>\u00a0gamme de d\u00e9odorants antitranspirants \u00e0 compensation de gaz<\/strong>. Il s&#039;agit d&#039;une innovation pour l&#039;entreprise qui, bien que pr\u00e9sente dans cette cat\u00e9gorie de soins personnels,\u00a0<strong>a d\u00e9velopp\u00e9 pour la premi\u00e8re fois quelques r\u00e9f\u00e9rences <\/strong>\u00ab<strong>antitransparent et compens\u00e9 au gaz<\/strong>&quot;, confirment les responsables.<\/p>\t\t\t\t\t\t\t\t<\/div>\n\t\t\t\t<\/div>\n\t\t\t\t<div class=\"elementor-element elementor-element-f73e275 elementor-align-left elementor-mobile-align-center elementor-widget elementor-widget-button\" data-id=\"f73e275\" data-element_type=\"widget\" data-e-type=\"widget\" data-settings=\"{&quot;ekit_we_effect_on&quot;:&quot;none&quot;}\" data-widget_type=\"button.default\">\n\t\t\t\t<div class=\"elementor-widget-container\">\n\t\t\t\t\t\t\t\t\t<div class=\"elementor-button-wrapper\">\n\t\t\t\t\t<a class=\"elementor-button elementor-button-link elementor-size-sm\" href=\"https:\/\/www.alimarket.es\/nonfood\/noticia\/409432\/-agrado-cosmetic--lleva-la-sostenibilidad-a-su-nueva-gama-de-desodorantes\" target=\"_blank\">\n\t\t\t\t\t\t<span class=\"elementor-button-content-wrapper\">\n\t\t\t\t\t\t\t\t\t<span class=\"elementor-button-text\">Voir l\u2019article<\/span>\n\t\t\t\t\t<\/span>\n\t\t\t\t\t<\/a>\n\t\t\t\t<\/div>\n\t\t\t\t\t\t\t\t<\/div>\n\t\t\t\t<\/div>\n\t\t\t\t\t<\/div>\n\t\t\t\t<\/div>\n\t\t<div class=\"elementor-element elementor-element-32e84ef elementor-hidden-mobile e-flex e-con-boxed e-con e-child\" data-id=\"32e84ef\" data-element_type=\"container\" data-e-type=\"container\" data-settings=\"{&quot;jet_parallax_layout_list&quot;:[],&quot;ekit_has_onepagescroll_dot&quot;:&quot;yes&quot;}\">\n\t\t\t\t\t<div class=\"e-con-inner\">\n\t\t\t\t\t<\/div>\n\t\t\t\t<\/div>\n\t\t\t\t<\/div>\n\t\t\t\t\t<\/div>\n\t\t\t\t<\/div>\n\t\t<div class=\"elementor-element elementor-element-238ca25 e-flex e-con-boxed e-con e-parent\" data-id=\"238ca25\" data-element_type=\"container\" data-e-type=\"container\" data-settings=\"{&quot;background_background&quot;:&quot;classic&quot;,&quot;jet_parallax_layout_list&quot;:[],&quot;ekit_has_onepagescroll_dot&quot;:&quot;yes&quot;}\">\n\t\t\t\t\t<div class=\"e-con-inner\">\n\t\t<div class=\"elementor-element elementor-element-7429b46 e-con-full e-flex e-con e-child\" data-id=\"7429b46\" data-element_type=\"container\" data-e-type=\"container\" data-settings=\"{&quot;jet_parallax_layout_list&quot;:[],&quot;ekit_has_onepagescroll_dot&quot;:&quot;yes&quot;}\">\n\t\t<div class=\"elementor-element elementor-element-b761f1c e-con-full e-flex e-con e-child\" data-id=\"b761f1c\" data-element_type=\"container\" data-e-type=\"container\" data-settings=\"{&quot;background_background&quot;:&quot;classic&quot;,&quot;jet_parallax_layout_list&quot;:[],&quot;ekit_has_onepagescroll_dot&quot;:&quot;yes&quot;}\">\n\t\t\t\t<div class=\"elementor-element elementor-element-5c936b3 elementor-widget elementor-widget-image\" data-id=\"5c936b3\" data-element_type=\"widget\" data-e-type=\"widget\" data-settings=\"{&quot;ekit_we_effect_on&quot;:&quot;none&quot;}\" data-widget_type=\"image.default\">\n\t\t\t\t<div class=\"elementor-widget-container\">\n\t\t\t\t\t\t\t\t\t\t\t\t\t\t\t<img loading=\"lazy\" decoding=\"async\" width=\"262\" height=\"43\" src=\"https:\/\/agradocosmetic.com\/wp-content\/uploads\/2024\/12\/logo_header_pequenyo.png\" class=\"attachment-large size-large wp-image-29243\" alt=\"\" srcset=\"https:\/\/agradocosmetic.com\/wp-content\/uploads\/2024\/12\/logo_header_pequenyo.png 262w, https:\/\/agradocosmetic.com\/wp-content\/uploads\/2024\/12\/logo_header_pequenyo-18x3.png 18w\" sizes=\"(max-width: 262px) 100vw, 262px\" \/>\t\t\t\t\t\t\t\t\t\t\t\t\t\t\t<\/div>\n\t\t\t\t<\/div>\n\t\t\t\t<div class=\"elementor-element elementor-element-4fc4054 elementor-widget elementor-widget-heading\" data-id=\"4fc4054\" data-element_type=\"widget\" data-e-type=\"widget\" data-settings=\"{&quot;ekit_we_effect_on&quot;:&quot;none&quot;}\" data-widget_type=\"heading.default\">\n\t\t\t\t<div class=\"elementor-widget-container\">\n\t\t\t\t\t<h2 class=\"elementor-heading-title elementor-size-default\">Agrado Cosmetic remporte le prix du produit de l&#039;ann\u00e9e dans la cat\u00e9gorie soins du visage<\/h2>\t\t\t\t<\/div>\n\t\t\t\t<\/div>\n\t\t\t\t<div class=\"elementor-element elementor-element-f7b631c elementor-widget elementor-widget-text-editor\" data-id=\"f7b631c\" data-element_type=\"widget\" data-e-type=\"widget\" data-settings=\"{&quot;ekit_we_effect_on&quot;:&quot;none&quot;}\" data-widget_type=\"text-editor.default\">\n\t\t\t\t<div class=\"elementor-widget-container\">\n\t\t\t\t\t\t\t\t\t\u00abLa soci\u00e9t\u00e9 valencienne de parfumerie et cosm\u00e9tique Agrado Cosmetic, appartenant au Groupe RGC<\/a> a re\u00e7u la reconnaissance de Produit \u00c9lu de l&#039;Ann\u00e9e lors de la c\u00e9r\u00e9monie de remise des prix de la 25\u00e8me \u00e9dition du Grand &quot;Innovation Award&quot;\t\t\t\t\t\t\t\t<\/div>\n\t\t\t\t<\/div>\n\t\t\t\t<div class=\"elementor-element elementor-element-67aeb3b elementor-align-left elementor-mobile-align-center elementor-widget elementor-widget-button\" data-id=\"67aeb3b\" data-element_type=\"widget\" data-e-type=\"widget\" data-settings=\"{&quot;ekit_we_effect_on&quot;:&quot;none&quot;}\" data-widget_type=\"button.default\">\n\t\t\t\t<div class=\"elementor-widget-container\">\n\t\t\t\t\t\t\t\t\t<div class=\"elementor-button-wrapper\">\n\t\t\t\t\t<a class=\"elementor-button elementor-button-link elementor-size-sm\" href=\"https:\/\/valenciaplaza.com\/agrado-cosmetic-gana-premio-producto-ano-categoria-cuidado-facial\" target=\"_blank\">\n\t\t\t\t\t\t<span class=\"elementor-button-content-wrapper\">\n\t\t\t\t\t\t\t\t\t<span class=\"elementor-button-text\">Voir l\u2019article<\/span>\n\t\t\t\t\t<\/span>\n\t\t\t\t\t<\/a>\n\t\t\t\t<\/div>\n\t\t\t\t\t\t\t\t<\/div>\n\t\t\t\t<\/div>\n\t\t\t\t<div class=\"elementor-element elementor-element-7ae349d elementor-widget elementor-widget-image\" data-id=\"7ae349d\" data-element_type=\"widget\" data-e-type=\"widget\" data-settings=\"{&quot;ekit_we_effect_on&quot;:&quot;none&quot;}\" data-widget_type=\"image.default\">\n\t\t\t\t<div class=\"elementor-widget-container\">\n\t\t\t\t\t\t\t\t\t\t\t\t\t\t\t<img loading=\"lazy\" decoding=\"async\" width=\"800\" height=\"784\" src=\"https:\/\/agradocosmetic.com\/wp-content\/uploads\/2024\/12\/logo-producto-del-ano-01-1024x1004.png\" class=\"attachment-large size-large wp-image-29247\" alt=\"\" srcset=\"https:\/\/agradocosmetic.com\/wp-content\/uploads\/2024\/12\/logo-producto-del-ano-01-1024x1004.png 1024w, https:\/\/agradocosmetic.com\/wp-content\/uploads\/2024\/12\/logo-producto-del-ano-01-300x294.png 300w, https:\/\/agradocosmetic.com\/wp-content\/uploads\/2024\/12\/logo-producto-del-ano-01-768x753.png 768w, https:\/\/agradocosmetic.com\/wp-content\/uploads\/2024\/12\/logo-producto-del-ano-01-1536x1506.png 1536w, https:\/\/agradocosmetic.com\/wp-content\/uploads\/2024\/12\/logo-producto-del-ano-01-12x12.png 12w, https:\/\/agradocosmetic.com\/wp-content\/uploads\/2024\/12\/logo-producto-del-ano-01.png 2015w\" sizes=\"(max-width: 800px) 100vw, 800px\" \/>\t\t\t\t\t\t\t\t\t\t\t\t\t\t\t<\/div>\n\t\t\t\t<\/div>\n\t\t\t\t<\/div>\n\t\t<div class=\"elementor-element elementor-element-eef331e e-con-full e-flex e-con e-child\" data-id=\"eef331e\" data-element_type=\"container\" data-e-type=\"container\" data-settings=\"{&quot;jet_parallax_layout_list&quot;:[],&quot;ekit_has_onepagescroll_dot&quot;:&quot;yes&quot;}\">\n\t\t\t\t<\/div>\n\t\t\t\t<\/div>\n\t\t\t\t\t<\/div>\n\t\t\t\t<\/div>\n\t\t<div class=\"elementor-element elementor-element-a8fa5e3 e-flex e-con-boxed e-con e-parent\" data-id=\"a8fa5e3\" data-element_type=\"container\" data-e-type=\"container\" data-settings=\"{&quot;background_background&quot;:&quot;classic&quot;,&quot;jet_parallax_layout_list&quot;:[],&quot;ekit_has_onepagescroll_dot&quot;:&quot;yes&quot;}\">\n\t\t\t\t\t<div class=\"e-con-inner\">\n\t\t<div class=\"elementor-element elementor-element-761e1a9 e-con-full e-flex e-con e-child\" data-id=\"761e1a9\" data-element_type=\"container\" data-e-type=\"container\" data-settings=\"{&quot;jet_parallax_layout_list&quot;:[],&quot;ekit_has_onepagescroll_dot&quot;:&quot;yes&quot;}\">\n\t\t<div class=\"elementor-element elementor-element-3724c5d e-con-full e-flex e-con e-child\" data-id=\"3724c5d\" data-element_type=\"container\" data-e-type=\"container\" data-settings=\"{&quot;background_background&quot;:&quot;classic&quot;,&quot;jet_parallax_layout_list&quot;:[],&quot;ekit_has_onepagescroll_dot&quot;:&quot;yes&quot;}\">\n\t\t\t\t<div class=\"elementor-element elementor-element-7956667 elementor-widget elementor-widget-image\" data-id=\"7956667\" data-element_type=\"widget\" data-e-type=\"widget\" data-settings=\"{&quot;ekit_we_effect_on&quot;:&quot;none&quot;}\" data-widget_type=\"image.default\">\n\t\t\t\t<div class=\"elementor-widget-container\">\n\t\t\t\t\t\t\t\t\t\t\t\t\t\t\t<img loading=\"lazy\" decoding=\"async\" width=\"43\" height=\"14\" src=\"https:\/\/agradocosmetic.com\/wp-content\/uploads\/2024\/05\/logo-ABC.svg\" class=\"attachment-large size-large wp-image-27534\" alt=\"\" \/>\t\t\t\t\t\t\t\t\t\t\t\t\t\t\t<\/div>\n\t\t\t\t<\/div>\n\t\t\t\t<div class=\"elementor-element elementor-element-3eae9ee elementor-widget elementor-widget-heading\" data-id=\"3eae9ee\" data-element_type=\"widget\" data-e-type=\"widget\" data-settings=\"{&quot;ekit_we_effect_on&quot;:&quot;none&quot;}\" data-widget_type=\"heading.default\">\n\t\t\t\t<div class=\"elementor-widget-container\">\n\t\t\t\t\t<h2 class=\"elementor-heading-title elementor-size-default\">\u00ab Des experts oc\u00e9anographiques forment les volontaires de la Croix-Rouge \u00e0 prendre soin de la faune marine \u00e9chou\u00e9e \u00bb<\/h2>\t\t\t\t<\/div>\n\t\t\t\t<\/div>\n\t\t\t\t<div class=\"elementor-element elementor-element-ae0bd3d elementor-widget elementor-widget-text-editor\" data-id=\"ae0bd3d\" data-element_type=\"widget\" data-e-type=\"widget\" data-settings=\"{&quot;ekit_we_effect_on&quot;:&quot;none&quot;}\" data-widget_type=\"text-editor.default\">\n\t\t\t\t<div class=\"elementor-widget-container\">\n\t\t\t\t\t\t\t\t\t\u00abCette initiative b\u00e9n\u00e9ficie de la collaboration et du parrainage du groupe valencien de parfumerie et cosm\u00e9tique Romar Global Care \u2013 Quimiromar avec sa marque <b>AGRADO Cosm\u00e9tique\u00bb<\/b><\/b>\t\t\t\t\t\t\t\t<\/div>\n\t\t\t\t<\/div>\n\t\t\t\t<div class=\"elementor-element elementor-element-09a1ff3 elementor-align-left elementor-mobile-align-center elementor-widget elementor-widget-button\" data-id=\"09a1ff3\" data-element_type=\"widget\" data-e-type=\"widget\" data-settings=\"{&quot;ekit_we_effect_on&quot;:&quot;none&quot;}\" data-widget_type=\"button.default\">\n\t\t\t\t<div class=\"elementor-widget-container\">\n\t\t\t\t\t\t\t\t\t<div class=\"elementor-button-wrapper\">\n\t\t\t\t\t<a class=\"elementor-button elementor-button-link elementor-size-sm\" href=\"https:\/\/www.abc.es\/espana\/comunidad-valenciana\/expertos-oceanografic-forman-voluntariado-cruz-roja-atencion-20240509133800-nt.html?ref=https%3A%2F%2Fwww.abc.es%2Fespana%2Fcomunidad-valenciana%2Fexpertos-oceanografic-forman-voluntariado-cruz-roja-atencion-20240509133800-nt.html\" target=\"_blank\">\n\t\t\t\t\t\t<span class=\"elementor-button-content-wrapper\">\n\t\t\t\t\t\t\t\t\t<span class=\"elementor-button-text\">Voir l\u2019article<\/span>\n\t\t\t\t\t<\/span>\n\t\t\t\t\t<\/a>\n\t\t\t\t<\/div>\n\t\t\t\t\t\t\t\t<\/div>\n\t\t\t\t<\/div>\n\t\t\t\t<\/div>\n\t\t<div class=\"elementor-element elementor-element-7cddbfb e-con-full e-flex e-con e-child\" data-id=\"7cddbfb\" data-element_type=\"container\" data-e-type=\"container\" data-settings=\"{&quot;jet_parallax_layout_list&quot;:[],&quot;ekit_has_onepagescroll_dot&quot;:&quot;yes&quot;}\">\n\t\t\t\t<\/div>\n\t\t\t\t<\/div>\n\t\t\t\t\t<\/div>\n\t\t\t\t<\/div>\n\t\t<div class=\"elementor-element elementor-element-5fcceb6 e-flex e-con-boxed e-con e-parent\" data-id=\"5fcceb6\" data-element_type=\"container\" data-e-type=\"container\" data-settings=\"{&quot;background_background&quot;:&quot;classic&quot;,&quot;jet_parallax_layout_list&quot;:[],&quot;ekit_has_onepagescroll_dot&quot;:&quot;yes&quot;}\">\n\t\t\t\t\t<div class=\"e-con-inner\">\n\t\t<div class=\"elementor-element elementor-element-662c27f e-con-full e-flex e-con e-child\" data-id=\"662c27f\" data-element_type=\"container\" data-e-type=\"container\" data-settings=\"{&quot;jet_parallax_layout_list&quot;:[],&quot;ekit_has_onepagescroll_dot&quot;:&quot;yes&quot;}\">\n\t\t<div class=\"elementor-element elementor-element-4bca50e elementor-hidden-mobile e-flex e-con-boxed e-con e-child\" data-id=\"4bca50e\" data-element_type=\"container\" data-e-type=\"container\" data-settings=\"{&quot;jet_parallax_layout_list&quot;:[],&quot;ekit_has_onepagescroll_dot&quot;:&quot;yes&quot;}\">\n\t\t\t\t\t<div class=\"e-con-inner\">\n\t\t\t\t\t<\/div>\n\t\t\t\t<\/div>\n\t\t<div class=\"elementor-element elementor-element-b34b813 e-flex e-con-boxed e-con e-child\" data-id=\"b34b813\" data-element_type=\"container\" data-e-type=\"container\" data-settings=\"{&quot;background_background&quot;:&quot;classic&quot;,&quot;jet_parallax_layout_list&quot;:[],&quot;ekit_has_onepagescroll_dot&quot;:&quot;yes&quot;}\">\n\t\t\t\t\t<div class=\"e-con-inner\">\n\t\t\t\t<div class=\"elementor-element elementor-element-baba508 elementor-widget elementor-widget-image\" data-id=\"baba508\" data-element_type=\"widget\" data-e-type=\"widget\" data-settings=\"{&quot;ekit_we_effect_on&quot;:&quot;none&quot;}\" data-widget_type=\"image.default\">\n\t\t\t\t<div class=\"elementor-widget-container\">\n\t\t\t\t\t\t\t\t\t\t\t\t\t\t\t<img loading=\"lazy\" decoding=\"async\" width=\"595\" height=\"166\" src=\"https:\/\/agradocosmetic.com\/wp-content\/uploads\/2024\/05\/6aee3fe8-b826-4439-8dc4-bb36a02f932e-e1722518451976.png\" class=\"attachment-large size-large wp-image-27546\" alt=\"\" srcset=\"https:\/\/agradocosmetic.com\/wp-content\/uploads\/2024\/05\/6aee3fe8-b826-4439-8dc4-bb36a02f932e-e1722518451976.png 595w, https:\/\/agradocosmetic.com\/wp-content\/uploads\/2024\/05\/6aee3fe8-b826-4439-8dc4-bb36a02f932e-e1722518451976-300x84.png 300w, https:\/\/agradocosmetic.com\/wp-content\/uploads\/2024\/05\/6aee3fe8-b826-4439-8dc4-bb36a02f932e-e1722518451976-18x5.png 18w\" sizes=\"(max-width: 595px) 100vw, 595px\" \/>\t\t\t\t\t\t\t\t\t\t\t\t\t\t\t<\/div>\n\t\t\t\t<\/div>\n\t\t\t\t<div class=\"elementor-element elementor-element-a22e995 elementor-widget elementor-widget-heading\" data-id=\"a22e995\" data-element_type=\"widget\" data-e-type=\"widget\" data-settings=\"{&quot;ekit_we_effect_on&quot;:&quot;none&quot;}\" data-widget_type=\"heading.default\">\n\t\t\t\t<div class=\"elementor-widget-container\">\n\t\t\t\t\t<h2 class=\"elementor-heading-title elementor-size-default\">Les meilleurs produits pour hydrater et redonner de l&#039;\u00e9clat \u00e0 vos cheveux ternes<\/h2>\t\t\t\t<\/div>\n\t\t\t\t<\/div>\n\t\t\t\t<div class=\"elementor-element elementor-element-f5a94bd elementor-widget elementor-widget-heading\" data-id=\"f5a94bd\" data-element_type=\"widget\" data-e-type=\"widget\" data-settings=\"{&quot;ekit_we_effect_on&quot;:&quot;none&quot;}\" data-widget_type=\"heading.default\">\n\t\t\t\t<div class=\"elementor-widget-container\">\n\t\t\t\t\t<span class=\"elementor-heading-title elementor-size-default\">12.11.2023<\/span>\t\t\t\t<\/div>\n\t\t\t\t<\/div>\n\t\t\t\t<div class=\"elementor-element elementor-element-1022ce8 elementor-widget elementor-widget-text-editor\" data-id=\"1022ce8\" data-element_type=\"widget\" data-e-type=\"widget\" data-settings=\"{&quot;ekit_we_effect_on&quot;:&quot;none&quot;}\" data-widget_type=\"text-editor.default\">\n\t\t\t\t<div class=\"elementor-widget-container\">\n\t\t\t\t\t\t\t\t\t<p>\u00ab\u00a0(...) N&#039;h\u00e9sitez pas \u00e0 d\u00e9couvrir tous les bienfaits de ces deux solutions sans rin\u00e7age. Agrado est l&#039;une des marques de soins corporels et capillaires les plus connues au niveau national, et elle s&#039;efforce constamment d&#039;am\u00e9liorer chaque produit lanc\u00e9.\u00a0\u00bb<\/p>\t\t\t\t\t\t\t\t<\/div>\n\t\t\t\t<\/div>\n\t\t\t\t<div class=\"elementor-element elementor-element-94fe32e elementor-align-left elementor-mobile-align-center elementor-widget elementor-widget-button\" data-id=\"94fe32e\" data-element_type=\"widget\" data-e-type=\"widget\" data-settings=\"{&quot;ekit_we_effect_on&quot;:&quot;none&quot;}\" data-widget_type=\"button.default\">\n\t\t\t\t<div class=\"elementor-widget-container\">\n\t\t\t\t\t\t\t\t\t<div class=\"elementor-button-wrapper\">\n\t\t\t\t\t<a class=\"elementor-button elementor-button-link elementor-size-sm\" href=\"https:\/\/www.mujerhoy.com\/belleza\/pelo\/keratina-liquida-pelo-beneficios-elimina-encrespamiento-20231112135611-nt.html\" target=\"_blank\">\n\t\t\t\t\t\t<span class=\"elementor-button-content-wrapper\">\n\t\t\t\t\t\t\t\t\t<span class=\"elementor-button-text\">Voir l\u2019article<\/span>\n\t\t\t\t\t<\/span>\n\t\t\t\t\t<\/a>\n\t\t\t\t<\/div>\n\t\t\t\t\t\t\t\t<\/div>\n\t\t\t\t<\/div>\n\t\t\t\t\t<\/div>\n\t\t\t\t<\/div>\n\t\t\t\t<\/div>\n\t\t\t\t\t<\/div>\n\t\t\t\t<\/div>\n\t\t<div class=\"elementor-element elementor-element-d3beaee e-flex e-con-boxed e-con e-parent\" data-id=\"d3beaee\" data-element_type=\"container\" data-e-type=\"container\" data-settings=\"{&quot;background_background&quot;:&quot;classic&quot;,&quot;jet_parallax_layout_list&quot;:[],&quot;ekit_has_onepagescroll_dot&quot;:&quot;yes&quot;}\">\n\t\t\t\t\t<div class=\"e-con-inner\">\n\t\t<div class=\"elementor-element elementor-element-bda4b7e e-con-full e-flex e-con e-child\" data-id=\"bda4b7e\" data-element_type=\"container\" data-e-type=\"container\" data-settings=\"{&quot;jet_parallax_layout_list&quot;:[],&quot;ekit_has_onepagescroll_dot&quot;:&quot;yes&quot;}\">\n\t\t<div class=\"elementor-element elementor-element-6d3d660 e-flex e-con-boxed e-con e-child\" data-id=\"6d3d660\" data-element_type=\"container\" data-e-type=\"container\" data-settings=\"{&quot;background_background&quot;:&quot;classic&quot;,&quot;jet_parallax_layout_list&quot;:[],&quot;ekit_has_onepagescroll_dot&quot;:&quot;yes&quot;}\">\n\t\t\t\t\t<div class=\"e-con-inner\">\n\t\t\t\t<div class=\"elementor-element elementor-element-d3e9840 elementor-widget elementor-widget-image\" data-id=\"d3e9840\" data-element_type=\"widget\" data-e-type=\"widget\" data-settings=\"{&quot;ekit_we_effect_on&quot;:&quot;none&quot;}\" data-widget_type=\"image.default\">\n\t\t\t\t<div class=\"elementor-widget-container\">\n\t\t\t\t\t\t\t\t\t\t\t\t\t\t\t<img loading=\"lazy\" decoding=\"async\" width=\"142\" height=\"44\" src=\"https:\/\/agradocosmetic.com\/wp-content\/uploads\/2023\/11\/Logo-Graza.png\" class=\"attachment-large size-large wp-image-23208\" alt=\"\" \/>\t\t\t\t\t\t\t\t\t\t\t\t\t\t\t<\/div>\n\t\t\t\t<\/div>\n\t\t\t\t<div class=\"elementor-element elementor-element-597cafc elementor-widget elementor-widget-heading\" data-id=\"597cafc\" data-element_type=\"widget\" data-e-type=\"widget\" data-settings=\"{&quot;ekit_we_effect_on&quot;:&quot;none&quot;}\" data-widget_type=\"heading.default\">\n\t\t\t\t<div class=\"elementor-widget-container\">\n\t\t\t\t\t<h2 class=\"elementor-heading-title elementor-size-default\">\u00ab La brume pour le visage la plus virale sur Instagram est espagnole (et v\u00e9gane) \u00bb<\/h2>\t\t\t\t<\/div>\n\t\t\t\t<\/div>\n\t\t\t\t<div class=\"elementor-element elementor-element-0021711 elementor-widget elementor-widget-text-editor\" data-id=\"0021711\" data-element_type=\"widget\" data-e-type=\"widget\" data-settings=\"{&quot;ekit_we_effect_on&quot;:&quot;none&quot;}\" data-widget_type=\"text-editor.default\">\n\t\t\t\t<div class=\"elementor-widget-container\">\n\t\t\t\t\t\t\t\t\t<p>\u00ab (\u2026) Elle est la plus recherch\u00e9e dans les parfumeries et les supermarch\u00e9s, celles qui la trouvent en ach\u00e8tent plusieurs \u00e0 la fois pour en avoir toute l\u2019ann\u00e9e, et il est courant de trouver des avis sur Instagram qui parlent de ses atouts et la recommandent \u00bb.<\/p>\t\t\t\t\t\t\t\t<\/div>\n\t\t\t\t<\/div>\n\t\t\t\t<div class=\"elementor-element elementor-element-63f54c7 elementor-align-left elementor-mobile-align-center elementor-widget elementor-widget-button\" data-id=\"63f54c7\" data-element_type=\"widget\" data-e-type=\"widget\" data-settings=\"{&quot;ekit_we_effect_on&quot;:&quot;none&quot;}\" data-widget_type=\"button.default\">\n\t\t\t\t<div class=\"elementor-widget-container\">\n\t\t\t\t\t\t\t\t\t<div class=\"elementor-button-wrapper\">\n\t\t\t\t\t<a class=\"elementor-button elementor-button-link elementor-size-sm\" href=\"https:\/\/graziamagazine.com\/es\/articles\/la-bruma-solar-facial-mas-viral-de-instagram-es-de-marca-espanola-y-vegana\/?fbclid=PAAab-MJFJEohKKuad7k89FBunTWkW3OTvjulDestPVgDfpFp2nO589SjOnZw_aem_th_AYBM4511h7qgVotJNZh0GGV1RzOyNIEwuVTa6Vt5jfE7IlfNCgUGD9U-YMgxhEDIuYc\" target=\"_blank\">\n\t\t\t\t\t\t<span class=\"elementor-button-content-wrapper\">\n\t\t\t\t\t\t\t\t\t<span class=\"elementor-button-text\">Voir l\u2019article<\/span>\n\t\t\t\t\t<\/span>\n\t\t\t\t\t<\/a>\n\t\t\t\t<\/div>\n\t\t\t\t\t\t\t\t<\/div>\n\t\t\t\t<\/div>\n\t\t\t\t\t<\/div>\n\t\t\t\t<\/div>\n\t\t<div class=\"elementor-element elementor-element-757f202 elementor-hidden-mobile e-flex e-con-boxed e-con e-child\" data-id=\"757f202\" data-element_type=\"container\" data-e-type=\"container\" data-settings=\"{&quot;jet_parallax_layout_list&quot;:[],&quot;ekit_has_onepagescroll_dot&quot;:&quot;yes&quot;}\">\n\t\t\t\t\t<div class=\"e-con-inner\">\n\t\t\t\t\t<\/div>\n\t\t\t\t<\/div>\n\t\t\t\t<\/div>\n\t\t\t\t\t<\/div>\n\t\t\t\t<\/div>\n\t\t<div class=\"elementor-element elementor-element-7e5ec98 e-flex e-con-boxed e-con e-parent\" data-id=\"7e5ec98\" data-element_type=\"container\" data-e-type=\"container\" data-settings=\"{&quot;background_background&quot;:&quot;gradient&quot;,&quot;jet_parallax_layout_list&quot;:[],&quot;ekit_has_onepagescroll_dot&quot;:&quot;yes&quot;}\">\n\t\t\t\t\t<div class=\"e-con-inner\">\n\t\t<div class=\"elementor-element elementor-element-ac76a2c e-con-full e-flex e-con e-child\" data-id=\"ac76a2c\" data-element_type=\"container\" data-e-type=\"container\" data-settings=\"{&quot;jet_parallax_layout_list&quot;:[],&quot;ekit_has_onepagescroll_dot&quot;:&quot;yes&quot;}\">\n\t\t<div class=\"elementor-element elementor-element-ed1aba7 elementor-hidden-mobile e-flex e-con-boxed e-con e-child\" data-id=\"ed1aba7\" data-element_type=\"container\" data-e-type=\"container\" data-settings=\"{&quot;jet_parallax_layout_list&quot;:[],&quot;ekit_has_onepagescroll_dot&quot;:&quot;yes&quot;}\">\n\t\t\t\t\t<div class=\"e-con-inner\">\n\t\t\t\t\t<\/div>\n\t\t\t\t<\/div>\n\t\t<div class=\"elementor-element elementor-element-df91f73 e-flex e-con-boxed e-con e-child\" data-id=\"df91f73\" data-element_type=\"container\" data-e-type=\"container\" data-settings=\"{&quot;background_background&quot;:&quot;classic&quot;,&quot;jet_parallax_layout_list&quot;:[],&quot;ekit_has_onepagescroll_dot&quot;:&quot;yes&quot;}\">\n\t\t\t\t\t<div class=\"e-con-inner\">\n\t\t\t\t<div class=\"elementor-element elementor-element-e41d91a elementor-widget elementor-widget-image\" data-id=\"e41d91a\" data-element_type=\"widget\" data-e-type=\"widget\" data-settings=\"{&quot;ekit_we_effect_on&quot;:&quot;none&quot;}\" data-widget_type=\"image.default\">\n\t\t\t\t<div class=\"elementor-widget-container\">\n\t\t\t\t\t\t\t\t\t\t\t\t\t\t\t<img loading=\"lazy\" decoding=\"async\" width=\"114\" height=\"48\" src=\"https:\/\/agradocosmetic.com\/wp-content\/uploads\/2023\/11\/Logo-Stilo.png\" class=\"attachment-large size-large wp-image-23210\" alt=\"\" \/>\t\t\t\t\t\t\t\t\t\t\t\t\t\t\t<\/div>\n\t\t\t\t<\/div>\n\t\t\t\t<div class=\"elementor-element elementor-element-2678583 elementor-widget elementor-widget-heading\" data-id=\"2678583\" data-element_type=\"widget\" data-e-type=\"widget\" data-settings=\"{&quot;ekit_we_effect_on&quot;:&quot;none&quot;}\" data-widget_type=\"heading.default\">\n\t\t\t\t<div class=\"elementor-widget-container\">\n\t\t\t\t\t<h2 class=\"elementor-heading-title elementor-size-default\">\u00ab L\u2019astuce ultime pour utiliser correctement l\u2019eau micellaire et qui fonctionne ! \u00bb<\/h2>\t\t\t\t<\/div>\n\t\t\t\t<\/div>\n\t\t\t\t<div class=\"elementor-element elementor-element-c291ae0 elementor-widget elementor-widget-heading\" data-id=\"c291ae0\" data-element_type=\"widget\" data-e-type=\"widget\" data-settings=\"{&quot;ekit_we_effect_on&quot;:&quot;none&quot;}\" data-widget_type=\"heading.default\">\n\t\t\t\t<div class=\"elementor-widget-container\">\n\t\t\t\t\t<span class=\"elementor-heading-title elementor-size-default\">23.06.2023<\/span>\t\t\t\t<\/div>\n\t\t\t\t<\/div>\n\t\t\t\t<div class=\"elementor-element elementor-element-0b364bd elementor-widget elementor-widget-text-editor\" data-id=\"0b364bd\" data-element_type=\"widget\" data-e-type=\"widget\" data-settings=\"{&quot;ekit_we_effect_on&quot;:&quot;none&quot;}\" data-widget_type=\"text-editor.default\">\n\t\t\t\t<div class=\"elementor-widget-container\">\n\t\t\t\t\t\t\t\t\t<p>L\u2019eau micellaire d\u2019Agrado nettoie et \u00e9limine les restes de maquillage et de salet\u00e9 du visage et des yeux, laissant la peau douce, tonifi\u00e9e et hydrat\u00e9e. Enrichie aux extraits de camomille et d\u2019aloe vera, cette eau convient aux peaux sensibles et elle est test\u00e9e sous contr\u00f4le dermatologique.<\/p>\t\t\t\t\t\t\t\t<\/div>\n\t\t\t\t<\/div>\n\t\t\t\t<div class=\"elementor-element elementor-element-9e7ec2a elementor-align-left elementor-mobile-align-center elementor-widget elementor-widget-button\" data-id=\"9e7ec2a\" data-element_type=\"widget\" data-e-type=\"widget\" data-settings=\"{&quot;ekit_we_effect_on&quot;:&quot;none&quot;}\" data-widget_type=\"button.default\">\n\t\t\t\t<div class=\"elementor-widget-container\">\n\t\t\t\t\t\t\t\t\t<div class=\"elementor-button-wrapper\">\n\t\t\t\t\t<a class=\"elementor-button elementor-button-link elementor-size-sm\" href=\"https:\/\/www.stilo.es\/amp\/belleza\/truco-definitivo-agua-micelar-88985394\" target=\"_blank\">\n\t\t\t\t\t\t<span class=\"elementor-button-content-wrapper\">\n\t\t\t\t\t\t\t\t\t<span class=\"elementor-button-text\">Voir l\u2019article<\/span>\n\t\t\t\t\t<\/span>\n\t\t\t\t\t<\/a>\n\t\t\t\t<\/div>\n\t\t\t\t\t\t\t\t<\/div>\n\t\t\t\t<\/div>\n\t\t\t\t\t<\/div>\n\t\t\t\t<\/div>\n\t\t\t\t<\/div>\n\t\t\t\t<div class=\"elementor-element elementor-element-38b8ab5 elementor-absolute elementor-hidden-mobile elementor-widget elementor-widget-image\" data-id=\"38b8ab5\" data-element_type=\"widget\" data-e-type=\"widget\" data-settings=\"{&quot;_position&quot;:&quot;absolute&quot;,&quot;ekit_we_effect_on&quot;:&quot;none&quot;}\" data-widget_type=\"image.default\">\n\t\t\t\t<div class=\"elementor-widget-container\">\n\t\t\t\t\t\t\t\t\t\t\t\t\t\t\t<img loading=\"lazy\" decoding=\"async\" width=\"325\" height=\"545\" src=\"https:\/\/agradocosmetic.com\/wp-content\/uploads\/2023\/11\/agua-micelar.png\" class=\"attachment-large size-large wp-image-23206\" alt=\"\" srcset=\"https:\/\/agradocosmetic.com\/wp-content\/uploads\/2023\/11\/agua-micelar.png 325w, https:\/\/agradocosmetic.com\/wp-content\/uploads\/2023\/11\/agua-micelar-179x300.png 179w\" sizes=\"(max-width: 325px) 100vw, 325px\" \/>\t\t\t\t\t\t\t\t\t\t\t\t\t\t\t<\/div>\n\t\t\t\t<\/div>\n\t\t\t\t\t<\/div>\n\t\t\t\t<\/div>\n\t\t<div class=\"elementor-element elementor-element-401c6d6 e-flex e-con-boxed e-con e-parent\" data-id=\"401c6d6\" data-element_type=\"container\" data-e-type=\"container\" data-settings=\"{&quot;background_background&quot;:&quot;classic&quot;,&quot;jet_parallax_layout_list&quot;:[],&quot;ekit_has_onepagescroll_dot&quot;:&quot;yes&quot;}\">\n\t\t\t\t\t<div class=\"e-con-inner\">\n\t\t<div class=\"elementor-element elementor-element-81ac4fc e-con-full e-flex e-con e-child\" data-id=\"81ac4fc\" data-element_type=\"container\" data-e-type=\"container\" data-settings=\"{&quot;jet_parallax_layout_list&quot;:[],&quot;ekit_has_onepagescroll_dot&quot;:&quot;yes&quot;}\">\n\t\t<div class=\"elementor-element elementor-element-15e34da e-flex e-con-boxed e-con e-child\" data-id=\"15e34da\" data-element_type=\"container\" data-e-type=\"container\" data-settings=\"{&quot;background_background&quot;:&quot;classic&quot;,&quot;jet_parallax_layout_list&quot;:[],&quot;ekit_has_onepagescroll_dot&quot;:&quot;yes&quot;}\">\n\t\t\t\t\t<div class=\"e-con-inner\">\n\t\t\t\t<div class=\"elementor-element elementor-element-d591aa8 elementor-widget elementor-widget-image\" data-id=\"d591aa8\" data-element_type=\"widget\" data-e-type=\"widget\" data-settings=\"{&quot;ekit_we_effect_on&quot;:&quot;none&quot;}\" data-widget_type=\"image.default\">\n\t\t\t\t<div class=\"elementor-widget-container\">\n\t\t\t\t\t\t\t\t\t\t\t\t\t\t\t<img loading=\"lazy\" decoding=\"async\" width=\"97\" height=\"43\" src=\"https:\/\/agradocosmetic.com\/wp-content\/uploads\/2023\/11\/Logo-semana.png\" class=\"attachment-large size-large wp-image-23209\" alt=\"\" \/>\t\t\t\t\t\t\t\t\t\t\t\t\t\t\t<\/div>\n\t\t\t\t<\/div>\n\t\t\t\t<div class=\"elementor-element elementor-element-85d2d68 elementor-widget elementor-widget-heading\" data-id=\"85d2d68\" data-element_type=\"widget\" data-e-type=\"widget\" data-settings=\"{&quot;ekit_we_effect_on&quot;:&quot;none&quot;}\" data-widget_type=\"heading.default\">\n\t\t\t\t<div class=\"elementor-widget-container\">\n\t\t\t\t\t<h2 class=\"elementor-heading-title elementor-size-default\">\u00ab Les cl\u00e9s du succ\u00e8s d\u2019une journ\u00e9e de piscine de Jessica Bueno : protection solaire \u00e9lev\u00e9e et lunette cat eye \u00bb<\/h2>\t\t\t\t<\/div>\n\t\t\t\t<\/div>\n\t\t\t\t<div class=\"elementor-element elementor-element-8cd0ffb elementor-widget elementor-widget-text-editor\" data-id=\"8cd0ffb\" data-element_type=\"widget\" data-e-type=\"widget\" data-settings=\"{&quot;ekit_we_effect_on&quot;:&quot;none&quot;}\" data-widget_type=\"text-editor.default\">\n\t\t\t\t<div class=\"elementor-widget-container\">\n\t\t\t\t\t\t\t\t\t<p>Si vous aimez la texture mousse sur votre peau, la mousse solaire d\u2019Agrado doit faire partie de votre routine cet \u00e9t\u00e9. Sans alcool, elle est id\u00e9ale pour les peaux sensibles, hydratante, r\u00e9sistante \u00e0 l\u2019eau et poss\u00e8de des effets antioxydants. Une combinaison parfaite qui deviendra votre favorite \u00e0 cette \u00e9poque de l\u2019ann\u00e9e.<\/p>\t\t\t\t\t\t\t\t<\/div>\n\t\t\t\t<\/div>\n\t\t\t\t<div class=\"elementor-element elementor-element-3caeac6 elementor-align-left elementor-mobile-align-center elementor-widget elementor-widget-button\" data-id=\"3caeac6\" data-element_type=\"widget\" data-e-type=\"widget\" data-settings=\"{&quot;ekit_we_effect_on&quot;:&quot;none&quot;}\" data-widget_type=\"button.default\">\n\t\t\t\t<div class=\"elementor-widget-container\">\n\t\t\t\t\t\t\t\t\t<div class=\"elementor-button-wrapper\">\n\t\t\t\t\t<a class=\"elementor-button elementor-button-link elementor-size-sm\" href=\"https:\/\/www.semana.es\/belleza\/jessica-bueno-cremas-solares-piscina-proteccion-alta-otras-similares-20230624-002655405\/\" target=\"_blank\">\n\t\t\t\t\t\t<span class=\"elementor-button-content-wrapper\">\n\t\t\t\t\t\t\t\t\t<span class=\"elementor-button-text\">Voir l\u2019article<\/span>\n\t\t\t\t\t<\/span>\n\t\t\t\t\t<\/a>\n\t\t\t\t<\/div>\n\t\t\t\t\t\t\t\t<\/div>\n\t\t\t\t<\/div>\n\t\t\t\t\t<\/div>\n\t\t\t\t<\/div>\n\t\t<div class=\"elementor-element elementor-element-e8ee0cb e-flex e-con-boxed e-con e-child\" data-id=\"e8ee0cb\" data-element_type=\"container\" data-e-type=\"container\" data-settings=\"{&quot;jet_parallax_layout_list&quot;:[],&quot;ekit_has_onepagescroll_dot&quot;:&quot;yes&quot;}\">\n\t\t\t\t\t<div class=\"e-con-inner\">\n\t\t\t\t<div class=\"elementor-element elementor-element-6adc7e3 elementor-widget elementor-widget-image\" data-id=\"6adc7e3\" data-element_type=\"widget\" data-e-type=\"widget\" data-settings=\"{&quot;ekit_we_effect_on&quot;:&quot;none&quot;}\" data-widget_type=\"image.default\">\n\t\t\t\t<div class=\"elementor-widget-container\">\n\t\t\t\t\t\t\t\t\t\t\t\t\t\t\t<img loading=\"lazy\" decoding=\"async\" width=\"486\" height=\"512\" src=\"https:\/\/agradocosmetic.com\/wp-content\/uploads\/2023\/11\/mousse-solar-.png\" class=\"attachment-large size-large wp-image-23211\" alt=\"\" srcset=\"https:\/\/agradocosmetic.com\/wp-content\/uploads\/2023\/11\/mousse-solar-.png 486w, https:\/\/agradocosmetic.com\/wp-content\/uploads\/2023\/11\/mousse-solar--285x300.png 285w\" sizes=\"(max-width: 486px) 100vw, 486px\" \/>\t\t\t\t\t\t\t\t\t\t\t\t\t\t\t<\/div>\n\t\t\t\t<\/div>\n\t\t\t\t\t<\/div>\n\t\t\t\t<\/div>\n\t\t\t\t<\/div>\n\t\t\t\t\t<\/div>\n\t\t\t\t<\/div>\n\t\t\t\t<\/div>","protected":false},"excerpt":{"rendered":"<p>Hablan de nosotros La crema con color de 8 euros que mi madre compra una y otra vez: con SPF50, efecto antimanchas y muy natural Hablamos de la crema protectora solar con color de Agrado. Es una crema con tono de color medio de protecci\u00f3n muy alta SPF50+. Destaca por tener una acci\u00f3n antimanchas, antiedad [&hellip;]<\/p>\n","protected":false},"author":7,"featured_media":27335,"parent":0,"menu_order":33,"comment_status":"closed","ping_status":"closed","template":"","meta":{"footnotes":"","_wp_rev_ctl_limit":"5"},"class_list":["post-23204","page","type-page","status-publish","has-post-thumbnail","hentry"],"yoast_head":"<!-- This site is optimized with the Yoast SEO plugin v27.4 - https:\/\/yoast.com\/product\/yoast-seo-wordpress\/ -->\n<title>Hablan de nosotros - Agrado<\/title>\n<meta name=\"robots\" content=\"index, follow, max-snippet:-1, max-image-preview:large, max-video-preview:-1\" \/>\n<link rel=\"canonical\" href=\"https:\/\/agradocosmetic.com\/fr\/hablan-de-nosotros\/\" \/>\n<meta property=\"og:locale\" content=\"fr_FR\" \/>\n<meta property=\"og:type\" content=\"article\" \/>\n<meta property=\"og:title\" content=\"Hablan de nosotros - Agrado\" \/>\n<meta property=\"og:description\" content=\"Hablan de nosotros La crema con color de 8 euros que mi madre compra una y otra vez: con SPF50, efecto antimanchas y muy natural Hablamos de la crema protectora solar con color de Agrado. Es una crema con tono de color medio de protecci\u00f3n muy alta SPF50+. Destaca por tener una acci\u00f3n antimanchas, antiedad [&hellip;]\" \/>\n<meta property=\"og:url\" content=\"https:\/\/agradocosmetic.com\/fr\/hablan-de-nosotros\/\" \/>\n<meta property=\"og:site_name\" content=\"Agrado\" \/>\n<meta property=\"article:modified_time\" content=\"2025-07-30T12:05:05+00:00\" \/>\n<meta property=\"og:image\" content=\"https:\/\/agradocosmetic.com\/wp-content\/uploads\/2024\/05\/tortugas-fundacion-agrado-scaled.jpeg\" \/>\n\t<meta property=\"og:image:width\" content=\"2560\" \/>\n\t<meta property=\"og:image:height\" content=\"1707\" \/>\n\t<meta property=\"og:image:type\" content=\"image\/jpeg\" \/>\n<meta name=\"twitter:card\" content=\"summary_large_image\" \/>\n<meta name=\"twitter:label1\" content=\"Dur\u00e9e de lecture estim\u00e9e\" \/>\n\t<meta name=\"twitter:data1\" content=\"6 minutes\" \/>\n<script type=\"application\/ld+json\" class=\"yoast-schema-graph\">{\"@context\":\"https:\\\/\\\/schema.org\",\"@graph\":[{\"@type\":\"WebPage\",\"@id\":\"https:\\\/\\\/agradocosmetic.com\\\/hablan-de-nosotros\\\/\",\"url\":\"https:\\\/\\\/agradocosmetic.com\\\/hablan-de-nosotros\\\/\",\"name\":\"Hablan de nosotros - Agrado\",\"isPartOf\":{\"@id\":\"https:\\\/\\\/agradocosmetic.com\\\/#website\"},\"primaryImageOfPage\":{\"@id\":\"https:\\\/\\\/agradocosmetic.com\\\/hablan-de-nosotros\\\/#primaryimage\"},\"image\":{\"@id\":\"https:\\\/\\\/agradocosmetic.com\\\/hablan-de-nosotros\\\/#primaryimage\"},\"thumbnailUrl\":\"https:\\\/\\\/agradocosmetic.com\\\/wp-content\\\/uploads\\\/2024\\\/05\\\/tortugas-fundacion-agrado-scaled.jpeg\",\"datePublished\":\"2023-11-06T13:05:16+00:00\",\"dateModified\":\"2025-07-30T12:05:05+00:00\",\"breadcrumb\":{\"@id\":\"https:\\\/\\\/agradocosmetic.com\\\/hablan-de-nosotros\\\/#breadcrumb\"},\"inLanguage\":\"fr-FR\",\"potentialAction\":[{\"@type\":\"ReadAction\",\"target\":[\"https:\\\/\\\/agradocosmetic.com\\\/hablan-de-nosotros\\\/\"]}]},{\"@type\":\"ImageObject\",\"inLanguage\":\"fr-FR\",\"@id\":\"https:\\\/\\\/agradocosmetic.com\\\/hablan-de-nosotros\\\/#primaryimage\",\"url\":\"https:\\\/\\\/agradocosmetic.com\\\/wp-content\\\/uploads\\\/2024\\\/05\\\/tortugas-fundacion-agrado-scaled.jpeg\",\"contentUrl\":\"https:\\\/\\\/agradocosmetic.com\\\/wp-content\\\/uploads\\\/2024\\\/05\\\/tortugas-fundacion-agrado-scaled.jpeg\",\"width\":2560,\"height\":1707},{\"@type\":\"BreadcrumbList\",\"@id\":\"https:\\\/\\\/agradocosmetic.com\\\/hablan-de-nosotros\\\/#breadcrumb\",\"itemListElement\":[{\"@type\":\"ListItem\",\"position\":1,\"name\":\"Portada\",\"item\":\"https:\\\/\\\/agradocosmetic.com\\\/\"},{\"@type\":\"ListItem\",\"position\":2,\"name\":\"Hablan de nosotros\"}]},{\"@type\":\"WebSite\",\"@id\":\"https:\\\/\\\/agradocosmetic.com\\\/#website\",\"url\":\"https:\\\/\\\/agradocosmetic.com\\\/\",\"name\":\"Agrado\",\"description\":\"Cosmetic\",\"publisher\":{\"@id\":\"https:\\\/\\\/agradocosmetic.com\\\/#organization\"},\"potentialAction\":[{\"@type\":\"SearchAction\",\"target\":{\"@type\":\"EntryPoint\",\"urlTemplate\":\"https:\\\/\\\/agradocosmetic.com\\\/?s={search_term_string}\"},\"query-input\":{\"@type\":\"PropertyValueSpecification\",\"valueRequired\":true,\"valueName\":\"search_term_string\"}}],\"inLanguage\":\"fr-FR\"},{\"@type\":\"Organization\",\"@id\":\"https:\\\/\\\/agradocosmetic.com\\\/#organization\",\"name\":\"Agrado\",\"url\":\"https:\\\/\\\/agradocosmetic.com\\\/\",\"logo\":{\"@type\":\"ImageObject\",\"inLanguage\":\"fr-FR\",\"@id\":\"https:\\\/\\\/agradocosmetic.com\\\/#\\\/schema\\\/logo\\\/image\\\/\",\"url\":\"https:\\\/\\\/agradocosmetic.com\\\/wp-content\\\/uploads\\\/2023\\\/07\\\/LOGO-AGRADO-WEB-01.png\",\"contentUrl\":\"https:\\\/\\\/agradocosmetic.com\\\/wp-content\\\/uploads\\\/2023\\\/07\\\/LOGO-AGRADO-WEB-01.png\",\"width\":1632,\"height\":300,\"caption\":\"Agrado\"},\"image\":{\"@id\":\"https:\\\/\\\/agradocosmetic.com\\\/#\\\/schema\\\/logo\\\/image\\\/\"}}]}<\/script>\n<!-- \/ Yoast SEO plugin. -->","yoast_head_json":{"title":"Ils parlent de nous - Agrado","robots":{"index":"index","follow":"follow","max-snippet":"max-snippet:-1","max-image-preview":"max-image-preview:large","max-video-preview":"max-video-preview:-1"},"canonical":"https:\/\/agradocosmetic.com\/fr\/hablan-de-nosotros\/","og_locale":"fr_FR","og_type":"article","og_title":"Hablan de nosotros - Agrado","og_description":"Hablan de nosotros La crema con color de 8 euros que mi madre compra una y otra vez: con SPF50, efecto antimanchas y muy natural Hablamos de la crema protectora solar con color de Agrado. Es una crema con tono de color medio de protecci\u00f3n muy alta SPF50+. Destaca por tener una acci\u00f3n antimanchas, antiedad [&hellip;]","og_url":"https:\/\/agradocosmetic.com\/fr\/hablan-de-nosotros\/","og_site_name":"Agrado","article_modified_time":"2025-07-30T12:05:05+00:00","og_image":[{"width":2560,"height":1707,"url":"https:\/\/agradocosmetic.com\/wp-content\/uploads\/2024\/05\/tortugas-fundacion-agrado-scaled.jpeg","type":"image\/jpeg"}],"twitter_card":"summary_large_image","twitter_misc":{"Dur\u00e9e de lecture estim\u00e9e":"6 minutes"},"schema":{"@context":"https:\/\/schema.org","@graph":[{"@type":"WebPage","@id":"https:\/\/agradocosmetic.com\/hablan-de-nosotros\/","url":"https:\/\/agradocosmetic.com\/hablan-de-nosotros\/","name":"Ils parlent de nous - Agrado","isPartOf":{"@id":"https:\/\/agradocosmetic.com\/#website"},"primaryImageOfPage":{"@id":"https:\/\/agradocosmetic.com\/hablan-de-nosotros\/#primaryimage"},"image":{"@id":"https:\/\/agradocosmetic.com\/hablan-de-nosotros\/#primaryimage"},"thumbnailUrl":"https:\/\/agradocosmetic.com\/wp-content\/uploads\/2024\/05\/tortugas-fundacion-agrado-scaled.jpeg","datePublished":"2023-11-06T13:05:16+00:00","dateModified":"2025-07-30T12:05:05+00:00","breadcrumb":{"@id":"https:\/\/agradocosmetic.com\/hablan-de-nosotros\/#breadcrumb"},"inLanguage":"fr-FR","potentialAction":[{"@type":"ReadAction","target":["https:\/\/agradocosmetic.com\/hablan-de-nosotros\/"]}]},{"@type":"ImageObject","inLanguage":"fr-FR","@id":"https:\/\/agradocosmetic.com\/hablan-de-nosotros\/#primaryimage","url":"https:\/\/agradocosmetic.com\/wp-content\/uploads\/2024\/05\/tortugas-fundacion-agrado-scaled.jpeg","contentUrl":"https:\/\/agradocosmetic.com\/wp-content\/uploads\/2024\/05\/tortugas-fundacion-agrado-scaled.jpeg","width":2560,"height":1707},{"@type":"BreadcrumbList","@id":"https:\/\/agradocosmetic.com\/hablan-de-nosotros\/#breadcrumb","itemListElement":[{"@type":"ListItem","position":1,"name":"Portada","item":"https:\/\/agradocosmetic.com\/"},{"@type":"ListItem","position":2,"name":"Hablan de nosotros"}]},{"@type":"WebSite","@id":"https:\/\/agradocosmetic.com\/#website","url":"https:\/\/agradocosmetic.com\/","name":"Aimer","description":"cosm\u00e9tique","publisher":{"@id":"https:\/\/agradocosmetic.com\/#organization"},"potentialAction":[{"@type":"SearchAction","target":{"@type":"EntryPoint","urlTemplate":"https:\/\/agradocosmetic.com\/?s={search_term_string}"},"query-input":{"@type":"PropertyValueSpecification","valueRequired":true,"valueName":"search_term_string"}}],"inLanguage":"fr-FR"},{"@type":"Organization","@id":"https:\/\/agradocosmetic.com\/#organization","name":"Aimer","url":"https:\/\/agradocosmetic.com\/","logo":{"@type":"ImageObject","inLanguage":"fr-FR","@id":"https:\/\/agradocosmetic.com\/#\/schema\/logo\/image\/","url":"https:\/\/agradocosmetic.com\/wp-content\/uploads\/2023\/07\/LOGO-AGRADO-WEB-01.png","contentUrl":"https:\/\/agradocosmetic.com\/wp-content\/uploads\/2023\/07\/LOGO-AGRADO-WEB-01.png","width":1632,"height":300,"caption":"Agrado"},"image":{"@id":"https:\/\/agradocosmetic.com\/#\/schema\/logo\/image\/"}}]}},"_links":{"self":[{"href":"https:\/\/agradocosmetic.com\/fr\/wp-json\/wp\/v2\/pages\/23204","targetHints":{"allow":["GET"]}}],"collection":[{"href":"https:\/\/agradocosmetic.com\/fr\/wp-json\/wp\/v2\/pages"}],"about":[{"href":"https:\/\/agradocosmetic.com\/fr\/wp-json\/wp\/v2\/types\/page"}],"author":[{"embeddable":true,"href":"https:\/\/agradocosmetic.com\/fr\/wp-json\/wp\/v2\/users\/7"}],"replies":[{"embeddable":true,"href":"https:\/\/agradocosmetic.com\/fr\/wp-json\/wp\/v2\/comments?post=23204"}],"version-history":[{"count":6,"href":"https:\/\/agradocosmetic.com\/fr\/wp-json\/wp\/v2\/pages\/23204\/revisions"}],"predecessor-version":[{"id":33011,"href":"https:\/\/agradocosmetic.com\/fr\/wp-json\/wp\/v2\/pages\/23204\/revisions\/33011"}],"wp:featuredmedia":[{"embeddable":true,"href":"https:\/\/agradocosmetic.com\/fr\/wp-json\/wp\/v2\/media\/27335"}],"wp:attachment":[{"href":"https:\/\/agradocosmetic.com\/fr\/wp-json\/wp\/v2\/media?parent=23204"}],"curies":[{"name":"wp","href":"https:\/\/api.w.org\/{rel}","templated":true}]}}