{"id":3,"date":"2023-07-21T10:25:07","date_gmt":"2023-07-21T10:25:07","guid":{"rendered":"https:\/\/dev-freelancerweb.site\/?page_id=3"},"modified":"2024-10-01T12:37:02","modified_gmt":"2024-10-01T12:37:02","slug":"politica-de-privacidad-y-proteccion-de-datos","status":"publish","type":"page","link":"https:\/\/agradocosmetic.com\/fr\/politica-de-privacidad-y-proteccion-de-datos\/","title":{"rendered":"Politique de confidentialit\u00e9 et de protection des donn\u00e9es"},"content":{"rendered":"<div data-elementor-type=\"wp-page\" data-elementor-id=\"3\" class=\"elementor elementor-3\" data-elementor-post-type=\"page\">\n\t\t\t\t<div class=\"elementor-element elementor-element-62f9242 e-flex e-con-boxed e-con e-parent\" data-id=\"62f9242\" data-element_type=\"container\" data-e-type=\"container\" data-settings=\"{&quot;jet_parallax_layout_list&quot;:[],&quot;ekit_has_onepagescroll_dot&quot;:&quot;yes&quot;}\">\n\t\t\t\t\t<div class=\"e-con-inner\">\n\t\t\t\t<div class=\"elementor-element elementor-element-a377777 elementor-widget elementor-widget-heading\" data-id=\"a377777\" data-element_type=\"widget\" data-e-type=\"widget\" data-settings=\"{&quot;ekit_we_effect_on&quot;:&quot;none&quot;}\" data-widget_type=\"heading.default\">\n\t\t\t\t<div class=\"elementor-widget-container\">\n\t\t\t\t\t<h2 class=\"elementor-heading-title elementor-size-default\">POLITIQUE DE CONFIDENTIALIT\u00c9 ET DE PROTECTION DES DONN\u00c9ES\n<\/h2>\t\t\t\t<\/div>\n\t\t\t\t<\/div>\n\t\t\t\t<div class=\"elementor-element elementor-element-41a34df elementor-widget elementor-widget-text-editor\" data-id=\"41a34df\" data-element_type=\"widget\" data-e-type=\"widget\" data-settings=\"{&quot;ekit_we_effect_on&quot;:&quot;none&quot;}\" data-widget_type=\"text-editor.default\">\n\t\t\t\t<div class=\"elementor-widget-container\">\n\t\t\t\t\t\t\t\t\t<p><strong><br>1. Collecte, traitement et utilisation des donn\u00e9es personnelles sur le site Internet :<br><\/strong><br>Sur la base des dispositions du R\u00e8glement G\u00e9n\u00e9ral sur la Protection des Donn\u00e9es 2016\/679 (RGPD) et de la Loi Organique 3\/2018, sur la Protection des Donn\u00e9es Personnelles et la Garantie des Droits Num\u00e9riques (LOPDGDD), nous vous informons que pour faire usage de certains des services propos\u00e9s par notre site Internet, il peut \u00eatre n\u00e9cessaire que vous nous fournissiez certaines donn\u00e9es personnelles qui seront int\u00e9gr\u00e9es dans des fichiers automatis\u00e9s.<\/p>\n<p>Conforme aux nouvelles dispositions du r\u00e8glement (UE) 2016\/679 du Parlement europ\u00e9en et du Conseil du 27 avril 2016 et de la loi organique 3\/2018 du 5 d\u00e9cembre relative \u00e0 la protection des donn\u00e9es personnelles et \u00e0 la garantie des droits num\u00e9riques, relative \u00e0 la protection des personnes physiques \u00e0 l&#039;\u00e9gard du traitement des donn\u00e9es \u00e0 caract\u00e8re personnel et la libre circulation de ces donn\u00e9es et par laquelle la directive 95\/46\/CE est abrog\u00e9e, nous vous informons que le responsable du traitement des donn\u00e9es est :<\/p>\n<p>Nom de l&#039;entreprise: AGRADO COSMETIC CARE 3000 SL<br>NIF\u00a0: B98150766<br>Adresse principale : C\/ ZEFIR, PI NUM\u00c9RO 16 PARCELA., \u2013 46119 NAQUERA (Val\u00e8ncia).<br>Courriel : info@agradocosmetic.com<br>Num\u00e9ro de t\u00e9l\u00e9phone : 961399241<br>Site Internet : www.agradocosmetic.com<\/p>\n<p>Pour faire tout type de constatation concernant d&#039;\u00e9ventuelles violations des droits de propri\u00e9t\u00e9 intellectuelle ou industrielle, ainsi que sur tout contenu du site Web, vous pouvez le faire en contactant la soci\u00e9t\u00e9 par l&#039;un des moyens indiqu\u00e9s ci-dessus.<\/p>\n<p>Le contenu du Site Web est destin\u00e9 \u00e0 informer les utilisateurs des services offerts par la soci\u00e9t\u00e9 \u00e0 la suite des demandes, proc\u00e9dures ou d\u00e9marches que l&#039;Utilisateur effectue via le site Web. Les donn\u00e9es soumises au traitement seront celles que vous nous fournirez via les formulaires que contient la page \u00e0 tout moment ou via les e-mails que l&#039;Utilisateur envoie aux adresses e-mail qui y sont identifi\u00e9es, ainsi que toutes autres qui sont g\u00e9n\u00e9r\u00e9es lors de la maintenance de la relation correspondante.<\/p>\n<p>Tous les champs qui apparaissent comme obligatoires dans l&#039;un des formulaires doivent n\u00e9cessairement \u00eatre remplis, de sorte que l&#039;omission de l&#039;un d&#039;entre eux pourrait nous emp\u00eacher de r\u00e9pondre \u00e0 votre demande ou de vous fournir les services correspondants.<\/p>\n<p>De plus, lors de cette collecte de donn\u00e9es, votre consentement pourra \u00eatre demand\u00e9 pour une autre s\u00e9rie de finalit\u00e9s qui ne sont pas directement li\u00e9es au service ou \u00e0 la relation correspondante. Dans le cas o\u00f9 vous n\u2019acceptez pas de tels traitements compl\u00e9mentaires, veuillez cocher la case pr\u00e9vue \u00e0 cet effet le cas \u00e9ch\u00e9ant.<\/p>\n<p>Demandeurs d&#039;informations : Les donn\u00e9es personnelles utilis\u00e9es dans ces cas proviennent de l&#039;int\u00e9ress\u00e9, qui les fournit \u00e0 AGRADO COSMETIC CARE 3000 SL en remplissant le formulaire de contact contenu sur le site Web, en effectuant un appel t\u00e9l\u00e9phonique ou en envoyant un e-mail.<\/p>\n<p>Ces donn\u00e9es sont utilis\u00e9es dans le but de r\u00e9pondre aux demandes et de fournir des informations \u00e0 ceux qui le demandent ou l&#039;autorisent express\u00e9ment, principalement par courrier \u00e9lectronique.<\/p>\n<p>La personne qui acc\u00e8de \u00e0 ce site Web (ci-apr\u00e8s, l&#039;Utilisateur), s&#039;assure qu&#039;elle a l&#039;\u00e2ge minimum l\u00e9gal \u00e9tabli par le R\u00e8glement G\u00e9n\u00e9ral sur la Protection des Donn\u00e9es 679\/2016 (14 ans) ou par la r\u00e9glementation nationale qui lui est applicable. consentement en ce qui concerne les services de la soci\u00e9t\u00e9 de l\u2019information.<\/p>\n<p>En acc\u00e9dant \u00e0 ce Site Internet, l&#039;Utilisateur accepte express\u00e9ment toutes les clauses de ses informations l\u00e9gales, de cette politique de confidentialit\u00e9 et de sa politique en mati\u00e8re de cookies, ainsi que toutes les conditions particuli\u00e8res recueillies pour l&#039;utilisation de certains services. Si vous n&#039;acceptez aucune des clauses susmentionn\u00e9es, l&#039;Utilisateur doit s&#039;abstenir d&#039;acc\u00e9der \u00e0 ce Site Web.<\/p>\n<p>En acc\u00e9dant aux comptes d&#039;AGRADO COSMETIC CARE 3000 SL sur les r\u00e9seaux sociaux, l&#039;Utilisateur accepte le traitement de ses donn\u00e9es personnelles par celui-ci conform\u00e9ment \u00e0 ses politiques de confidentialit\u00e9 : Politique de confidentialit\u00e9 des r\u00e9seaux sociaux.<br><br><br><b style=\"color: var( --e-global-color-text ); font-family: var( --e-global-typography-text-font-family ), Sans-serif; text-align: var(--text-align); font-size: 1rem;\">2. Finalit\u00e9 du traitement des donn\u00e9es personnelles :<\/b><\/p><p><b>2.1. Dans quel but traiterons-nous vos donn\u00e9es personnelles ?<\/b><\/p>\n<p><\/p>\n<p><b><\/b>Chez AGRADO COSMETIC CARE 3000 SL, nous traiterons vos donn\u00e9es personnelles, collect\u00e9es via le site Web, aux fins suivantes\u00a0:<\/p>\n<p>\u2013 Envoi des informations demand\u00e9es via les formulaires de contact pr\u00e9vus sur le site Web dans le but de demander tout type de requ\u00eate relative aux produits ou services fournis par l\u2019entreprise.<br>\u2013 Envoyer des bulletins -newsletters-, ainsi que des communications commerciales de promotions et\/ou publicit\u00e9s du Site Internet.<\/p>\n<p>De m\u00eame, nous vous rappelons que vous pouvez vous opposer \u00e0 l&#039;envoi de communications commerciales par tout moyen et \u00e0 tout moment, en contactant AGRADO COSMETIC CARE 3000 SL.<\/p>\n<p>Les champs de ces enregistrements doivent \u00eatre compl\u00e9t\u00e9s et il est impossible d&#039;atteindre les objectifs d\u00e9clar\u00e9s si ces donn\u00e9es ne sont pas fournies.<br><br><\/p>\n<p><b>2.2. Combien de temps les donn\u00e9es personnelles collect\u00e9es sont-elles conserv\u00e9es ?<\/b><\/p>\n<p><\/p>\n<p><b><\/b>Les donn\u00e9es personnelles fournies seront conserv\u00e9es jusqu&#039;\u00e0 ce que leur communication soit g\u00e9r\u00e9e et\/ou que vous ne demandiez pas leur suppression et pendant le temps minimum n\u00e9cessaire pour respecter les obligations l\u00e9gales ou les responsabilit\u00e9s l\u00e9gales peuvent survenir pour les services fournis.<br><br><\/p>\n<p><b>3. L\u00e9gitimation :<\/b><\/p>\n<p><\/p>\n<p><b><\/b>Le traitement de vos donn\u00e9es est effectu\u00e9 avec les bases juridiques suivantes qui le l\u00e9gitiment :<\/p>\n<p>\u2013 Consentement libre, sp\u00e9cifique, \u00e9clair\u00e9 et sans \u00e9quivoque, comme nous vous l\u2019informons en mettant \u00e0 votre disposition cette politique de confidentialit\u00e9, qu\u2019apr\u00e8s l\u2019avoir lue, si vous \u00eates d\u2019accord, vous pouvez l\u2019accepter par une d\u00e9claration ou une action positive claire, comme cocher une case pr\u00e9vue \u00e0 cet effet. Cet objectif.<\/p>\n<p>Si vous ne nous fournissez pas vos donn\u00e9es ou si vous les fournissez de mani\u00e8re incorrecte ou incompl\u00e8te, nous ne serons pas en mesure de r\u00e9pondre \u00e0 votre demande, ce qui rendra totalement impossible de vous fournir les informations demand\u00e9es ou d&#039;effectuer la sous-traitance des services.<br><br><\/p>\n<p><b>4. Garantie\u00a0:<\/b><\/p>\n<p><\/p>\n<p><b><\/b>L&#039;Utilisateur garantit que les donn\u00e9es fournies sont v\u00e9ridiques, exactes, compl\u00e8tes et mises \u00e0 jour et est responsable de tout dommage ou perte, direct ou indirect, qui pourrait r\u00e9sulter du non-respect de cette obligation. Dans le cas o\u00f9 les donn\u00e9es fournies appartiennent \u00e0 un tiers, l&#039;Utilisateur garantit avoir inform\u00e9 ledit tiers et obtenu son autorisation pour fournir ses donn\u00e9es personnelles \u00e0 AGRADO COSMETIC CARE 3000 SL.<br><br><\/p>\n<p><b>5. Conservation des donn\u00e9es :<\/b><\/p>\n<p><\/p>\n<p><b><\/b>Vos donn\u00e9es seront conserv\u00e9es tant que la relation contractuelle sera maintenue ou pendant les ann\u00e9es n\u00e9cessaires au respect des obligations l\u00e9gales, tant que vous ne demanderez pas sa cessation ou pendant le temps n\u00e9cessaire \u00e0 la r\u00e9alisation des finalit\u00e9s n\u00e9cessaires \u00e0 celles collect\u00e9es.<br><br><\/p>\n<p><b>6. Destinataires\u00a0:<br><\/b><br>Vos donn\u00e9es seront conserv\u00e9es sous des mesures de s\u00e9curit\u00e9 strictes qui garantissent leur confidentialit\u00e9 et leur s\u00e9curit\u00e9. De m\u00eame, ils seront transf\u00e9r\u00e9s uniquement aux entit\u00e9s et aux fins suivantes\u00a0:<\/p>\n<p>-Entit\u00e9s et fournisseurs qui fournissent des services \u00e0 AGRADO COSMETIC CARE 3000 SL pour la bonne ex\u00e9cution de ces services. Ces entit\u00e9s et fournisseurs sont d\u00fbment accr\u00e9dit\u00e9s et signent avec nous le contrat de traitement de donn\u00e9es correspondant dans le respect de la r\u00e9glementation en vigueur sur la protection des donn\u00e9es.<br>-Organisations et entit\u00e9s officielles conformes aux r\u00e9glementations et lois en vigueur.<\/p>\n<p>Destinataires en dehors de l&#039;Union europ\u00e9enne : AGRADO COSMETIC CARE 3000 SL ne transf\u00e8re pas de donn\u00e9es personnelles \u00e0 des tiers et ne conclut pas de contrats avec des prestataires de services en dehors de l&#039;Union europ\u00e9enne.<\/p>\n<p>Les donn\u00e9es ne seront communiqu\u00e9es \u00e0 aucun tiers autre qu&#039;AGRADO COSMETIC CARE 3000 SL, en dehors des cas d\u00e9crits ci-dessus, sauf obligation l\u00e9gale ou autorisation pr\u00e9alable.<br><br><\/p>\n<p><b>7. Droits\u00a0:<\/b><\/p>\n<p><\/p>\n<p><b><\/b>En tant que personne int\u00e9ress\u00e9e qui nous a fourni vos donn\u00e9es personnelles, vous avez le droit d&#039;obtenir la confirmation si AGRADO COSMETIC CARE 3000 SL traite vos donn\u00e9es personnelles, et en particulier vous avez le droit d&#039;exercer les droits suivants que la r\u00e9glementation sur la protection des donn\u00e9es vous accorde. reconna\u00eet, conform\u00e9ment \u00e0 ses dispositions :<\/p>\n<p>\u2013 Droit d\u2019ACC\u00c8S \u00e0 vos donn\u00e9es personnelles.<br>\u2013 Droits de demander la RECTIFICATION de donn\u00e9es inexactes.<br>\u2013 Droit de demander leur SUPPRESSION lorsque, entre autres raisons, les donn\u00e9es ne sont plus n\u00e9cessaires aux finalit\u00e9s pour lesquelles elles ont \u00e9t\u00e9 collect\u00e9es.<br>\u2013 Dans certaines circonstances, vous pouvez demander la LIMITATION DU TRAITEMENT de vos donn\u00e9es, auquel cas nous ne les conserverons que pour l\u2019exercice ou la d\u00e9fense de r\u00e9clamations.<br>\u2013 Dans certaines circonstances et pour des raisons li\u00e9es \u00e0 leur situation particuli\u00e8re, les int\u00e9ress\u00e9s peuvent exercer leur droit d\u2019OPPOSITION au traitement de leurs donn\u00e9es. Nous cesserons de traiter les donn\u00e9es, sauf pour des raisons l\u00e9gitimes et imp\u00e9rieuses, ou pour l&#039;exercice ou la d\u00e9fense d&#039;\u00e9ventuelles r\u00e9clamations.<br>\u2013 Dans certaines circonstances et pour des raisons li\u00e9es \u00e0 votre situation particuli\u00e8re, vous pouvez demander votre droit \u00e0 la PORTABILIT\u00c9 des donn\u00e9es.<\/p>\n<p>Vous pouvez exercer ces droits ou demander des informations compl\u00e9mentaires en pr\u00e9sentant une copie d&#039;une pi\u00e8ce d&#039;identit\u00e9 et en expliquant bri\u00e8vement votre cas et le droit que vous souhaitez exercer, par lettre adress\u00e9e \u00e0 AGRADO COSMETIC CARE 3000 SL \u00e0 l&#039;adresse principale situ\u00e9e \u00e0 C\/ ZEFIR, PI. NUMERO 16 PARCELA. , \u2013 46119 NAQUERA (Val\u00e8ncia) ou via l&#039;adresse e-mail info@agradocosmetic.com.<\/p>\n<p>En outre, en cas de violation de l&#039;un de vos droits, l&#039;int\u00e9ress\u00e9 a le droit de d\u00e9poser une r\u00e9clamation aupr\u00e8s de l&#039;Agence espagnole de protection des donn\u00e9es (AEPD), \u00e0 C\/ Jorge Juan, 6, 28001-Madrid ou aupr\u00e8s du si\u00e8ge social. Electronique AEPD\u00a0:&nbsp;<a href=\"https:\/\/sedeagpd.gob.es\/sede-electronica-web\/\" target=\"_blank\" rel=\"noopener\">https:\/\/sedeagpd.gob.es\/sede-electronica-web\/<\/a>.<br><br><\/p>\n<p><b>8. Dur\u00e9e et modification de la Politique de Confidentialit\u00e9 :<\/b><\/p><b>\n<\/b><p><b><\/b>AGRADO COSMETIC CARE 3000 SL se r\u00e9serve le droit de modifier, totalement ou partiellement, cette politique de confidentialit\u00e9, en publiant les modifications sur le site Web. De m\u00eame, il pourra apporter les modifications qu&#039;il jugera appropri\u00e9es sans pr\u00e9avis, et pourra changer, supprimer ou ajouter tant les contenus et les services qu&#039;il propose, que la mani\u00e8re dont ils sont pr\u00e9sent\u00e9s ou localis\u00e9s. Par cons\u00e9quent, les conditions g\u00e9n\u00e9rales\/Politiques publi\u00e9es au moment de l\u2019acc\u00e8s de l\u2019Utilisateur seront consid\u00e9r\u00e9es comme \u00e9tant en vigueur et devront \u00eatre lues p\u00e9riodiquement.<\/p>\n<p>Ind\u00e9pendamment des dispositions, AGRADO COSMETIC CARE 3000 SL peut r\u00e9silier, suspendre ou interrompre, \u00e0 tout moment et sans pr\u00e9avis, l&#039;acc\u00e8s au contenu du site Web, sans que l&#039;utilisateur ne puisse exiger une quelconque compensation.<\/p>\n<p><em>Politique de confidentialit\u00e9 r\u00e9dig\u00e9e et fournie par PROTECTION REPORT SOLUTIONS, SL,<a href=\"https:\/\/www.protectionreport.com\" target=\"_blank\" rel=\"noopener\"> Entreprise RGPD<\/a>, qui se r\u00e9serve les poursuites judiciaires appropri\u00e9es contre toute personne qui copie et utilise ill\u00e9galement le contenu.<\/em><\/p>\t\t\t\t\t\t\t\t<\/div>\n\t\t\t\t<\/div>\n\t\t\t\t\t<\/div>\n\t\t\t\t<\/div>\n\t\t\t\t<\/div>","protected":false},"excerpt":{"rendered":"<p>POLITICA PRIVACIDAD Y PROTECCI\u00d3N DE DATOS 1. Recogida, tratamiento y uso de los datos personales en la web: En base a lo dispuesto en el Reglamento General de Protecci\u00f3n de Datos 2016\/679 (RGPD) y en la Ley Org\u00e1nica 3\/2018, de Protecci\u00f3n de Datos Personales y garant\u00eda de derechos digitales (LOPDGDD), le informamos que para hacer [&hellip;]<\/p>\n","protected":false},"author":1,"featured_media":22230,"parent":0,"menu_order":52,"comment_status":"closed","ping_status":"closed","template":"","meta":{"footnotes":"","_wp_rev_ctl_limit":"5"},"class_list":["post-3","page","type-page","status-publish","has-post-thumbnail","hentry"],"yoast_head":"<!-- This site is optimized with the Yoast SEO plugin v27.4 - https:\/\/yoast.com\/product\/yoast-seo-wordpress\/ -->\n<title>Pol\u00edtica de Privacidad y Protecci\u00f3n de Datos - Agrado<\/title>\n<meta name=\"robots\" content=\"noindex, nofollow\" \/>\n<meta property=\"og:locale\" content=\"fr_FR\" \/>\n<meta property=\"og:type\" content=\"article\" \/>\n<meta property=\"og:title\" content=\"Pol\u00edtica de Privacidad y Protecci\u00f3n de Datos - Agrado\" \/>\n<meta property=\"og:description\" content=\"POLITICA PRIVACIDAD Y PROTECCI\u00d3N DE DATOS 1. Recogida, tratamiento y uso de los datos personales en la web: En base a lo dispuesto en el Reglamento General de Protecci\u00f3n de Datos 2016\/679 (RGPD) y en la Ley Org\u00e1nica 3\/2018, de Protecci\u00f3n de Datos Personales y garant\u00eda de derechos digitales (LOPDGDD), le informamos que para hacer [&hellip;]\" \/>\n<meta property=\"og:url\" content=\"https:\/\/agradocosmetic.com\/fr\/politica-de-privacidad-y-proteccion-de-datos\/\" \/>\n<meta property=\"og:site_name\" content=\"Agrado\" \/>\n<meta property=\"article:modified_time\" content=\"2024-10-01T12:37:02+00:00\" \/>\n<meta property=\"og:image\" content=\"https:\/\/agradocosmetic.com\/wp-content\/uploads\/2023\/10\/Distribuidores-contacto.jpg\" \/>\n\t<meta property=\"og:image:width\" content=\"353\" \/>\n\t<meta property=\"og:image:height\" content=\"224\" \/>\n\t<meta property=\"og:image:type\" content=\"image\/jpeg\" \/>\n<meta name=\"twitter:card\" content=\"summary_large_image\" \/>\n<meta name=\"twitter:label1\" content=\"Dur\u00e9e de lecture estim\u00e9e\" \/>\n\t<meta name=\"twitter:data1\" content=\"8 minutes\" \/>\n<script type=\"application\/ld+json\" class=\"yoast-schema-graph\">{\"@context\":\"https:\\\/\\\/schema.org\",\"@graph\":[{\"@type\":\"WebPage\",\"@id\":\"https:\\\/\\\/agradocosmetic.com\\\/politica-de-privacidad-y-proteccion-de-datos\\\/\",\"url\":\"https:\\\/\\\/agradocosmetic.com\\\/politica-de-privacidad-y-proteccion-de-datos\\\/\",\"name\":\"Pol\u00edtica de Privacidad y Protecci\u00f3n de Datos - Agrado\",\"isPartOf\":{\"@id\":\"https:\\\/\\\/agradocosmetic.com\\\/#website\"},\"primaryImageOfPage\":{\"@id\":\"https:\\\/\\\/agradocosmetic.com\\\/politica-de-privacidad-y-proteccion-de-datos\\\/#primaryimage\"},\"image\":{\"@id\":\"https:\\\/\\\/agradocosmetic.com\\\/politica-de-privacidad-y-proteccion-de-datos\\\/#primaryimage\"},\"thumbnailUrl\":\"https:\\\/\\\/agradocosmetic.com\\\/wp-content\\\/uploads\\\/2023\\\/10\\\/Distribuidores-contacto.jpg\",\"datePublished\":\"2023-07-21T10:25:07+00:00\",\"dateModified\":\"2024-10-01T12:37:02+00:00\",\"breadcrumb\":{\"@id\":\"https:\\\/\\\/agradocosmetic.com\\\/politica-de-privacidad-y-proteccion-de-datos\\\/#breadcrumb\"},\"inLanguage\":\"fr-FR\",\"potentialAction\":[{\"@type\":\"ReadAction\",\"target\":[\"https:\\\/\\\/agradocosmetic.com\\\/politica-de-privacidad-y-proteccion-de-datos\\\/\"]}]},{\"@type\":\"ImageObject\",\"inLanguage\":\"fr-FR\",\"@id\":\"https:\\\/\\\/agradocosmetic.com\\\/politica-de-privacidad-y-proteccion-de-datos\\\/#primaryimage\",\"url\":\"https:\\\/\\\/agradocosmetic.com\\\/wp-content\\\/uploads\\\/2023\\\/10\\\/Distribuidores-contacto.jpg\",\"contentUrl\":\"https:\\\/\\\/agradocosmetic.com\\\/wp-content\\\/uploads\\\/2023\\\/10\\\/Distribuidores-contacto.jpg\",\"width\":353,\"height\":224},{\"@type\":\"BreadcrumbList\",\"@id\":\"https:\\\/\\\/agradocosmetic.com\\\/politica-de-privacidad-y-proteccion-de-datos\\\/#breadcrumb\",\"itemListElement\":[{\"@type\":\"ListItem\",\"position\":1,\"name\":\"Portada\",\"item\":\"https:\\\/\\\/agradocosmetic.com\\\/\"},{\"@type\":\"ListItem\",\"position\":2,\"name\":\"Pol\u00edtica de Privacidad y Protecci\u00f3n de Datos\"}]},{\"@type\":\"WebSite\",\"@id\":\"https:\\\/\\\/agradocosmetic.com\\\/#website\",\"url\":\"https:\\\/\\\/agradocosmetic.com\\\/\",\"name\":\"Agrado\",\"description\":\"Cosmetic\",\"publisher\":{\"@id\":\"https:\\\/\\\/agradocosmetic.com\\\/#organization\"},\"potentialAction\":[{\"@type\":\"SearchAction\",\"target\":{\"@type\":\"EntryPoint\",\"urlTemplate\":\"https:\\\/\\\/agradocosmetic.com\\\/?s={search_term_string}\"},\"query-input\":{\"@type\":\"PropertyValueSpecification\",\"valueRequired\":true,\"valueName\":\"search_term_string\"}}],\"inLanguage\":\"fr-FR\"},{\"@type\":\"Organization\",\"@id\":\"https:\\\/\\\/agradocosmetic.com\\\/#organization\",\"name\":\"Agrado\",\"url\":\"https:\\\/\\\/agradocosmetic.com\\\/\",\"logo\":{\"@type\":\"ImageObject\",\"inLanguage\":\"fr-FR\",\"@id\":\"https:\\\/\\\/agradocosmetic.com\\\/#\\\/schema\\\/logo\\\/image\\\/\",\"url\":\"https:\\\/\\\/agradocosmetic.com\\\/wp-content\\\/uploads\\\/2023\\\/07\\\/LOGO-AGRADO-WEB-01.png\",\"contentUrl\":\"https:\\\/\\\/agradocosmetic.com\\\/wp-content\\\/uploads\\\/2023\\\/07\\\/LOGO-AGRADO-WEB-01.png\",\"width\":1632,\"height\":300,\"caption\":\"Agrado\"},\"image\":{\"@id\":\"https:\\\/\\\/agradocosmetic.com\\\/#\\\/schema\\\/logo\\\/image\\\/\"}}]}<\/script>\n<!-- \/ Yoast SEO plugin. -->","yoast_head_json":{"title":"Pol\u00edtica de Privacidad y Protecci\u00f3n de Datos - Agrado","robots":{"index":"noindex","follow":"nofollow"},"og_locale":"fr_FR","og_type":"article","og_title":"Pol\u00edtica de Privacidad y Protecci\u00f3n de Datos - Agrado","og_description":"POLITICA PRIVACIDAD Y PROTECCI\u00d3N DE DATOS 1. Recogida, tratamiento y uso de los datos personales en la web: En base a lo dispuesto en el Reglamento General de Protecci\u00f3n de Datos 2016\/679 (RGPD) y en la Ley Org\u00e1nica 3\/2018, de Protecci\u00f3n de Datos Personales y garant\u00eda de derechos digitales (LOPDGDD), le informamos que para hacer [&hellip;]","og_url":"https:\/\/agradocosmetic.com\/fr\/politica-de-privacidad-y-proteccion-de-datos\/","og_site_name":"Agrado","article_modified_time":"2024-10-01T12:37:02+00:00","og_image":[{"width":353,"height":224,"url":"https:\/\/agradocosmetic.com\/wp-content\/uploads\/2023\/10\/Distribuidores-contacto.jpg","type":"image\/jpeg"}],"twitter_card":"summary_large_image","twitter_misc":{"Dur\u00e9e de lecture estim\u00e9e":"8 minutes"},"schema":{"@context":"https:\/\/schema.org","@graph":[{"@type":"WebPage","@id":"https:\/\/agradocosmetic.com\/politica-de-privacidad-y-proteccion-de-datos\/","url":"https:\/\/agradocosmetic.com\/politica-de-privacidad-y-proteccion-de-datos\/","name":"Pol\u00edtica de Privacidad y Protecci\u00f3n de Datos - Agrado","isPartOf":{"@id":"https:\/\/agradocosmetic.com\/#website"},"primaryImageOfPage":{"@id":"https:\/\/agradocosmetic.com\/politica-de-privacidad-y-proteccion-de-datos\/#primaryimage"},"image":{"@id":"https:\/\/agradocosmetic.com\/politica-de-privacidad-y-proteccion-de-datos\/#primaryimage"},"thumbnailUrl":"https:\/\/agradocosmetic.com\/wp-content\/uploads\/2023\/10\/Distribuidores-contacto.jpg","datePublished":"2023-07-21T10:25:07+00:00","dateModified":"2024-10-01T12:37:02+00:00","breadcrumb":{"@id":"https:\/\/agradocosmetic.com\/politica-de-privacidad-y-proteccion-de-datos\/#breadcrumb"},"inLanguage":"fr-FR","potentialAction":[{"@type":"ReadAction","target":["https:\/\/agradocosmetic.com\/politica-de-privacidad-y-proteccion-de-datos\/"]}]},{"@type":"ImageObject","inLanguage":"fr-FR","@id":"https:\/\/agradocosmetic.com\/politica-de-privacidad-y-proteccion-de-datos\/#primaryimage","url":"https:\/\/agradocosmetic.com\/wp-content\/uploads\/2023\/10\/Distribuidores-contacto.jpg","contentUrl":"https:\/\/agradocosmetic.com\/wp-content\/uploads\/2023\/10\/Distribuidores-contacto.jpg","width":353,"height":224},{"@type":"BreadcrumbList","@id":"https:\/\/agradocosmetic.com\/politica-de-privacidad-y-proteccion-de-datos\/#breadcrumb","itemListElement":[{"@type":"ListItem","position":1,"name":"Portada","item":"https:\/\/agradocosmetic.com\/"},{"@type":"ListItem","position":2,"name":"Pol\u00edtica de Privacidad y Protecci\u00f3n de Datos"}]},{"@type":"WebSite","@id":"https:\/\/agradocosmetic.com\/#website","url":"https:\/\/agradocosmetic.com\/","name":"Aimer","description":"cosm\u00e9tique","publisher":{"@id":"https:\/\/agradocosmetic.com\/#organization"},"potentialAction":[{"@type":"SearchAction","target":{"@type":"EntryPoint","urlTemplate":"https:\/\/agradocosmetic.com\/?s={search_term_string}"},"query-input":{"@type":"PropertyValueSpecification","valueRequired":true,"valueName":"search_term_string"}}],"inLanguage":"fr-FR"},{"@type":"Organization","@id":"https:\/\/agradocosmetic.com\/#organization","name":"Aimer","url":"https:\/\/agradocosmetic.com\/","logo":{"@type":"ImageObject","inLanguage":"fr-FR","@id":"https:\/\/agradocosmetic.com\/#\/schema\/logo\/image\/","url":"https:\/\/agradocosmetic.com\/wp-content\/uploads\/2023\/07\/LOGO-AGRADO-WEB-01.png","contentUrl":"https:\/\/agradocosmetic.com\/wp-content\/uploads\/2023\/07\/LOGO-AGRADO-WEB-01.png","width":1632,"height":300,"caption":"Agrado"},"image":{"@id":"https:\/\/agradocosmetic.com\/#\/schema\/logo\/image\/"}}]}},"_links":{"self":[{"href":"https:\/\/agradocosmetic.com\/fr\/wp-json\/wp\/v2\/pages\/3","targetHints":{"allow":["GET"]}}],"collection":[{"href":"https:\/\/agradocosmetic.com\/fr\/wp-json\/wp\/v2\/pages"}],"about":[{"href":"https:\/\/agradocosmetic.com\/fr\/wp-json\/wp\/v2\/types\/page"}],"author":[{"embeddable":true,"href":"https:\/\/agradocosmetic.com\/fr\/wp-json\/wp\/v2\/users\/1"}],"replies":[{"embeddable":true,"href":"https:\/\/agradocosmetic.com\/fr\/wp-json\/wp\/v2\/comments?post=3"}],"version-history":[{"count":5,"href":"https:\/\/agradocosmetic.com\/fr\/wp-json\/wp\/v2\/pages\/3\/revisions"}],"predecessor-version":[{"id":27756,"href":"https:\/\/agradocosmetic.com\/fr\/wp-json\/wp\/v2\/pages\/3\/revisions\/27756"}],"wp:featuredmedia":[{"embeddable":true,"href":"https:\/\/agradocosmetic.com\/fr\/wp-json\/wp\/v2\/media\/22230"}],"wp:attachment":[{"href":"https:\/\/agradocosmetic.com\/fr\/wp-json\/wp\/v2\/media?parent=3"}],"curies":[{"name":"wp","href":"https:\/\/api.w.org\/{rel}","templated":true}]}}