{"id":917,"date":"2023-09-11T15:38:22","date_gmt":"2023-09-11T15:38:22","guid":{"rendered":"https:\/\/dev-freelancerweb.site\/?page_id=917"},"modified":"2025-07-01T12:39:13","modified_gmt":"2025-07-01T11:39:13","slug":"aviso-legal","status":"publish","type":"page","link":"https:\/\/agradocosmetic.com\/fr\/aviso-legal\/","title":{"rendered":"Avis juridique"},"content":{"rendered":"<div data-elementor-type=\"wp-page\" data-elementor-id=\"917\" class=\"elementor elementor-917\" data-elementor-post-type=\"page\">\n\t\t\t\t<div class=\"elementor-element elementor-element-d2dd4fd e-flex e-con-boxed e-con e-parent\" data-id=\"d2dd4fd\" data-element_type=\"container\" data-e-type=\"container\" data-settings=\"{&quot;jet_parallax_layout_list&quot;:[],&quot;ekit_has_onepagescroll_dot&quot;:&quot;yes&quot;}\">\n\t\t\t\t\t<div class=\"e-con-inner\">\n\t\t\t\t<div class=\"elementor-element elementor-element-166f604 elementor-widget elementor-widget-heading\" data-id=\"166f604\" data-element_type=\"widget\" data-e-type=\"widget\" data-settings=\"{&quot;ekit_we_effect_on&quot;:&quot;none&quot;}\" data-widget_type=\"heading.default\">\n\t\t\t\t<div class=\"elementor-widget-container\">\n\t\t\t\t\t<h2 class=\"elementor-heading-title elementor-size-default\">Avis juridique<\/h2>\t\t\t\t<\/div>\n\t\t\t\t<\/div>\n\t\t\t\t<div class=\"elementor-element elementor-element-23b1ca7 elementor-widget elementor-widget-text-editor\" data-id=\"23b1ca7\" data-element_type=\"widget\" data-e-type=\"widget\" data-settings=\"{&quot;ekit_we_effect_on&quot;:&quot;none&quot;}\" data-widget_type=\"text-editor.default\">\n\t\t\t\t<div class=\"elementor-widget-container\">\n\t\t\t\t\t\t\t\t\t<p>AGRADO COSMETIC CARE 3000 SLU se r\u00e9serve le droit de modifier tout type d&#039;information qui pourrait appara\u00eetre sur le site web, sans qu&#039;il y ait aucune obligation de notifier ou d&#039;informer les utilisateurs de ces obligations, \u00e9tant entendu comme suffisant avec la publication sur le site web d&#039;AGRADO COSMETIC CARE. 3000 SLU<\/p><p>Conform\u00e9ment \u00e0 l&#039;article 10 de la loi 34\/2002 du 11 juillet relative aux services de la soci\u00e9t\u00e9 de l&#039;information et au commerce \u00e9lectronique, les donn\u00e9es d&#039;identification de la soci\u00e9t\u00e9 propri\u00e9taire du domaine www.agradocosmetic.com sont indiqu\u00e9es ci-dessous\u00a0:<\/p><p><strong>1. Donn\u00e9es d&#039;identification :<\/strong><br \/>\u2013 Nom de domaine : www.agradocosmetic.com<br \/>\u2013 Raison sociale : AGRADO COSMETIC CARE 3000 SLU<br \/>\u2013 NIF : B98150766<br \/>\u2013 Si\u00e8ge social : Carrer Isaac Newton, 2, 46520 Sagunto, Valencia<br \/>\u2013 T\u00e9l\u00e9phone : 961399241<br \/>\u2013 E-mail : info@agradocosmetic.com<br \/>\u2013 Donn\u00e9es du Registre : Registre du Commerce de Valence. Volume 2726, G\u00e9n\u00e9ral 44 de la Section G\u00e9n\u00e9rale du Livre des Soci\u00e9t\u00e9s, Folio 95, Feuille N\u00b0 V-680, Inscription 1.<\/p><p><strong>2. Droits de propri\u00e9t\u00e9 intellectuelle et industrielle :<br \/><\/strong><br \/>Le site Internet, y compris mais sans s&#039;y limiter, sa programmation, son \u00e9dition, sa compilation et autres \u00e9l\u00e9ments n\u00e9cessaires \u00e0 son fonctionnement, les designs, logos, textes et\/ou graphiques, sont la propri\u00e9t\u00e9 du responsable ou, le cas \u00e9ch\u00e9ant, disposent d&#039;une licence. ou autorisation expresse des auteurs.<\/p><p>Tous les contenus du site Web sont d\u00fbment prot\u00e9g\u00e9s par la r\u00e9glementation en mati\u00e8re de propri\u00e9t\u00e9 intellectuelle et industrielle, ainsi que enregistr\u00e9s dans les registres publics correspondants. Quelle que soit la finalit\u00e9 pour laquelle ils sont destin\u00e9s, la reproduction totale ou partielle, l&#039;utilisation, l&#039;exploitation, la distribution et la commercialisation n\u00e9cessitent dans tous les cas l&#039;autorisation \u00e9crite pr\u00e9alable du responsable. Toute utilisation non pr\u00e9alablement autoris\u00e9e est consid\u00e9r\u00e9e comme une violation grave des droits de propri\u00e9t\u00e9 intellectuelle ou industrielle de l&#039;auteur. Les dessins, logos, textes et\/ou graphiques autres que ceux responsables et qui peuvent appara\u00eetre sur le site appartiennent \u00e0 leurs propri\u00e9taires respectifs, et ils sont eux-m\u00eames responsables de toute \u00e9ventuelle controverse qui pourrait survenir \u00e0 leur sujet.<\/p><p>Le responsable reconna\u00eet en faveur de ses propri\u00e9taires les droits de propri\u00e9t\u00e9 intellectuelle et industrielle correspondants, sa simple mention ou apparition sur le site Web n&#039;impliquant pas l&#039;existence d&#039;aucun droit ou responsabilit\u00e9 sur ceux-ci, ni l&#039;approbation, le parrainage ou la recommandation de celui-ci.<\/p><p>Pour faire tout type d&#039;observation concernant d&#039;\u00e9ventuelles violations des droits de propri\u00e9t\u00e9 intellectuelle ou industrielle, ainsi que sur tout contenu du site Web, vous pouvez le faire par email info@agradocosmetic.com ou \u00e0 l&#039;adresse postale suivante : C\/ ZEFIR, PI TERRAIN NUM\u00c9RO 16., \u2013 46119 NAQUERA (Val\u00e8ncia).<\/p><p><strong>3. Navigation, acc\u00e8s et s\u00e9curit\u00e9 :<br \/><\/strong><br \/>L&#039;acc\u00e8s, la navigation et l&#039;utilisation de ce site impliquent votre acceptation expresse et sans r\u00e9serve de tous les termes de la pr\u00e9sente Politique de Confidentialit\u00e9 et de Protection des Donn\u00e9es, ayant la m\u00eame validit\u00e9 et la m\u00eame efficacit\u00e9 que tout contrat conclu par \u00e9crit et sign\u00e9. En ce sens, l&#039;Utilisateur sera compris comme la personne qui acc\u00e8de, navigue, utilise ou participe aux services et activit\u00e9s, gratuits ou co\u00fbteux, d\u00e9velopp\u00e9s sur le Site.<\/p><p>L&#039;acc\u00e8s, la navigation et l&#039;utilisation de ce site Web impliquent l&#039;acceptation expresse et sans r\u00e9serve de tous les avertissements l\u00e9gaux, conditions et modalit\u00e9s d&#039;utilisation contenus dans la pr\u00e9sente Politique de confidentialit\u00e9 et de protection des donn\u00e9es. AGRADO COSMETIC CARE 3000 SLU met tout en \u0153uvre pour que la navigation se d\u00e9roule dans les meilleures conditions et pour \u00e9viter les dommages de toute nature qui pourraient survenir lors de celle-ci. AGRADO COSMETIC CARE 3000 SLU n&#039;est pas responsable et ne garantit pas que l&#039;acc\u00e8s \u00e0 ce site Web sera ininterrompu ou sans erreur. Il n&#039;est pas non plus responsable ni garanti que le contenu ou les logiciels accessibles via ce site Web soient exempts d&#039;erreurs ou causent des dommages. En aucun cas AGRADO COSMETIC CARE 3000 SLU ne sera responsable des pertes, dommages ou pertes de toute nature r\u00e9sultant de l&#039;acc\u00e8s et de l&#039;utilisation du site Web, y compris, mais sans s&#039;y limiter, ceux caus\u00e9s aux syst\u00e8mes informatiques ou ceux caus\u00e9s par l&#039;introduction de virus, il n&#039;est pas non plus responsable des dommages qui pourraient \u00eatre caus\u00e9s aux utilisateurs en raison d&#039;une mauvaise utilisation de ce site Web. Les services propos\u00e9s sur ce Site ne peuvent \u00eatre utilis\u00e9s correctement que si les sp\u00e9cifications techniques pour lesquelles ils ont \u00e9t\u00e9 con\u00e7us sont respect\u00e9es.<\/p><p>L&#039;acc\u00e8s \u00e0 ce site Web aux mineurs de moins de 14 ans est interdit, sauf s&#039;ils disposent de l&#039;autorisation pr\u00e9alable et expresse de leurs parents, tuteurs ou repr\u00e9sentants l\u00e9gaux, qui seront consid\u00e9r\u00e9s comme responsables des actes accomplis par les mineurs. r\u00e9glementation en vigueur. En tout \u00e9tat de cause, il sera pr\u00e9sum\u00e9 que l&#039;acc\u00e8s d&#039;un mineur au Site a \u00e9t\u00e9 effectu\u00e9 avec l&#039;autorisation pr\u00e9alable et expresse de ses parents, tuteurs ou repr\u00e9sentants l\u00e9gaux.<\/p><p><strong>4. Exon\u00e9ration des responsabilit\u00e9s du responsable :<br \/><\/strong><br \/>Il est exon\u00e9r\u00e9 de tout type de responsabilit\u00e9 d\u00e9coulant des informations publi\u00e9es sur son site Web dans la mesure o\u00f9 ces informations ont \u00e9t\u00e9 manipul\u00e9es ou introduites par un tiers qui ne lui est pas li\u00e9. Politique de liens depuis le site Internet, il est possible que vous soyez redirig\u00e9 vers du contenu provenant de sites Internet tiers. \u00c9tant donn\u00e9 que le responsable ne peut pas toujours contr\u00f4ler les contenus introduits par des tiers sur leurs sites Web respectifs, il n&#039;assume aucune responsabilit\u00e9 quant \u00e0 ces contenus. En todo caso, proceder\u00e1 a la retirada inmediata de cualquier contenido que pudiera contravenir la legislaci\u00f3n nacional o internacional, la moral o el orden p\u00fablico, procediendo a la retirada inmediata de la redirecci\u00f3n a dicho sitio web, poniendo en conocimiento de las autoridades competentes el contenido en question. Le responsable n&#039;est pas responsable des informations et du contenu stock\u00e9s, \u00e0 titre d&#039;exemple, mais sans s&#039;y limiter, dans les forums, chats, g\u00e9n\u00e9rateurs de blogs, commentaires, r\u00e9seaux sociaux ou tout autre moyen permettant \u00e0 des tiers de publier du contenu de mani\u00e8re ind\u00e9pendante sur la page. .site Internet du responsable. Cependant, et conform\u00e9ment aux dispositions des articles 11 et 16 de la LSSICE, il est mis \u00e0 la disposition de tous les utilisateurs, autorit\u00e9s et forces de s\u00e9curit\u00e9, collaborant activement au retrait ou, le cas \u00e9ch\u00e9ant, au blocage de tous les contenus susceptibles d&#039;affecter ou de contrevenir. la l\u00e9gislation nationale ou internationale, les droits des tiers ou encore les bonnes m\u0153urs et l&#039;ordre public.<\/p><p>Si l&#039;utilisateur estime qu&#039;il existe un contenu sur le site Web susceptible d&#039;\u00eatre soumis \u00e0 cette classification, il est pri\u00e9 d&#039;en informer imm\u00e9diatement l&#039;administrateur du site Web. Ce site Web a \u00e9t\u00e9 examin\u00e9 et test\u00e9 pour fonctionner correctement. En principe, le bon fonctionnement peut \u00eatre garanti 365 jours par an, 24 heures sur 24. Cependant, le responsable n&#039;exclut pas la possibilit\u00e9 que certaines erreurs de programmation se produisent, ou que des cas de force majeure, des catastrophes naturelles, des gr\u00e8ves ou des circonstances similaires puissent survenir rendant impossible l&#039;acc\u00e8s au site Web.<\/p><p><b>5. Conditions suppl\u00e9mentaires :<\/b><\/p><p>L&#039;utilisateur qui saisit les donn\u00e9es est seul et ultime responsable de la v\u00e9racit\u00e9 des informations fournies dans le service et des modifications qui pourraient y \u00eatre apport\u00e9es jusqu&#039;\u00e0 la fin du service.<\/p><p><b>6. Mise \u00e0 jour et modification des informations :<\/b><\/p><p>Les informations qui apparaissent sur ce site Internet sont \u00e0 jour \u00e0 la date de leur derni\u00e8re mise \u00e0 jour. AGRADO COSMETIC CARE 3000 SLU se r\u00e9serve le droit de mettre \u00e0 jour, de modifier ou de supprimer les informations de ce site Web et peut en limiter ou interdire l&#039;acc\u00e8s. Ce site Web ne peut \u00eatre alt\u00e9r\u00e9, chang\u00e9, modifi\u00e9 ou adapt\u00e9. Cependant, AGRADO COSMETIC CARE 3000 SLU se r\u00e9serve le droit d&#039;effectuer, \u00e0 tout moment, tous changements et modifications qu&#039;elle jugera opportuns, et pourra faire usage de ce pouvoir \u00e0 tout moment et sans pr\u00e9avis.<\/p><p><b>7. Loi applicable et juridiction :<br \/><\/b>Ces Conditions seront r\u00e9gies et interpr\u00e9t\u00e9es conform\u00e9ment au droit commun espagnol. Pour toutes questions qui pourraient surgir concernant l&#039;interpr\u00e9tation, le respect, la r\u00e9siliation ou la r\u00e9solution des Conditions G\u00e9n\u00e9rales, les Parties se soumettent \u00e0 la juridiction et \u00e0 la comp\u00e9tence des Cours et Tribunaux du si\u00e8ge social du Responsable du site Internet. Cependant, conform\u00e9ment \u00e0 la l\u00e9gislation espagnole, pour toute question pouvant survenir en relation avec les pr\u00e9sentes Conditions G\u00e9n\u00e9rales, les cours et tribunaux du domicile applicable seront comp\u00e9tents, conform\u00e9ment \u00e0 l&#039;article 52 de la loi de proc\u00e9dure civile ou \u00e0 la norme de substitution. applicable \u00e0 tout moment.<\/p><p>Mention l\u00e9gale r\u00e9dig\u00e9e et fournie par PROTECTION REPORT SOLUTIONS, SL, <a href=\"http:\/\/www.protectionreport.com\" target=\"_blank\" rel=\"noopener\">Entreprise RGPD<\/a> qui se r\u00e9serve les actions en justice appropri\u00e9es contre toute personne qui copie et utilise ill\u00e9galement le contenu.<\/p>\t\t\t\t\t\t\t\t<\/div>\n\t\t\t\t<\/div>\n\t\t\t\t\t<\/div>\n\t\t\t\t<\/div>\n\t\t\t\t<\/div>","protected":false},"excerpt":{"rendered":"<p>Aviso Legal AGRADO COSMETIC CARE 3000 S.L.U. se reserva el derecho de modificar cualquier tipo de informaci\u00f3n que pudiera aparecer en el sitio web, sin que exista obligaci\u00f3n de preavisar o poner en conocimiento de los usuarios dichas obligaciones, entendi\u00e9ndose como suficiente con la publicaci\u00f3n en el sitio web de AGRADO COSMETIC CARE 3000 S.L.U. [&hellip;]<\/p>\n","protected":false},"author":1,"featured_media":0,"parent":0,"menu_order":21,"comment_status":"closed","ping_status":"closed","template":"","meta":{"footnotes":"","_wp_rev_ctl_limit":"5"},"class_list":["post-917","page","type-page","status-publish","hentry"],"yoast_head":"<!-- This site is optimized with the Yoast SEO plugin v27.4 - https:\/\/yoast.com\/product\/yoast-seo-wordpress\/ -->\n<title>Aviso Legal - Agrado<\/title>\n<meta name=\"robots\" content=\"noindex, nofollow\" \/>\n<meta property=\"og:locale\" content=\"fr_FR\" \/>\n<meta property=\"og:type\" content=\"article\" \/>\n<meta property=\"og:title\" content=\"Aviso Legal - Agrado\" \/>\n<meta property=\"og:description\" content=\"Aviso Legal AGRADO COSMETIC CARE 3000 S.L.U. se reserva el derecho de modificar cualquier tipo de informaci\u00f3n que pudiera aparecer en el sitio web, sin que exista obligaci\u00f3n de preavisar o poner en conocimiento de los usuarios dichas obligaciones, entendi\u00e9ndose como suficiente con la publicaci\u00f3n en el sitio web de AGRADO COSMETIC CARE 3000 S.L.U. [&hellip;]\" \/>\n<meta property=\"og:url\" content=\"https:\/\/agradocosmetic.com\/fr\/aviso-legal\/\" \/>\n<meta property=\"og:site_name\" content=\"Agrado\" \/>\n<meta property=\"article:modified_time\" content=\"2025-07-01T11:39:13+00:00\" \/>\n<meta name=\"twitter:card\" content=\"summary_large_image\" \/>\n<meta name=\"twitter:label1\" content=\"Dur\u00e9e de lecture estim\u00e9e\" \/>\n\t<meta name=\"twitter:data1\" content=\"7 minutes\" \/>\n<script type=\"application\/ld+json\" class=\"yoast-schema-graph\">{\"@context\":\"https:\\\/\\\/schema.org\",\"@graph\":[{\"@type\":\"WebPage\",\"@id\":\"https:\\\/\\\/agradocosmetic.com\\\/aviso-legal\\\/\",\"url\":\"https:\\\/\\\/agradocosmetic.com\\\/aviso-legal\\\/\",\"name\":\"Aviso Legal - Agrado\",\"isPartOf\":{\"@id\":\"https:\\\/\\\/agradocosmetic.com\\\/#website\"},\"datePublished\":\"2023-09-11T15:38:22+00:00\",\"dateModified\":\"2025-07-01T11:39:13+00:00\",\"breadcrumb\":{\"@id\":\"https:\\\/\\\/agradocosmetic.com\\\/aviso-legal\\\/#breadcrumb\"},\"inLanguage\":\"fr-FR\",\"potentialAction\":[{\"@type\":\"ReadAction\",\"target\":[\"https:\\\/\\\/agradocosmetic.com\\\/aviso-legal\\\/\"]}]},{\"@type\":\"BreadcrumbList\",\"@id\":\"https:\\\/\\\/agradocosmetic.com\\\/aviso-legal\\\/#breadcrumb\",\"itemListElement\":[{\"@type\":\"ListItem\",\"position\":1,\"name\":\"Portada\",\"item\":\"https:\\\/\\\/agradocosmetic.com\\\/\"},{\"@type\":\"ListItem\",\"position\":2,\"name\":\"Aviso Legal\"}]},{\"@type\":\"WebSite\",\"@id\":\"https:\\\/\\\/agradocosmetic.com\\\/#website\",\"url\":\"https:\\\/\\\/agradocosmetic.com\\\/\",\"name\":\"Agrado\",\"description\":\"Cosmetic\",\"publisher\":{\"@id\":\"https:\\\/\\\/agradocosmetic.com\\\/#organization\"},\"potentialAction\":[{\"@type\":\"SearchAction\",\"target\":{\"@type\":\"EntryPoint\",\"urlTemplate\":\"https:\\\/\\\/agradocosmetic.com\\\/?s={search_term_string}\"},\"query-input\":{\"@type\":\"PropertyValueSpecification\",\"valueRequired\":true,\"valueName\":\"search_term_string\"}}],\"inLanguage\":\"fr-FR\"},{\"@type\":\"Organization\",\"@id\":\"https:\\\/\\\/agradocosmetic.com\\\/#organization\",\"name\":\"Agrado\",\"url\":\"https:\\\/\\\/agradocosmetic.com\\\/\",\"logo\":{\"@type\":\"ImageObject\",\"inLanguage\":\"fr-FR\",\"@id\":\"https:\\\/\\\/agradocosmetic.com\\\/#\\\/schema\\\/logo\\\/image\\\/\",\"url\":\"https:\\\/\\\/agradocosmetic.com\\\/wp-content\\\/uploads\\\/2023\\\/07\\\/LOGO-AGRADO-WEB-01.png\",\"contentUrl\":\"https:\\\/\\\/agradocosmetic.com\\\/wp-content\\\/uploads\\\/2023\\\/07\\\/LOGO-AGRADO-WEB-01.png\",\"width\":1632,\"height\":300,\"caption\":\"Agrado\"},\"image\":{\"@id\":\"https:\\\/\\\/agradocosmetic.com\\\/#\\\/schema\\\/logo\\\/image\\\/\"}}]}<\/script>\n<!-- \/ Yoast SEO plugin. -->","yoast_head_json":{"title":"Aviso Legal - Agrado","robots":{"index":"noindex","follow":"nofollow"},"og_locale":"fr_FR","og_type":"article","og_title":"Aviso Legal - Agrado","og_description":"Aviso Legal AGRADO COSMETIC CARE 3000 S.L.U. se reserva el derecho de modificar cualquier tipo de informaci\u00f3n que pudiera aparecer en el sitio web, sin que exista obligaci\u00f3n de preavisar o poner en conocimiento de los usuarios dichas obligaciones, entendi\u00e9ndose como suficiente con la publicaci\u00f3n en el sitio web de AGRADO COSMETIC CARE 3000 S.L.U. [&hellip;]","og_url":"https:\/\/agradocosmetic.com\/fr\/aviso-legal\/","og_site_name":"Agrado","article_modified_time":"2025-07-01T11:39:13+00:00","twitter_card":"summary_large_image","twitter_misc":{"Dur\u00e9e de lecture estim\u00e9e":"7 minutes"},"schema":{"@context":"https:\/\/schema.org","@graph":[{"@type":"WebPage","@id":"https:\/\/agradocosmetic.com\/aviso-legal\/","url":"https:\/\/agradocosmetic.com\/aviso-legal\/","name":"Aviso Legal - Agrado","isPartOf":{"@id":"https:\/\/agradocosmetic.com\/#website"},"datePublished":"2023-09-11T15:38:22+00:00","dateModified":"2025-07-01T11:39:13+00:00","breadcrumb":{"@id":"https:\/\/agradocosmetic.com\/aviso-legal\/#breadcrumb"},"inLanguage":"fr-FR","potentialAction":[{"@type":"ReadAction","target":["https:\/\/agradocosmetic.com\/aviso-legal\/"]}]},{"@type":"BreadcrumbList","@id":"https:\/\/agradocosmetic.com\/aviso-legal\/#breadcrumb","itemListElement":[{"@type":"ListItem","position":1,"name":"Portada","item":"https:\/\/agradocosmetic.com\/"},{"@type":"ListItem","position":2,"name":"Aviso Legal"}]},{"@type":"WebSite","@id":"https:\/\/agradocosmetic.com\/#website","url":"https:\/\/agradocosmetic.com\/","name":"Aimer","description":"cosm\u00e9tique","publisher":{"@id":"https:\/\/agradocosmetic.com\/#organization"},"potentialAction":[{"@type":"SearchAction","target":{"@type":"EntryPoint","urlTemplate":"https:\/\/agradocosmetic.com\/?s={search_term_string}"},"query-input":{"@type":"PropertyValueSpecification","valueRequired":true,"valueName":"search_term_string"}}],"inLanguage":"fr-FR"},{"@type":"Organization","@id":"https:\/\/agradocosmetic.com\/#organization","name":"Aimer","url":"https:\/\/agradocosmetic.com\/","logo":{"@type":"ImageObject","inLanguage":"fr-FR","@id":"https:\/\/agradocosmetic.com\/#\/schema\/logo\/image\/","url":"https:\/\/agradocosmetic.com\/wp-content\/uploads\/2023\/07\/LOGO-AGRADO-WEB-01.png","contentUrl":"https:\/\/agradocosmetic.com\/wp-content\/uploads\/2023\/07\/LOGO-AGRADO-WEB-01.png","width":1632,"height":300,"caption":"Agrado"},"image":{"@id":"https:\/\/agradocosmetic.com\/#\/schema\/logo\/image\/"}}]}},"_links":{"self":[{"href":"https:\/\/agradocosmetic.com\/fr\/wp-json\/wp\/v2\/pages\/917","targetHints":{"allow":["GET"]}}],"collection":[{"href":"https:\/\/agradocosmetic.com\/fr\/wp-json\/wp\/v2\/pages"}],"about":[{"href":"https:\/\/agradocosmetic.com\/fr\/wp-json\/wp\/v2\/types\/page"}],"author":[{"embeddable":true,"href":"https:\/\/agradocosmetic.com\/fr\/wp-json\/wp\/v2\/users\/1"}],"replies":[{"embeddable":true,"href":"https:\/\/agradocosmetic.com\/fr\/wp-json\/wp\/v2\/comments?post=917"}],"version-history":[{"count":5,"href":"https:\/\/agradocosmetic.com\/fr\/wp-json\/wp\/v2\/pages\/917\/revisions"}],"predecessor-version":[{"id":30929,"href":"https:\/\/agradocosmetic.com\/fr\/wp-json\/wp\/v2\/pages\/917\/revisions\/30929"}],"wp:attachment":[{"href":"https:\/\/agradocosmetic.com\/fr\/wp-json\/wp\/v2\/media?parent=917"}],"curies":[{"name":"wp","href":"https:\/\/api.w.org\/{rel}","templated":true}]}}