{"id":25089,"date":"2024-04-01T16:39:35","date_gmt":"2024-04-01T16:39:35","guid":{"rendered":"https:\/\/agradocosmetic.com\/?post_type=producto&#038;p=25089"},"modified":"2025-07-01T12:54:28","modified_gmt":"2025-07-01T11:54:28","slug":"aceite-seco-spf30","status":"publish","type":"producto","link":"https:\/\/agradocosmetic.com\/fr\/producto\/aceite-seco-spf30\/","title":{"rendered":"Huile S\u00e8che SPF30"},"content":{"rendered":"<p>Huile s\u00e8che en brume qui sublime le bronzage avec une haute protection SPF30, facile \u00e0 appliquer et imm\u00e9diatement absorb\u00e9e. Texture l\u00e9g\u00e8re au toucher sec et fini invisible. Active la m\u00e9lanine pour obtenir un bronzage plus rapide. Ce n&#039;est pas un autobronzant. Resistant \u00e0 l&#039;eau.<\/p>","protected":false},"featured_media":30900,"template":"","categoria-de-producto":[95,483,100],"class_list":["post-25089","producto","type-producto","status-publish","has-post-thumbnail","hentry","categoria-de-producto-proteccion-solar","categoria-de-producto-30-spf","categoria-de-producto-aceite-bronceador"],"yoast_head":"<!-- This site is optimized with the Yoast SEO plugin v27.4 - https:\/\/yoast.com\/product\/yoast-seo-wordpress\/ -->\n<title>Aceite Seco SPF30 - Agrado<\/title>\n<meta name=\"robots\" content=\"index, follow, max-snippet:-1, max-image-preview:large, max-video-preview:-1\" \/>\n<link rel=\"canonical\" href=\"https:\/\/agradocosmetic.com\/fr\/producto\/aceite-seco-spf30\/\" \/>\n<meta property=\"og:locale\" content=\"fr_FR\" \/>\n<meta property=\"og:type\" content=\"article\" \/>\n<meta property=\"og:title\" content=\"Aceite Seco SPF30 - Agrado\" \/>\n<meta property=\"og:description\" content=\"Aceite seco en bruma potenciador del bronceado con una protecci\u00f3n alta SPF30, de f\u00e1cil aplicaci\u00f3n y absorci\u00f3n inmediata. Textura ligera de tacto seco y acabado invisible. Activa la melanina para conseguir un bronceado m\u00e1s r\u00e1pido. No es un autobronceador. Resistente al agua.\" \/>\n<meta property=\"og:url\" content=\"https:\/\/agradocosmetic.com\/fr\/producto\/aceite-seco-spf30\/\" \/>\n<meta property=\"og:site_name\" content=\"Agrado\" \/>\n<meta property=\"article:modified_time\" content=\"2025-07-01T11:54:28+00:00\" \/>\n<meta property=\"og:image\" content=\"https:\/\/agradocosmetic.com\/wp-content\/uploads\/2024\/04\/30009611-ACEITE-SECO-BRONCEA-CARE-SPF30-200ML-AGRADO-.webp\" \/>\n\t<meta property=\"og:image:width\" content=\"800\" \/>\n\t<meta property=\"og:image:height\" content=\"800\" \/>\n\t<meta property=\"og:image:type\" content=\"image\/webp\" \/>\n<meta name=\"twitter:card\" content=\"summary_large_image\" \/>\n<meta name=\"twitter:label1\" content=\"Dur\u00e9e de lecture estim\u00e9e\" \/>\n\t<meta name=\"twitter:data1\" content=\"1 minute\" \/>\n<script type=\"application\/ld+json\" class=\"yoast-schema-graph\">{\"@context\":\"https:\\\/\\\/schema.org\",\"@graph\":[{\"@type\":\"WebPage\",\"@id\":\"https:\\\/\\\/agradocosmetic.com\\\/producto\\\/aceite-seco-spf30\\\/\",\"url\":\"https:\\\/\\\/agradocosmetic.com\\\/producto\\\/aceite-seco-spf30\\\/\",\"name\":\"Aceite Seco SPF30 - Agrado\",\"isPartOf\":{\"@id\":\"https:\\\/\\\/agradocosmetic.com\\\/#website\"},\"primaryImageOfPage\":{\"@id\":\"https:\\\/\\\/agradocosmetic.com\\\/producto\\\/aceite-seco-spf30\\\/#primaryimage\"},\"image\":{\"@id\":\"https:\\\/\\\/agradocosmetic.com\\\/producto\\\/aceite-seco-spf30\\\/#primaryimage\"},\"thumbnailUrl\":\"https:\\\/\\\/agradocosmetic.com\\\/wp-content\\\/uploads\\\/2024\\\/04\\\/30009611-ACEITE-SECO-BRONCEA-CARE-SPF30-200ML-AGRADO-.webp\",\"datePublished\":\"2024-04-01T16:39:35+00:00\",\"dateModified\":\"2025-07-01T11:54:28+00:00\",\"breadcrumb\":{\"@id\":\"https:\\\/\\\/agradocosmetic.com\\\/producto\\\/aceite-seco-spf30\\\/#breadcrumb\"},\"inLanguage\":\"fr-FR\",\"potentialAction\":[{\"@type\":\"ReadAction\",\"target\":[\"https:\\\/\\\/agradocosmetic.com\\\/producto\\\/aceite-seco-spf30\\\/\"]}]},{\"@type\":\"ImageObject\",\"inLanguage\":\"fr-FR\",\"@id\":\"https:\\\/\\\/agradocosmetic.com\\\/producto\\\/aceite-seco-spf30\\\/#primaryimage\",\"url\":\"https:\\\/\\\/agradocosmetic.com\\\/wp-content\\\/uploads\\\/2024\\\/04\\\/30009611-ACEITE-SECO-BRONCEA-CARE-SPF30-200ML-AGRADO-.webp\",\"contentUrl\":\"https:\\\/\\\/agradocosmetic.com\\\/wp-content\\\/uploads\\\/2024\\\/04\\\/30009611-ACEITE-SECO-BRONCEA-CARE-SPF30-200ML-AGRADO-.webp\",\"width\":800,\"height\":800,\"caption\":\"ACEITE SECO BRONCEA CARE SPF30 200ML AGRADO\"},{\"@type\":\"BreadcrumbList\",\"@id\":\"https:\\\/\\\/agradocosmetic.com\\\/producto\\\/aceite-seco-spf30\\\/#breadcrumb\",\"itemListElement\":[{\"@type\":\"ListItem\",\"position\":1,\"name\":\"Portada\",\"item\":\"https:\\\/\\\/agradocosmetic.com\\\/\"},{\"@type\":\"ListItem\",\"position\":2,\"name\":\"Productos\",\"item\":\"https:\\\/\\\/agradocosmetic.com\\\/pt\\\/producto\\\/\"},{\"@type\":\"ListItem\",\"position\":3,\"name\":\"Aceite Seco SPF30\"}]},{\"@type\":\"WebSite\",\"@id\":\"https:\\\/\\\/agradocosmetic.com\\\/#website\",\"url\":\"https:\\\/\\\/agradocosmetic.com\\\/\",\"name\":\"Agrado\",\"description\":\"Cosmetic\",\"publisher\":{\"@id\":\"https:\\\/\\\/agradocosmetic.com\\\/#organization\"},\"potentialAction\":[{\"@type\":\"SearchAction\",\"target\":{\"@type\":\"EntryPoint\",\"urlTemplate\":\"https:\\\/\\\/agradocosmetic.com\\\/?s={search_term_string}\"},\"query-input\":{\"@type\":\"PropertyValueSpecification\",\"valueRequired\":true,\"valueName\":\"search_term_string\"}}],\"inLanguage\":\"fr-FR\"},{\"@type\":\"Organization\",\"@id\":\"https:\\\/\\\/agradocosmetic.com\\\/#organization\",\"name\":\"Agrado\",\"url\":\"https:\\\/\\\/agradocosmetic.com\\\/\",\"logo\":{\"@type\":\"ImageObject\",\"inLanguage\":\"fr-FR\",\"@id\":\"https:\\\/\\\/agradocosmetic.com\\\/#\\\/schema\\\/logo\\\/image\\\/\",\"url\":\"https:\\\/\\\/agradocosmetic.com\\\/wp-content\\\/uploads\\\/2023\\\/07\\\/LOGO-AGRADO-WEB-01.png\",\"contentUrl\":\"https:\\\/\\\/agradocosmetic.com\\\/wp-content\\\/uploads\\\/2023\\\/07\\\/LOGO-AGRADO-WEB-01.png\",\"width\":1632,\"height\":300,\"caption\":\"Agrado\"},\"image\":{\"@id\":\"https:\\\/\\\/agradocosmetic.com\\\/#\\\/schema\\\/logo\\\/image\\\/\"}}]}<\/script>\n<!-- \/ Yoast SEO plugin. -->","yoast_head_json":{"title":"Huile s\u00e8che SPF30 - Plaisir","robots":{"index":"index","follow":"follow","max-snippet":"max-snippet:-1","max-image-preview":"max-image-preview:large","max-video-preview":"max-video-preview:-1"},"canonical":"https:\/\/agradocosmetic.com\/fr\/producto\/aceite-seco-spf30\/","og_locale":"fr_FR","og_type":"article","og_title":"Aceite Seco SPF30 - Agrado","og_description":"Aceite seco en bruma potenciador del bronceado con una protecci\u00f3n alta SPF30, de f\u00e1cil aplicaci\u00f3n y absorci\u00f3n inmediata. Textura ligera de tacto seco y acabado invisible. Activa la melanina para conseguir un bronceado m\u00e1s r\u00e1pido. No es un autobronceador. Resistente al agua.","og_url":"https:\/\/agradocosmetic.com\/fr\/producto\/aceite-seco-spf30\/","og_site_name":"Agrado","article_modified_time":"2025-07-01T11:54:28+00:00","og_image":[{"width":800,"height":800,"url":"https:\/\/agradocosmetic.com\/wp-content\/uploads\/2024\/04\/30009611-ACEITE-SECO-BRONCEA-CARE-SPF30-200ML-AGRADO-.webp","type":"image\/webp"}],"twitter_card":"summary_large_image","twitter_misc":{"Dur\u00e9e de lecture estim\u00e9e":"1 minute"},"schema":{"@context":"https:\/\/schema.org","@graph":[{"@type":"WebPage","@id":"https:\/\/agradocosmetic.com\/producto\/aceite-seco-spf30\/","url":"https:\/\/agradocosmetic.com\/producto\/aceite-seco-spf30\/","name":"Huile s\u00e8che SPF30 - Plaisir","isPartOf":{"@id":"https:\/\/agradocosmetic.com\/#website"},"primaryImageOfPage":{"@id":"https:\/\/agradocosmetic.com\/producto\/aceite-seco-spf30\/#primaryimage"},"image":{"@id":"https:\/\/agradocosmetic.com\/producto\/aceite-seco-spf30\/#primaryimage"},"thumbnailUrl":"https:\/\/agradocosmetic.com\/wp-content\/uploads\/2024\/04\/30009611-ACEITE-SECO-BRONCEA-CARE-SPF30-200ML-AGRADO-.webp","datePublished":"2024-04-01T16:39:35+00:00","dateModified":"2025-07-01T11:54:28+00:00","breadcrumb":{"@id":"https:\/\/agradocosmetic.com\/producto\/aceite-seco-spf30\/#breadcrumb"},"inLanguage":"fr-FR","potentialAction":[{"@type":"ReadAction","target":["https:\/\/agradocosmetic.com\/producto\/aceite-seco-spf30\/"]}]},{"@type":"ImageObject","inLanguage":"fr-FR","@id":"https:\/\/agradocosmetic.com\/producto\/aceite-seco-spf30\/#primaryimage","url":"https:\/\/agradocosmetic.com\/wp-content\/uploads\/2024\/04\/30009611-ACEITE-SECO-BRONCEA-CARE-SPF30-200ML-AGRADO-.webp","contentUrl":"https:\/\/agradocosmetic.com\/wp-content\/uploads\/2024\/04\/30009611-ACEITE-SECO-BRONCEA-CARE-SPF30-200ML-AGRADO-.webp","width":800,"height":800,"caption":"ACEITE SECO BRONCEA CARE SPF30 200ML AGRADO"},{"@type":"BreadcrumbList","@id":"https:\/\/agradocosmetic.com\/producto\/aceite-seco-spf30\/#breadcrumb","itemListElement":[{"@type":"ListItem","position":1,"name":"Portada","item":"https:\/\/agradocosmetic.com\/"},{"@type":"ListItem","position":2,"name":"Productos","item":"https:\/\/agradocosmetic.com\/pt\/producto\/"},{"@type":"ListItem","position":3,"name":"Aceite Seco SPF30"}]},{"@type":"WebSite","@id":"https:\/\/agradocosmetic.com\/#website","url":"https:\/\/agradocosmetic.com\/","name":"Aimer","description":"cosm\u00e9tique","publisher":{"@id":"https:\/\/agradocosmetic.com\/#organization"},"potentialAction":[{"@type":"SearchAction","target":{"@type":"EntryPoint","urlTemplate":"https:\/\/agradocosmetic.com\/?s={search_term_string}"},"query-input":{"@type":"PropertyValueSpecification","valueRequired":true,"valueName":"search_term_string"}}],"inLanguage":"fr-FR"},{"@type":"Organization","@id":"https:\/\/agradocosmetic.com\/#organization","name":"Aimer","url":"https:\/\/agradocosmetic.com\/","logo":{"@type":"ImageObject","inLanguage":"fr-FR","@id":"https:\/\/agradocosmetic.com\/#\/schema\/logo\/image\/","url":"https:\/\/agradocosmetic.com\/wp-content\/uploads\/2023\/07\/LOGO-AGRADO-WEB-01.png","contentUrl":"https:\/\/agradocosmetic.com\/wp-content\/uploads\/2023\/07\/LOGO-AGRADO-WEB-01.png","width":1632,"height":300,"caption":"Agrado"},"image":{"@id":"https:\/\/agradocosmetic.com\/#\/schema\/logo\/image\/"}}]}},"_links":{"self":[{"href":"https:\/\/agradocosmetic.com\/fr\/wp-json\/wp\/v2\/producto\/25089","targetHints":{"allow":["GET"]}}],"collection":[{"href":"https:\/\/agradocosmetic.com\/fr\/wp-json\/wp\/v2\/producto"}],"about":[{"href":"https:\/\/agradocosmetic.com\/fr\/wp-json\/wp\/v2\/types\/producto"}],"wp:featuredmedia":[{"embeddable":true,"href":"https:\/\/agradocosmetic.com\/fr\/wp-json\/wp\/v2\/media\/30900"}],"wp:attachment":[{"href":"https:\/\/agradocosmetic.com\/fr\/wp-json\/wp\/v2\/media?parent=25089"}],"wp:term":[{"taxonomy":"categoria-de-producto","embeddable":true,"href":"https:\/\/agradocosmetic.com\/fr\/wp-json\/wp\/v2\/categoria-de-producto?post=25089"}],"curies":[{"name":"wp","href":"https:\/\/api.w.org\/{rel}","templated":true}]}}