{"id":371,"date":"2023-08-18T03:21:15","date_gmt":"2023-08-18T03:21:15","guid":{"rendered":"https:\/\/dev-freelancerweb.site\/?post_type=producto&#038;p=371"},"modified":"2026-02-04T08:49:03","modified_gmt":"2026-02-04T07:49:03","slug":"champu-professional-reparador-nutritivo-2","status":"publish","type":"producto","link":"https:\/\/agradocosmetic.com\/fr\/producto\/champu-professional-reparador-nutritivo-2\/","title":{"rendered":"Shampooing Professionnel R\u00e9parateur Nourrissant"},"content":{"rendered":"<p>Le shampooing r\u00e9parateur nourrissant d\u2019AGRADO est formul\u00e9 \u00e0 base de germe de bl\u00e9, de provitamine B5 et de k\u00e9ratine. Il est sp\u00e9cialement adapt\u00e9 aux cheveux secs, ab\u00eem\u00e9s et cassants qui ont besoin d\u2019une hydratation suppl\u00e9mentaire. Les prot\u00e9ines de bl\u00e9 hydratent la racine, donnant ainsi aux cheveux brillance et vitalit\u00e9. Son apport en k\u00e9ratine rend les cheveux moins cassants et les renforce. Test\u00e9 sous contr\u00f4le dermatologique.<\/p>","protected":false},"featured_media":32182,"template":"","categoria-de-producto":[838,73,74,466],"class_list":["post-371","producto","type-producto","status-publish","has-post-thumbnail","hentry","categoria-de-producto-750ml","categoria-de-producto-cuidado-capilar","categoria-de-producto-champu","categoria-de-producto-cabellos-danados-y-secos"],"yoast_head":"<!-- This site is optimized with the Yoast SEO plugin v27.4 - https:\/\/yoast.com\/product\/yoast-seo-wordpress\/ -->\n<title>Champ\u00fa Profesional Reparador Nutritivo - Agrado<\/title>\n<meta name=\"robots\" content=\"index, follow, max-snippet:-1, max-image-preview:large, max-video-preview:-1\" \/>\n<link rel=\"canonical\" href=\"https:\/\/agradocosmetic.com\/fr\/producto\/champu-professional-reparador-nutritivo-2\/\" \/>\n<meta property=\"og:locale\" content=\"fr_FR\" \/>\n<meta property=\"og:type\" content=\"article\" \/>\n<meta property=\"og:title\" content=\"Champ\u00fa Profesional Reparador Nutritivo - Agrado\" \/>\n<meta property=\"og:description\" content=\"El champ\u00fa profesional Reparador Nutritivo AGRADO est\u00e1 especialmente indicado para cabellos muy secos y da\u00f1ados que necesitan un aporte extra de hidrataci\u00f3n. La prote\u00edna de trigo hidrata la ra\u00edz, aport\u00e1ndole brillo y vitalidad al cabello. Su aporte de keratina aumenta la resistencia a la rotura y lo fortalece. Dermatol\u00f3gicamente testado.\" \/>\n<meta property=\"og:url\" content=\"https:\/\/agradocosmetic.com\/fr\/producto\/champu-professional-reparador-nutritivo-2\/\" \/>\n<meta property=\"og:site_name\" content=\"Agrado\" \/>\n<meta property=\"article:modified_time\" content=\"2026-02-04T07:49:03+00:00\" \/>\n<meta property=\"og:image\" content=\"https:\/\/agradocosmetic.com\/wp-content\/uploads\/2023\/08\/30004882-CH-NUTRI-REPARA-750ML.webp\" \/>\n\t<meta property=\"og:image:width\" content=\"800\" \/>\n\t<meta property=\"og:image:height\" content=\"800\" \/>\n\t<meta property=\"og:image:type\" content=\"image\/webp\" \/>\n<meta name=\"twitter:card\" content=\"summary_large_image\" \/>\n<meta name=\"twitter:label1\" content=\"Dur\u00e9e de lecture estim\u00e9e\" \/>\n\t<meta name=\"twitter:data1\" content=\"1 minute\" \/>\n<script type=\"application\/ld+json\" class=\"yoast-schema-graph\">{\"@context\":\"https:\\\/\\\/schema.org\",\"@graph\":[{\"@type\":\"WebPage\",\"@id\":\"https:\\\/\\\/agradocosmetic.com\\\/producto\\\/champu-professional-reparador-nutritivo-2\\\/\",\"url\":\"https:\\\/\\\/agradocosmetic.com\\\/producto\\\/champu-professional-reparador-nutritivo-2\\\/\",\"name\":\"Champ\u00fa Profesional Reparador Nutritivo - Agrado\",\"isPartOf\":{\"@id\":\"https:\\\/\\\/agradocosmetic.com\\\/#website\"},\"primaryImageOfPage\":{\"@id\":\"https:\\\/\\\/agradocosmetic.com\\\/producto\\\/champu-professional-reparador-nutritivo-2\\\/#primaryimage\"},\"image\":{\"@id\":\"https:\\\/\\\/agradocosmetic.com\\\/producto\\\/champu-professional-reparador-nutritivo-2\\\/#primaryimage\"},\"thumbnailUrl\":\"https:\\\/\\\/agradocosmetic.com\\\/wp-content\\\/uploads\\\/2023\\\/08\\\/30004882-CH-NUTRI-REPARA-750ML.webp\",\"datePublished\":\"2023-08-18T03:21:15+00:00\",\"dateModified\":\"2026-02-04T07:49:03+00:00\",\"breadcrumb\":{\"@id\":\"https:\\\/\\\/agradocosmetic.com\\\/producto\\\/champu-professional-reparador-nutritivo-2\\\/#breadcrumb\"},\"inLanguage\":\"fr-FR\",\"potentialAction\":[{\"@type\":\"ReadAction\",\"target\":[\"https:\\\/\\\/agradocosmetic.com\\\/producto\\\/champu-professional-reparador-nutritivo-2\\\/\"]}]},{\"@type\":\"ImageObject\",\"inLanguage\":\"fr-FR\",\"@id\":\"https:\\\/\\\/agradocosmetic.com\\\/producto\\\/champu-professional-reparador-nutritivo-2\\\/#primaryimage\",\"url\":\"https:\\\/\\\/agradocosmetic.com\\\/wp-content\\\/uploads\\\/2023\\\/08\\\/30004882-CH-NUTRI-REPARA-750ML.webp\",\"contentUrl\":\"https:\\\/\\\/agradocosmetic.com\\\/wp-content\\\/uploads\\\/2023\\\/08\\\/30004882-CH-NUTRI-REPARA-750ML.webp\",\"width\":800,\"height\":800},{\"@type\":\"BreadcrumbList\",\"@id\":\"https:\\\/\\\/agradocosmetic.com\\\/producto\\\/champu-professional-reparador-nutritivo-2\\\/#breadcrumb\",\"itemListElement\":[{\"@type\":\"ListItem\",\"position\":1,\"name\":\"Portada\",\"item\":\"https:\\\/\\\/agradocosmetic.com\\\/\"},{\"@type\":\"ListItem\",\"position\":2,\"name\":\"Productos\",\"item\":\"https:\\\/\\\/agradocosmetic.com\\\/pt\\\/producto\\\/\"},{\"@type\":\"ListItem\",\"position\":3,\"name\":\"Champ\u00fa Profesional Reparador Nutritivo\"}]},{\"@type\":\"WebSite\",\"@id\":\"https:\\\/\\\/agradocosmetic.com\\\/#website\",\"url\":\"https:\\\/\\\/agradocosmetic.com\\\/\",\"name\":\"Agrado\",\"description\":\"Cosmetic\",\"publisher\":{\"@id\":\"https:\\\/\\\/agradocosmetic.com\\\/#organization\"},\"potentialAction\":[{\"@type\":\"SearchAction\",\"target\":{\"@type\":\"EntryPoint\",\"urlTemplate\":\"https:\\\/\\\/agradocosmetic.com\\\/?s={search_term_string}\"},\"query-input\":{\"@type\":\"PropertyValueSpecification\",\"valueRequired\":true,\"valueName\":\"search_term_string\"}}],\"inLanguage\":\"fr-FR\"},{\"@type\":\"Organization\",\"@id\":\"https:\\\/\\\/agradocosmetic.com\\\/#organization\",\"name\":\"Agrado\",\"url\":\"https:\\\/\\\/agradocosmetic.com\\\/\",\"logo\":{\"@type\":\"ImageObject\",\"inLanguage\":\"fr-FR\",\"@id\":\"https:\\\/\\\/agradocosmetic.com\\\/#\\\/schema\\\/logo\\\/image\\\/\",\"url\":\"https:\\\/\\\/agradocosmetic.com\\\/wp-content\\\/uploads\\\/2023\\\/07\\\/LOGO-AGRADO-WEB-01.png\",\"contentUrl\":\"https:\\\/\\\/agradocosmetic.com\\\/wp-content\\\/uploads\\\/2023\\\/07\\\/LOGO-AGRADO-WEB-01.png\",\"width\":1632,\"height\":300,\"caption\":\"Agrado\"},\"image\":{\"@id\":\"https:\\\/\\\/agradocosmetic.com\\\/#\\\/schema\\\/logo\\\/image\\\/\"}}]}<\/script>\n<!-- \/ Yoast SEO plugin. -->","yoast_head_json":{"title":"Shampooing r\u00e9parateur nourrissant professionnel - Agrado","robots":{"index":"index","follow":"follow","max-snippet":"max-snippet:-1","max-image-preview":"max-image-preview:large","max-video-preview":"max-video-preview:-1"},"canonical":"https:\/\/agradocosmetic.com\/fr\/producto\/champu-professional-reparador-nutritivo-2\/","og_locale":"fr_FR","og_type":"article","og_title":"Champ\u00fa Profesional Reparador Nutritivo - Agrado","og_description":"El champ\u00fa profesional Reparador Nutritivo AGRADO est\u00e1 especialmente indicado para cabellos muy secos y da\u00f1ados que necesitan un aporte extra de hidrataci\u00f3n. La prote\u00edna de trigo hidrata la ra\u00edz, aport\u00e1ndole brillo y vitalidad al cabello. Su aporte de keratina aumenta la resistencia a la rotura y lo fortalece. Dermatol\u00f3gicamente testado.","og_url":"https:\/\/agradocosmetic.com\/fr\/producto\/champu-professional-reparador-nutritivo-2\/","og_site_name":"Agrado","article_modified_time":"2026-02-04T07:49:03+00:00","og_image":[{"width":800,"height":800,"url":"https:\/\/agradocosmetic.com\/wp-content\/uploads\/2023\/08\/30004882-CH-NUTRI-REPARA-750ML.webp","type":"image\/webp"}],"twitter_card":"summary_large_image","twitter_misc":{"Dur\u00e9e de lecture estim\u00e9e":"1 minute"},"schema":{"@context":"https:\/\/schema.org","@graph":[{"@type":"WebPage","@id":"https:\/\/agradocosmetic.com\/producto\/champu-professional-reparador-nutritivo-2\/","url":"https:\/\/agradocosmetic.com\/producto\/champu-professional-reparador-nutritivo-2\/","name":"Shampooing r\u00e9parateur nourrissant professionnel - Agrado","isPartOf":{"@id":"https:\/\/agradocosmetic.com\/#website"},"primaryImageOfPage":{"@id":"https:\/\/agradocosmetic.com\/producto\/champu-professional-reparador-nutritivo-2\/#primaryimage"},"image":{"@id":"https:\/\/agradocosmetic.com\/producto\/champu-professional-reparador-nutritivo-2\/#primaryimage"},"thumbnailUrl":"https:\/\/agradocosmetic.com\/wp-content\/uploads\/2023\/08\/30004882-CH-NUTRI-REPARA-750ML.webp","datePublished":"2023-08-18T03:21:15+00:00","dateModified":"2026-02-04T07:49:03+00:00","breadcrumb":{"@id":"https:\/\/agradocosmetic.com\/producto\/champu-professional-reparador-nutritivo-2\/#breadcrumb"},"inLanguage":"fr-FR","potentialAction":[{"@type":"ReadAction","target":["https:\/\/agradocosmetic.com\/producto\/champu-professional-reparador-nutritivo-2\/"]}]},{"@type":"ImageObject","inLanguage":"fr-FR","@id":"https:\/\/agradocosmetic.com\/producto\/champu-professional-reparador-nutritivo-2\/#primaryimage","url":"https:\/\/agradocosmetic.com\/wp-content\/uploads\/2023\/08\/30004882-CH-NUTRI-REPARA-750ML.webp","contentUrl":"https:\/\/agradocosmetic.com\/wp-content\/uploads\/2023\/08\/30004882-CH-NUTRI-REPARA-750ML.webp","width":800,"height":800},{"@type":"BreadcrumbList","@id":"https:\/\/agradocosmetic.com\/producto\/champu-professional-reparador-nutritivo-2\/#breadcrumb","itemListElement":[{"@type":"ListItem","position":1,"name":"Portada","item":"https:\/\/agradocosmetic.com\/"},{"@type":"ListItem","position":2,"name":"Productos","item":"https:\/\/agradocosmetic.com\/pt\/producto\/"},{"@type":"ListItem","position":3,"name":"Champ\u00fa Profesional Reparador Nutritivo"}]},{"@type":"WebSite","@id":"https:\/\/agradocosmetic.com\/#website","url":"https:\/\/agradocosmetic.com\/","name":"Aimer","description":"cosm\u00e9tique","publisher":{"@id":"https:\/\/agradocosmetic.com\/#organization"},"potentialAction":[{"@type":"SearchAction","target":{"@type":"EntryPoint","urlTemplate":"https:\/\/agradocosmetic.com\/?s={search_term_string}"},"query-input":{"@type":"PropertyValueSpecification","valueRequired":true,"valueName":"search_term_string"}}],"inLanguage":"fr-FR"},{"@type":"Organization","@id":"https:\/\/agradocosmetic.com\/#organization","name":"Aimer","url":"https:\/\/agradocosmetic.com\/","logo":{"@type":"ImageObject","inLanguage":"fr-FR","@id":"https:\/\/agradocosmetic.com\/#\/schema\/logo\/image\/","url":"https:\/\/agradocosmetic.com\/wp-content\/uploads\/2023\/07\/LOGO-AGRADO-WEB-01.png","contentUrl":"https:\/\/agradocosmetic.com\/wp-content\/uploads\/2023\/07\/LOGO-AGRADO-WEB-01.png","width":1632,"height":300,"caption":"Agrado"},"image":{"@id":"https:\/\/agradocosmetic.com\/#\/schema\/logo\/image\/"}}]}},"_links":{"self":[{"href":"https:\/\/agradocosmetic.com\/fr\/wp-json\/wp\/v2\/producto\/371","targetHints":{"allow":["GET"]}}],"collection":[{"href":"https:\/\/agradocosmetic.com\/fr\/wp-json\/wp\/v2\/producto"}],"about":[{"href":"https:\/\/agradocosmetic.com\/fr\/wp-json\/wp\/v2\/types\/producto"}],"wp:featuredmedia":[{"embeddable":true,"href":"https:\/\/agradocosmetic.com\/fr\/wp-json\/wp\/v2\/media\/32182"}],"wp:attachment":[{"href":"https:\/\/agradocosmetic.com\/fr\/wp-json\/wp\/v2\/media?parent=371"}],"wp:term":[{"taxonomy":"categoria-de-producto","embeddable":true,"href":"https:\/\/agradocosmetic.com\/fr\/wp-json\/wp\/v2\/categoria-de-producto?post=371"}],"curies":[{"name":"wp","href":"https:\/\/api.w.org\/{rel}","templated":true}]}}