{"id":407,"date":"2023-08-18T19:02:02","date_gmt":"2023-08-18T19:02:02","guid":{"rendered":"https:\/\/dev-freelancerweb.site\/?post_type=producto&#038;p=407"},"modified":"2026-02-04T08:47:59","modified_gmt":"2026-02-04T07:47:59","slug":"mascarilla-reparadora","status":"publish","type":"producto","link":"https:\/\/agradocosmetic.com\/fr\/producto\/mascarilla-reparadora\/","title":{"rendered":"Masque Capillaire R\u00e9parateur"},"content":{"rendered":"<p>Masque R\u00e9paration pour les cheveux ab\u00eem\u00e9s, ternes et d\u00e9vitalis\u00e9s. Les prot\u00e9ines de soie aident \u00e0 r\u00e9parer la cuticule de la fibre, donnant ainsi aux cheveux douceur et vitalit\u00e9. Le collag\u00e8ne donne l\u2019\u00e9lasticit\u00e9 n\u00e9cessaire pour des cheveux d\u2019une brillance intense. Test\u00e9 sous contr\u00f4le dermatologique.<\/p>","protected":false},"featured_media":32948,"template":"","categoria-de-producto":[73,76],"class_list":["post-407","producto","type-producto","status-publish","has-post-thumbnail","hentry","categoria-de-producto-cuidado-capilar","categoria-de-producto-mascarilla"],"yoast_head":"<!-- This site is optimized with the Yoast SEO plugin v27.4 - https:\/\/yoast.com\/product\/yoast-seo-wordpress\/ -->\n<title>Mascarilla Capilar Reparaci\u00f3n - Agrado<\/title>\n<meta name=\"robots\" content=\"index, follow, max-snippet:-1, max-image-preview:large, max-video-preview:-1\" \/>\n<link rel=\"canonical\" href=\"https:\/\/agradocosmetic.com\/fr\/producto\/mascarilla-reparadora\/\" \/>\n<meta property=\"og:locale\" content=\"fr_FR\" \/>\n<meta property=\"og:type\" content=\"article\" \/>\n<meta property=\"og:title\" content=\"Mascarilla Capilar Reparaci\u00f3n - Agrado\" \/>\n<meta property=\"og:description\" content=\"Mascarilla capilar Reparaci\u00f3n para cabellos da\u00f1ados y sin brillo, desvitalizados. Las prote\u00ednas de seda ayudan a reparar la cut\u00edcula de la fibra, d\u00e1ndole a tu cabello suavidad y vitalidad. El col\u00e1geno, da la elasticidad necesaria para obtener un cabello con brillo intenso. Dermatol\u00f3gicamente testado.\" \/>\n<meta property=\"og:url\" content=\"https:\/\/agradocosmetic.com\/fr\/producto\/mascarilla-reparadora\/\" \/>\n<meta property=\"og:site_name\" content=\"Agrado\" \/>\n<meta property=\"article:modified_time\" content=\"2026-02-04T07:47:59+00:00\" \/>\n<meta property=\"og:image\" content=\"https:\/\/agradocosmetic.com\/wp-content\/uploads\/2023\/08\/30005506_MASCARILLA-CAPILAR-REPARACION-BRILLO-500ml-AGRADO.webp\" \/>\n\t<meta property=\"og:image:width\" content=\"800\" \/>\n\t<meta property=\"og:image:height\" content=\"800\" \/>\n\t<meta property=\"og:image:type\" content=\"image\/webp\" \/>\n<meta name=\"twitter:card\" content=\"summary_large_image\" \/>\n<meta name=\"twitter:label1\" content=\"Dur\u00e9e de lecture estim\u00e9e\" \/>\n\t<meta name=\"twitter:data1\" content=\"1 minute\" \/>\n<script type=\"application\/ld+json\" class=\"yoast-schema-graph\">{\"@context\":\"https:\\\/\\\/schema.org\",\"@graph\":[{\"@type\":\"WebPage\",\"@id\":\"https:\\\/\\\/agradocosmetic.com\\\/producto\\\/mascarilla-reparadora\\\/\",\"url\":\"https:\\\/\\\/agradocosmetic.com\\\/producto\\\/mascarilla-reparadora\\\/\",\"name\":\"Mascarilla Capilar Reparaci\u00f3n - Agrado\",\"isPartOf\":{\"@id\":\"https:\\\/\\\/agradocosmetic.com\\\/#website\"},\"primaryImageOfPage\":{\"@id\":\"https:\\\/\\\/agradocosmetic.com\\\/producto\\\/mascarilla-reparadora\\\/#primaryimage\"},\"image\":{\"@id\":\"https:\\\/\\\/agradocosmetic.com\\\/producto\\\/mascarilla-reparadora\\\/#primaryimage\"},\"thumbnailUrl\":\"https:\\\/\\\/agradocosmetic.com\\\/wp-content\\\/uploads\\\/2023\\\/08\\\/30005506_MASCARILLA-CAPILAR-REPARACION-BRILLO-500ml-AGRADO.webp\",\"datePublished\":\"2023-08-18T19:02:02+00:00\",\"dateModified\":\"2026-02-04T07:47:59+00:00\",\"breadcrumb\":{\"@id\":\"https:\\\/\\\/agradocosmetic.com\\\/producto\\\/mascarilla-reparadora\\\/#breadcrumb\"},\"inLanguage\":\"fr-FR\",\"potentialAction\":[{\"@type\":\"ReadAction\",\"target\":[\"https:\\\/\\\/agradocosmetic.com\\\/producto\\\/mascarilla-reparadora\\\/\"]}]},{\"@type\":\"ImageObject\",\"inLanguage\":\"fr-FR\",\"@id\":\"https:\\\/\\\/agradocosmetic.com\\\/producto\\\/mascarilla-reparadora\\\/#primaryimage\",\"url\":\"https:\\\/\\\/agradocosmetic.com\\\/wp-content\\\/uploads\\\/2023\\\/08\\\/30005506_MASCARILLA-CAPILAR-REPARACION-BRILLO-500ml-AGRADO.webp\",\"contentUrl\":\"https:\\\/\\\/agradocosmetic.com\\\/wp-content\\\/uploads\\\/2023\\\/08\\\/30005506_MASCARILLA-CAPILAR-REPARACION-BRILLO-500ml-AGRADO.webp\",\"width\":800,\"height\":800},{\"@type\":\"BreadcrumbList\",\"@id\":\"https:\\\/\\\/agradocosmetic.com\\\/producto\\\/mascarilla-reparadora\\\/#breadcrumb\",\"itemListElement\":[{\"@type\":\"ListItem\",\"position\":1,\"name\":\"Portada\",\"item\":\"https:\\\/\\\/agradocosmetic.com\\\/\"},{\"@type\":\"ListItem\",\"position\":2,\"name\":\"Productos\",\"item\":\"https:\\\/\\\/agradocosmetic.com\\\/pt\\\/producto\\\/\"},{\"@type\":\"ListItem\",\"position\":3,\"name\":\"Mascarilla Capilar Reparaci\u00f3n\"}]},{\"@type\":\"WebSite\",\"@id\":\"https:\\\/\\\/agradocosmetic.com\\\/#website\",\"url\":\"https:\\\/\\\/agradocosmetic.com\\\/\",\"name\":\"Agrado\",\"description\":\"Cosmetic\",\"publisher\":{\"@id\":\"https:\\\/\\\/agradocosmetic.com\\\/#organization\"},\"potentialAction\":[{\"@type\":\"SearchAction\",\"target\":{\"@type\":\"EntryPoint\",\"urlTemplate\":\"https:\\\/\\\/agradocosmetic.com\\\/?s={search_term_string}\"},\"query-input\":{\"@type\":\"PropertyValueSpecification\",\"valueRequired\":true,\"valueName\":\"search_term_string\"}}],\"inLanguage\":\"fr-FR\"},{\"@type\":\"Organization\",\"@id\":\"https:\\\/\\\/agradocosmetic.com\\\/#organization\",\"name\":\"Agrado\",\"url\":\"https:\\\/\\\/agradocosmetic.com\\\/\",\"logo\":{\"@type\":\"ImageObject\",\"inLanguage\":\"fr-FR\",\"@id\":\"https:\\\/\\\/agradocosmetic.com\\\/#\\\/schema\\\/logo\\\/image\\\/\",\"url\":\"https:\\\/\\\/agradocosmetic.com\\\/wp-content\\\/uploads\\\/2023\\\/07\\\/LOGO-AGRADO-WEB-01.png\",\"contentUrl\":\"https:\\\/\\\/agradocosmetic.com\\\/wp-content\\\/uploads\\\/2023\\\/07\\\/LOGO-AGRADO-WEB-01.png\",\"width\":1632,\"height\":300,\"caption\":\"Agrado\"},\"image\":{\"@id\":\"https:\\\/\\\/agradocosmetic.com\\\/#\\\/schema\\\/logo\\\/image\\\/\"}}]}<\/script>\n<!-- \/ Yoast SEO plugin. -->","yoast_head_json":{"title":"Masque capillaire r\u00e9parateur - Plaisir","robots":{"index":"index","follow":"follow","max-snippet":"max-snippet:-1","max-image-preview":"max-image-preview:large","max-video-preview":"max-video-preview:-1"},"canonical":"https:\/\/agradocosmetic.com\/fr\/producto\/mascarilla-reparadora\/","og_locale":"fr_FR","og_type":"article","og_title":"Mascarilla Capilar Reparaci\u00f3n - Agrado","og_description":"Mascarilla capilar Reparaci\u00f3n para cabellos da\u00f1ados y sin brillo, desvitalizados. Las prote\u00ednas de seda ayudan a reparar la cut\u00edcula de la fibra, d\u00e1ndole a tu cabello suavidad y vitalidad. El col\u00e1geno, da la elasticidad necesaria para obtener un cabello con brillo intenso. Dermatol\u00f3gicamente testado.","og_url":"https:\/\/agradocosmetic.com\/fr\/producto\/mascarilla-reparadora\/","og_site_name":"Agrado","article_modified_time":"2026-02-04T07:47:59+00:00","og_image":[{"width":800,"height":800,"url":"https:\/\/agradocosmetic.com\/wp-content\/uploads\/2023\/08\/30005506_MASCARILLA-CAPILAR-REPARACION-BRILLO-500ml-AGRADO.webp","type":"image\/webp"}],"twitter_card":"summary_large_image","twitter_misc":{"Dur\u00e9e de lecture estim\u00e9e":"1 minute"},"schema":{"@context":"https:\/\/schema.org","@graph":[{"@type":"WebPage","@id":"https:\/\/agradocosmetic.com\/producto\/mascarilla-reparadora\/","url":"https:\/\/agradocosmetic.com\/producto\/mascarilla-reparadora\/","name":"Masque capillaire r\u00e9parateur - Plaisir","isPartOf":{"@id":"https:\/\/agradocosmetic.com\/#website"},"primaryImageOfPage":{"@id":"https:\/\/agradocosmetic.com\/producto\/mascarilla-reparadora\/#primaryimage"},"image":{"@id":"https:\/\/agradocosmetic.com\/producto\/mascarilla-reparadora\/#primaryimage"},"thumbnailUrl":"https:\/\/agradocosmetic.com\/wp-content\/uploads\/2023\/08\/30005506_MASCARILLA-CAPILAR-REPARACION-BRILLO-500ml-AGRADO.webp","datePublished":"2023-08-18T19:02:02+00:00","dateModified":"2026-02-04T07:47:59+00:00","breadcrumb":{"@id":"https:\/\/agradocosmetic.com\/producto\/mascarilla-reparadora\/#breadcrumb"},"inLanguage":"fr-FR","potentialAction":[{"@type":"ReadAction","target":["https:\/\/agradocosmetic.com\/producto\/mascarilla-reparadora\/"]}]},{"@type":"ImageObject","inLanguage":"fr-FR","@id":"https:\/\/agradocosmetic.com\/producto\/mascarilla-reparadora\/#primaryimage","url":"https:\/\/agradocosmetic.com\/wp-content\/uploads\/2023\/08\/30005506_MASCARILLA-CAPILAR-REPARACION-BRILLO-500ml-AGRADO.webp","contentUrl":"https:\/\/agradocosmetic.com\/wp-content\/uploads\/2023\/08\/30005506_MASCARILLA-CAPILAR-REPARACION-BRILLO-500ml-AGRADO.webp","width":800,"height":800},{"@type":"BreadcrumbList","@id":"https:\/\/agradocosmetic.com\/producto\/mascarilla-reparadora\/#breadcrumb","itemListElement":[{"@type":"ListItem","position":1,"name":"Portada","item":"https:\/\/agradocosmetic.com\/"},{"@type":"ListItem","position":2,"name":"Productos","item":"https:\/\/agradocosmetic.com\/pt\/producto\/"},{"@type":"ListItem","position":3,"name":"Mascarilla Capilar Reparaci\u00f3n"}]},{"@type":"WebSite","@id":"https:\/\/agradocosmetic.com\/#website","url":"https:\/\/agradocosmetic.com\/","name":"Aimer","description":"cosm\u00e9tique","publisher":{"@id":"https:\/\/agradocosmetic.com\/#organization"},"potentialAction":[{"@type":"SearchAction","target":{"@type":"EntryPoint","urlTemplate":"https:\/\/agradocosmetic.com\/?s={search_term_string}"},"query-input":{"@type":"PropertyValueSpecification","valueRequired":true,"valueName":"search_term_string"}}],"inLanguage":"fr-FR"},{"@type":"Organization","@id":"https:\/\/agradocosmetic.com\/#organization","name":"Aimer","url":"https:\/\/agradocosmetic.com\/","logo":{"@type":"ImageObject","inLanguage":"fr-FR","@id":"https:\/\/agradocosmetic.com\/#\/schema\/logo\/image\/","url":"https:\/\/agradocosmetic.com\/wp-content\/uploads\/2023\/07\/LOGO-AGRADO-WEB-01.png","contentUrl":"https:\/\/agradocosmetic.com\/wp-content\/uploads\/2023\/07\/LOGO-AGRADO-WEB-01.png","width":1632,"height":300,"caption":"Agrado"},"image":{"@id":"https:\/\/agradocosmetic.com\/#\/schema\/logo\/image\/"}}]}},"_links":{"self":[{"href":"https:\/\/agradocosmetic.com\/fr\/wp-json\/wp\/v2\/producto\/407","targetHints":{"allow":["GET"]}}],"collection":[{"href":"https:\/\/agradocosmetic.com\/fr\/wp-json\/wp\/v2\/producto"}],"about":[{"href":"https:\/\/agradocosmetic.com\/fr\/wp-json\/wp\/v2\/types\/producto"}],"wp:featuredmedia":[{"embeddable":true,"href":"https:\/\/agradocosmetic.com\/fr\/wp-json\/wp\/v2\/media\/32948"}],"wp:attachment":[{"href":"https:\/\/agradocosmetic.com\/fr\/wp-json\/wp\/v2\/media?parent=407"}],"wp:term":[{"taxonomy":"categoria-de-producto","embeddable":true,"href":"https:\/\/agradocosmetic.com\/fr\/wp-json\/wp\/v2\/categoria-de-producto?post=407"}],"curies":[{"name":"wp","href":"https:\/\/api.w.org\/{rel}","templated":true}]}}