{"id":426,"date":"2023-08-19T19:26:16","date_gmt":"2023-08-19T19:26:16","guid":{"rendered":"https:\/\/dev-freelancerweb.site\/?post_type=producto&#038;p=426"},"modified":"2026-02-04T08:47:24","modified_gmt":"2026-02-04T07:47:24","slug":"champu-uso-frecuente-cabellos-delicados-2","status":"publish","type":"producto","link":"https:\/\/agradocosmetic.com\/fr\/producto\/champu-uso-frecuente-cabellos-delicados-2\/","title":{"rendered":"Shampooing Cheveux D\u00e9licats"},"content":{"rendered":"<p>Le shampooing pour cheveux d\u00e9licats AGRADO est formul\u00e9 pour le soin quotidien des cheveux les plus d\u00e9licats et fragiles. Sa formule est id\u00e9ale pour ce type de cheveux gr\u00e2ce aux vitamines A, E, D et F qu\u2019il contient. Test\u00e9 sous contr\u00f4le dermatologique.<\/p>","protected":false},"featured_media":32178,"template":"","categoria-de-producto":[896,838,73,74,461,468],"class_list":["post-426","producto","type-producto","status-publish","has-post-thumbnail","hentry","categoria-de-producto-cabellos-delicados","categoria-de-producto-750ml","categoria-de-producto-cuidado-capilar","categoria-de-producto-champu","categoria-de-producto-por-necesidades","categoria-de-producto-cabbellos-finos-y-delicados"],"yoast_head":"<!-- This site is optimized with the Yoast SEO plugin v27.4 - https:\/\/yoast.com\/product\/yoast-seo-wordpress\/ -->\n<title>Champ\u00fa Cabellos Delicados - Agrado<\/title>\n<meta name=\"robots\" content=\"index, follow, max-snippet:-1, max-image-preview:large, max-video-preview:-1\" \/>\n<link rel=\"canonical\" href=\"https:\/\/agradocosmetic.com\/fr\/producto\/champu-uso-frecuente-cabellos-delicados-2\/\" \/>\n<meta property=\"og:locale\" content=\"fr_FR\" \/>\n<meta property=\"og:type\" content=\"article\" \/>\n<meta property=\"og:title\" content=\"Champ\u00fa Cabellos Delicados - Agrado\" \/>\n<meta property=\"og:description\" content=\"El champ\u00fa Cabellos Delicados AGRADO est\u00e1 formulado para el cuidado diario de los cabellos m\u00e1s delicados y fr\u00e1giles. Su f\u00f3rmula es ideal para este tipo de pelo gracias a las Vitaminas A, E, D y F que contiene. Dermatol\u00f3gicamente testado.\" \/>\n<meta property=\"og:url\" content=\"https:\/\/agradocosmetic.com\/fr\/producto\/champu-uso-frecuente-cabellos-delicados-2\/\" \/>\n<meta property=\"og:site_name\" content=\"Agrado\" \/>\n<meta property=\"article:modified_time\" content=\"2026-02-04T07:47:24+00:00\" \/>\n<meta property=\"og:image\" content=\"https:\/\/agradocosmetic.com\/wp-content\/uploads\/2023\/08\/30005970-CHAMPU-CABELLOS-DELICADOS.webp\" \/>\n\t<meta property=\"og:image:width\" content=\"800\" \/>\n\t<meta property=\"og:image:height\" content=\"800\" \/>\n\t<meta property=\"og:image:type\" content=\"image\/webp\" \/>\n<meta name=\"twitter:card\" content=\"summary_large_image\" \/>\n<meta name=\"twitter:label1\" content=\"Dur\u00e9e de lecture estim\u00e9e\" \/>\n\t<meta name=\"twitter:data1\" content=\"1 minute\" \/>\n<script type=\"application\/ld+json\" class=\"yoast-schema-graph\">{\"@context\":\"https:\\\/\\\/schema.org\",\"@graph\":[{\"@type\":\"WebPage\",\"@id\":\"https:\\\/\\\/agradocosmetic.com\\\/producto\\\/champu-uso-frecuente-cabellos-delicados-2\\\/\",\"url\":\"https:\\\/\\\/agradocosmetic.com\\\/producto\\\/champu-uso-frecuente-cabellos-delicados-2\\\/\",\"name\":\"Champ\u00fa Cabellos Delicados - Agrado\",\"isPartOf\":{\"@id\":\"https:\\\/\\\/agradocosmetic.com\\\/#website\"},\"primaryImageOfPage\":{\"@id\":\"https:\\\/\\\/agradocosmetic.com\\\/producto\\\/champu-uso-frecuente-cabellos-delicados-2\\\/#primaryimage\"},\"image\":{\"@id\":\"https:\\\/\\\/agradocosmetic.com\\\/producto\\\/champu-uso-frecuente-cabellos-delicados-2\\\/#primaryimage\"},\"thumbnailUrl\":\"https:\\\/\\\/agradocosmetic.com\\\/wp-content\\\/uploads\\\/2023\\\/08\\\/30005970-CHAMPU-CABELLOS-DELICADOS.webp\",\"datePublished\":\"2023-08-19T19:26:16+00:00\",\"dateModified\":\"2026-02-04T07:47:24+00:00\",\"breadcrumb\":{\"@id\":\"https:\\\/\\\/agradocosmetic.com\\\/producto\\\/champu-uso-frecuente-cabellos-delicados-2\\\/#breadcrumb\"},\"inLanguage\":\"fr-FR\",\"potentialAction\":[{\"@type\":\"ReadAction\",\"target\":[\"https:\\\/\\\/agradocosmetic.com\\\/producto\\\/champu-uso-frecuente-cabellos-delicados-2\\\/\"]}]},{\"@type\":\"ImageObject\",\"inLanguage\":\"fr-FR\",\"@id\":\"https:\\\/\\\/agradocosmetic.com\\\/producto\\\/champu-uso-frecuente-cabellos-delicados-2\\\/#primaryimage\",\"url\":\"https:\\\/\\\/agradocosmetic.com\\\/wp-content\\\/uploads\\\/2023\\\/08\\\/30005970-CHAMPU-CABELLOS-DELICADOS.webp\",\"contentUrl\":\"https:\\\/\\\/agradocosmetic.com\\\/wp-content\\\/uploads\\\/2023\\\/08\\\/30005970-CHAMPU-CABELLOS-DELICADOS.webp\",\"width\":800,\"height\":800},{\"@type\":\"BreadcrumbList\",\"@id\":\"https:\\\/\\\/agradocosmetic.com\\\/producto\\\/champu-uso-frecuente-cabellos-delicados-2\\\/#breadcrumb\",\"itemListElement\":[{\"@type\":\"ListItem\",\"position\":1,\"name\":\"Portada\",\"item\":\"https:\\\/\\\/agradocosmetic.com\\\/\"},{\"@type\":\"ListItem\",\"position\":2,\"name\":\"Productos\",\"item\":\"https:\\\/\\\/agradocosmetic.com\\\/pt\\\/producto\\\/\"},{\"@type\":\"ListItem\",\"position\":3,\"name\":\"Champ\u00fa Cabellos Delicados\"}]},{\"@type\":\"WebSite\",\"@id\":\"https:\\\/\\\/agradocosmetic.com\\\/#website\",\"url\":\"https:\\\/\\\/agradocosmetic.com\\\/\",\"name\":\"Agrado\",\"description\":\"Cosmetic\",\"publisher\":{\"@id\":\"https:\\\/\\\/agradocosmetic.com\\\/#organization\"},\"potentialAction\":[{\"@type\":\"SearchAction\",\"target\":{\"@type\":\"EntryPoint\",\"urlTemplate\":\"https:\\\/\\\/agradocosmetic.com\\\/?s={search_term_string}\"},\"query-input\":{\"@type\":\"PropertyValueSpecification\",\"valueRequired\":true,\"valueName\":\"search_term_string\"}}],\"inLanguage\":\"fr-FR\"},{\"@type\":\"Organization\",\"@id\":\"https:\\\/\\\/agradocosmetic.com\\\/#organization\",\"name\":\"Agrado\",\"url\":\"https:\\\/\\\/agradocosmetic.com\\\/\",\"logo\":{\"@type\":\"ImageObject\",\"inLanguage\":\"fr-FR\",\"@id\":\"https:\\\/\\\/agradocosmetic.com\\\/#\\\/schema\\\/logo\\\/image\\\/\",\"url\":\"https:\\\/\\\/agradocosmetic.com\\\/wp-content\\\/uploads\\\/2023\\\/07\\\/LOGO-AGRADO-WEB-01.png\",\"contentUrl\":\"https:\\\/\\\/agradocosmetic.com\\\/wp-content\\\/uploads\\\/2023\\\/07\\\/LOGO-AGRADO-WEB-01.png\",\"width\":1632,\"height\":300,\"caption\":\"Agrado\"},\"image\":{\"@id\":\"https:\\\/\\\/agradocosmetic.com\\\/#\\\/schema\\\/logo\\\/image\\\/\"}}]}<\/script>\n<!-- \/ Yoast SEO plugin. -->","yoast_head_json":{"title":"Shampoing Cheveux D\u00e9licats - Agrado","robots":{"index":"index","follow":"follow","max-snippet":"max-snippet:-1","max-image-preview":"max-image-preview:large","max-video-preview":"max-video-preview:-1"},"canonical":"https:\/\/agradocosmetic.com\/fr\/producto\/champu-uso-frecuente-cabellos-delicados-2\/","og_locale":"fr_FR","og_type":"article","og_title":"Champ\u00fa Cabellos Delicados - Agrado","og_description":"El champ\u00fa Cabellos Delicados AGRADO est\u00e1 formulado para el cuidado diario de los cabellos m\u00e1s delicados y fr\u00e1giles. Su f\u00f3rmula es ideal para este tipo de pelo gracias a las Vitaminas A, E, D y F que contiene. Dermatol\u00f3gicamente testado.","og_url":"https:\/\/agradocosmetic.com\/fr\/producto\/champu-uso-frecuente-cabellos-delicados-2\/","og_site_name":"Agrado","article_modified_time":"2026-02-04T07:47:24+00:00","og_image":[{"width":800,"height":800,"url":"https:\/\/agradocosmetic.com\/wp-content\/uploads\/2023\/08\/30005970-CHAMPU-CABELLOS-DELICADOS.webp","type":"image\/webp"}],"twitter_card":"summary_large_image","twitter_misc":{"Dur\u00e9e de lecture estim\u00e9e":"1 minute"},"schema":{"@context":"https:\/\/schema.org","@graph":[{"@type":"WebPage","@id":"https:\/\/agradocosmetic.com\/producto\/champu-uso-frecuente-cabellos-delicados-2\/","url":"https:\/\/agradocosmetic.com\/producto\/champu-uso-frecuente-cabellos-delicados-2\/","name":"Shampoing Cheveux D\u00e9licats - Agrado","isPartOf":{"@id":"https:\/\/agradocosmetic.com\/#website"},"primaryImageOfPage":{"@id":"https:\/\/agradocosmetic.com\/producto\/champu-uso-frecuente-cabellos-delicados-2\/#primaryimage"},"image":{"@id":"https:\/\/agradocosmetic.com\/producto\/champu-uso-frecuente-cabellos-delicados-2\/#primaryimage"},"thumbnailUrl":"https:\/\/agradocosmetic.com\/wp-content\/uploads\/2023\/08\/30005970-CHAMPU-CABELLOS-DELICADOS.webp","datePublished":"2023-08-19T19:26:16+00:00","dateModified":"2026-02-04T07:47:24+00:00","breadcrumb":{"@id":"https:\/\/agradocosmetic.com\/producto\/champu-uso-frecuente-cabellos-delicados-2\/#breadcrumb"},"inLanguage":"fr-FR","potentialAction":[{"@type":"ReadAction","target":["https:\/\/agradocosmetic.com\/producto\/champu-uso-frecuente-cabellos-delicados-2\/"]}]},{"@type":"ImageObject","inLanguage":"fr-FR","@id":"https:\/\/agradocosmetic.com\/producto\/champu-uso-frecuente-cabellos-delicados-2\/#primaryimage","url":"https:\/\/agradocosmetic.com\/wp-content\/uploads\/2023\/08\/30005970-CHAMPU-CABELLOS-DELICADOS.webp","contentUrl":"https:\/\/agradocosmetic.com\/wp-content\/uploads\/2023\/08\/30005970-CHAMPU-CABELLOS-DELICADOS.webp","width":800,"height":800},{"@type":"BreadcrumbList","@id":"https:\/\/agradocosmetic.com\/producto\/champu-uso-frecuente-cabellos-delicados-2\/#breadcrumb","itemListElement":[{"@type":"ListItem","position":1,"name":"Portada","item":"https:\/\/agradocosmetic.com\/"},{"@type":"ListItem","position":2,"name":"Productos","item":"https:\/\/agradocosmetic.com\/pt\/producto\/"},{"@type":"ListItem","position":3,"name":"Champ\u00fa Cabellos Delicados"}]},{"@type":"WebSite","@id":"https:\/\/agradocosmetic.com\/#website","url":"https:\/\/agradocosmetic.com\/","name":"Aimer","description":"cosm\u00e9tique","publisher":{"@id":"https:\/\/agradocosmetic.com\/#organization"},"potentialAction":[{"@type":"SearchAction","target":{"@type":"EntryPoint","urlTemplate":"https:\/\/agradocosmetic.com\/?s={search_term_string}"},"query-input":{"@type":"PropertyValueSpecification","valueRequired":true,"valueName":"search_term_string"}}],"inLanguage":"fr-FR"},{"@type":"Organization","@id":"https:\/\/agradocosmetic.com\/#organization","name":"Aimer","url":"https:\/\/agradocosmetic.com\/","logo":{"@type":"ImageObject","inLanguage":"fr-FR","@id":"https:\/\/agradocosmetic.com\/#\/schema\/logo\/image\/","url":"https:\/\/agradocosmetic.com\/wp-content\/uploads\/2023\/07\/LOGO-AGRADO-WEB-01.png","contentUrl":"https:\/\/agradocosmetic.com\/wp-content\/uploads\/2023\/07\/LOGO-AGRADO-WEB-01.png","width":1632,"height":300,"caption":"Agrado"},"image":{"@id":"https:\/\/agradocosmetic.com\/#\/schema\/logo\/image\/"}}]}},"_links":{"self":[{"href":"https:\/\/agradocosmetic.com\/fr\/wp-json\/wp\/v2\/producto\/426","targetHints":{"allow":["GET"]}}],"collection":[{"href":"https:\/\/agradocosmetic.com\/fr\/wp-json\/wp\/v2\/producto"}],"about":[{"href":"https:\/\/agradocosmetic.com\/fr\/wp-json\/wp\/v2\/types\/producto"}],"wp:featuredmedia":[{"embeddable":true,"href":"https:\/\/agradocosmetic.com\/fr\/wp-json\/wp\/v2\/media\/32178"}],"wp:attachment":[{"href":"https:\/\/agradocosmetic.com\/fr\/wp-json\/wp\/v2\/media?parent=426"}],"wp:term":[{"taxonomy":"categoria-de-producto","embeddable":true,"href":"https:\/\/agradocosmetic.com\/fr\/wp-json\/wp\/v2\/categoria-de-producto?post=426"}],"curies":[{"name":"wp","href":"https:\/\/api.w.org\/{rel}","templated":true}]}}