{"id":439,"date":"2023-08-19T20:28:41","date_gmt":"2023-08-19T20:28:41","guid":{"rendered":"https:\/\/dev-freelancerweb.site\/?post_type=producto&#038;p=439"},"modified":"2024-04-26T09:06:37","modified_gmt":"2024-04-26T09:06:37","slug":"gel-de-bano-y-ducha-mediterraneo","status":"publish","type":"producto","link":"https:\/\/agradocosmetic.com\/fr\/producto\/gel-de-bano-y-ducha-mediterraneo\/","title":{"rendered":"GEL BAIN &amp; DOUCHE M\u00c9DITERRAN\u00c9EN"},"content":{"rendered":"<p>La ligne GELS DU MONDE d'AGRADO est compos\u00e9e de produits con\u00e7us pour transporter les sensations de voyage autour du monde dans votre douche et cr\u00e9er une exp\u00e9rience unique. Un tour du monde ne se con\u00e7oit pas sans une escale dans le berceau des cultures : la M\u00e9diterran\u00e9e. Ses parfums d\u2019agrumes nous entourent pendant que nous profitons de toute la magie de ses traditions entre la campagne et la mer, et du savoir de ses habitants. Test\u00e9 sous contr\u00f4le dermatologique.<\/p>","protected":false},"featured_media":26796,"template":"","categoria-de-producto":[81,82,85],"class_list":["post-439","producto","type-producto","status-publish","has-post-thumbnail","hentry","categoria-de-producto-cuidado-corporal","categoria-de-producto-gel-de-bano","categoria-de-producto-aromaticas"],"yoast_head":"<!-- This site is optimized with the Yoast SEO plugin v27.4 - https:\/\/yoast.com\/product\/yoast-seo-wordpress\/ -->\n<title>Gel de Ducha Mediterr\u00e1neo - Agrado<\/title>\n<meta name=\"robots\" content=\"index, follow, max-snippet:-1, max-image-preview:large, max-video-preview:-1\" \/>\n<link rel=\"canonical\" href=\"https:\/\/agradocosmetic.com\/fr\/producto\/gel-de-bano-y-ducha-mediterraneo\/\" \/>\n<meta property=\"og:locale\" content=\"fr_FR\" \/>\n<meta property=\"og:type\" content=\"article\" \/>\n<meta property=\"og:title\" content=\"Gel de Ducha Mediterr\u00e1neo - Agrado\" \/>\n<meta property=\"og:description\" content=\"La l\u00ednea GELES DEL MUNDO de AGRADO, est\u00e1 compuesta por productos dise\u00f1ados para transportar las sensaciones de viajar alrededor del mundo hasta tu ducha y crear una experiencia \u00fanica. Una vuelta al mundo no se concibe sin una parada en la cuna de las culturas: el Mediterr\u00e1neo. Sus aromas c\u00edtricos nos rodean mientras disfrutamos de [&hellip;]\" \/>\n<meta property=\"og:url\" content=\"https:\/\/agradocosmetic.com\/fr\/producto\/gel-de-bano-y-ducha-mediterraneo\/\" \/>\n<meta property=\"og:site_name\" content=\"Agrado\" \/>\n<meta property=\"article:modified_time\" content=\"2024-04-26T09:06:37+00:00\" \/>\n<meta property=\"og:image\" content=\"https:\/\/agradocosmetic.com\/wp-content\/uploads\/2023\/08\/30006177.png\" \/>\n\t<meta property=\"og:image:width\" content=\"800\" \/>\n\t<meta property=\"og:image:height\" content=\"800\" \/>\n\t<meta property=\"og:image:type\" content=\"image\/png\" \/>\n<meta name=\"twitter:card\" content=\"summary_large_image\" \/>\n<meta name=\"twitter:label1\" content=\"Dur\u00e9e de lecture estim\u00e9e\" \/>\n\t<meta name=\"twitter:data1\" content=\"1 minute\" \/>\n<script type=\"application\/ld+json\" class=\"yoast-schema-graph\">{\"@context\":\"https:\\\/\\\/schema.org\",\"@graph\":[{\"@type\":\"WebPage\",\"@id\":\"https:\\\/\\\/agradocosmetic.com\\\/producto\\\/gel-de-bano-y-ducha-mediterraneo\\\/\",\"url\":\"https:\\\/\\\/agradocosmetic.com\\\/producto\\\/gel-de-bano-y-ducha-mediterraneo\\\/\",\"name\":\"Gel de Ducha Mediterr\u00e1neo - Agrado\",\"isPartOf\":{\"@id\":\"https:\\\/\\\/agradocosmetic.com\\\/#website\"},\"primaryImageOfPage\":{\"@id\":\"https:\\\/\\\/agradocosmetic.com\\\/producto\\\/gel-de-bano-y-ducha-mediterraneo\\\/#primaryimage\"},\"image\":{\"@id\":\"https:\\\/\\\/agradocosmetic.com\\\/producto\\\/gel-de-bano-y-ducha-mediterraneo\\\/#primaryimage\"},\"thumbnailUrl\":\"https:\\\/\\\/agradocosmetic.com\\\/wp-content\\\/uploads\\\/2023\\\/08\\\/30006177.png\",\"datePublished\":\"2023-08-19T20:28:41+00:00\",\"dateModified\":\"2024-04-26T09:06:37+00:00\",\"breadcrumb\":{\"@id\":\"https:\\\/\\\/agradocosmetic.com\\\/producto\\\/gel-de-bano-y-ducha-mediterraneo\\\/#breadcrumb\"},\"inLanguage\":\"fr-FR\",\"potentialAction\":[{\"@type\":\"ReadAction\",\"target\":[\"https:\\\/\\\/agradocosmetic.com\\\/producto\\\/gel-de-bano-y-ducha-mediterraneo\\\/\"]}]},{\"@type\":\"ImageObject\",\"inLanguage\":\"fr-FR\",\"@id\":\"https:\\\/\\\/agradocosmetic.com\\\/producto\\\/gel-de-bano-y-ducha-mediterraneo\\\/#primaryimage\",\"url\":\"https:\\\/\\\/agradocosmetic.com\\\/wp-content\\\/uploads\\\/2023\\\/08\\\/30006177.png\",\"contentUrl\":\"https:\\\/\\\/agradocosmetic.com\\\/wp-content\\\/uploads\\\/2023\\\/08\\\/30006177.png\",\"width\":800,\"height\":800},{\"@type\":\"BreadcrumbList\",\"@id\":\"https:\\\/\\\/agradocosmetic.com\\\/producto\\\/gel-de-bano-y-ducha-mediterraneo\\\/#breadcrumb\",\"itemListElement\":[{\"@type\":\"ListItem\",\"position\":1,\"name\":\"Portada\",\"item\":\"https:\\\/\\\/agradocosmetic.com\\\/\"},{\"@type\":\"ListItem\",\"position\":2,\"name\":\"Productos\",\"item\":\"https:\\\/\\\/agradocosmetic.com\\\/pt\\\/producto\\\/\"},{\"@type\":\"ListItem\",\"position\":3,\"name\":\"Gel de Ducha Mediterr\u00e1neo\"}]},{\"@type\":\"WebSite\",\"@id\":\"https:\\\/\\\/agradocosmetic.com\\\/#website\",\"url\":\"https:\\\/\\\/agradocosmetic.com\\\/\",\"name\":\"Agrado\",\"description\":\"Cosmetic\",\"publisher\":{\"@id\":\"https:\\\/\\\/agradocosmetic.com\\\/#organization\"},\"potentialAction\":[{\"@type\":\"SearchAction\",\"target\":{\"@type\":\"EntryPoint\",\"urlTemplate\":\"https:\\\/\\\/agradocosmetic.com\\\/?s={search_term_string}\"},\"query-input\":{\"@type\":\"PropertyValueSpecification\",\"valueRequired\":true,\"valueName\":\"search_term_string\"}}],\"inLanguage\":\"fr-FR\"},{\"@type\":\"Organization\",\"@id\":\"https:\\\/\\\/agradocosmetic.com\\\/#organization\",\"name\":\"Agrado\",\"url\":\"https:\\\/\\\/agradocosmetic.com\\\/\",\"logo\":{\"@type\":\"ImageObject\",\"inLanguage\":\"fr-FR\",\"@id\":\"https:\\\/\\\/agradocosmetic.com\\\/#\\\/schema\\\/logo\\\/image\\\/\",\"url\":\"https:\\\/\\\/agradocosmetic.com\\\/wp-content\\\/uploads\\\/2023\\\/07\\\/LOGO-AGRADO-WEB-01.png\",\"contentUrl\":\"https:\\\/\\\/agradocosmetic.com\\\/wp-content\\\/uploads\\\/2023\\\/07\\\/LOGO-AGRADO-WEB-01.png\",\"width\":1632,\"height\":300,\"caption\":\"Agrado\"},\"image\":{\"@id\":\"https:\\\/\\\/agradocosmetic.com\\\/#\\\/schema\\\/logo\\\/image\\\/\"}}]}<\/script>\n<!-- \/ Yoast SEO plugin. -->","yoast_head_json":{"title":"Gel Douche M\u00e9diterran\u00e9en - Agrado","robots":{"index":"index","follow":"follow","max-snippet":"max-snippet:-1","max-image-preview":"max-image-preview:large","max-video-preview":"max-video-preview:-1"},"canonical":"https:\/\/agradocosmetic.com\/fr\/producto\/gel-de-bano-y-ducha-mediterraneo\/","og_locale":"fr_FR","og_type":"article","og_title":"Gel de Ducha Mediterr\u00e1neo - Agrado","og_description":"La l\u00ednea GELES DEL MUNDO de AGRADO, est\u00e1 compuesta por productos dise\u00f1ados para transportar las sensaciones de viajar alrededor del mundo hasta tu ducha y crear una experiencia \u00fanica. Una vuelta al mundo no se concibe sin una parada en la cuna de las culturas: el Mediterr\u00e1neo. Sus aromas c\u00edtricos nos rodean mientras disfrutamos de [&hellip;]","og_url":"https:\/\/agradocosmetic.com\/fr\/producto\/gel-de-bano-y-ducha-mediterraneo\/","og_site_name":"Agrado","article_modified_time":"2024-04-26T09:06:37+00:00","og_image":[{"width":800,"height":800,"url":"https:\/\/agradocosmetic.com\/wp-content\/uploads\/2023\/08\/30006177.png","type":"image\/png"}],"twitter_card":"summary_large_image","twitter_misc":{"Dur\u00e9e de lecture estim\u00e9e":"1 minute"},"schema":{"@context":"https:\/\/schema.org","@graph":[{"@type":"WebPage","@id":"https:\/\/agradocosmetic.com\/producto\/gel-de-bano-y-ducha-mediterraneo\/","url":"https:\/\/agradocosmetic.com\/producto\/gel-de-bano-y-ducha-mediterraneo\/","name":"Gel Douche M\u00e9diterran\u00e9en - Agrado","isPartOf":{"@id":"https:\/\/agradocosmetic.com\/#website"},"primaryImageOfPage":{"@id":"https:\/\/agradocosmetic.com\/producto\/gel-de-bano-y-ducha-mediterraneo\/#primaryimage"},"image":{"@id":"https:\/\/agradocosmetic.com\/producto\/gel-de-bano-y-ducha-mediterraneo\/#primaryimage"},"thumbnailUrl":"https:\/\/agradocosmetic.com\/wp-content\/uploads\/2023\/08\/30006177.png","datePublished":"2023-08-19T20:28:41+00:00","dateModified":"2024-04-26T09:06:37+00:00","breadcrumb":{"@id":"https:\/\/agradocosmetic.com\/producto\/gel-de-bano-y-ducha-mediterraneo\/#breadcrumb"},"inLanguage":"fr-FR","potentialAction":[{"@type":"ReadAction","target":["https:\/\/agradocosmetic.com\/producto\/gel-de-bano-y-ducha-mediterraneo\/"]}]},{"@type":"ImageObject","inLanguage":"fr-FR","@id":"https:\/\/agradocosmetic.com\/producto\/gel-de-bano-y-ducha-mediterraneo\/#primaryimage","url":"https:\/\/agradocosmetic.com\/wp-content\/uploads\/2023\/08\/30006177.png","contentUrl":"https:\/\/agradocosmetic.com\/wp-content\/uploads\/2023\/08\/30006177.png","width":800,"height":800},{"@type":"BreadcrumbList","@id":"https:\/\/agradocosmetic.com\/producto\/gel-de-bano-y-ducha-mediterraneo\/#breadcrumb","itemListElement":[{"@type":"ListItem","position":1,"name":"Portada","item":"https:\/\/agradocosmetic.com\/"},{"@type":"ListItem","position":2,"name":"Productos","item":"https:\/\/agradocosmetic.com\/pt\/producto\/"},{"@type":"ListItem","position":3,"name":"Gel de Ducha Mediterr\u00e1neo"}]},{"@type":"WebSite","@id":"https:\/\/agradocosmetic.com\/#website","url":"https:\/\/agradocosmetic.com\/","name":"Aimer","description":"cosm\u00e9tique","publisher":{"@id":"https:\/\/agradocosmetic.com\/#organization"},"potentialAction":[{"@type":"SearchAction","target":{"@type":"EntryPoint","urlTemplate":"https:\/\/agradocosmetic.com\/?s={search_term_string}"},"query-input":{"@type":"PropertyValueSpecification","valueRequired":true,"valueName":"search_term_string"}}],"inLanguage":"fr-FR"},{"@type":"Organization","@id":"https:\/\/agradocosmetic.com\/#organization","name":"Aimer","url":"https:\/\/agradocosmetic.com\/","logo":{"@type":"ImageObject","inLanguage":"fr-FR","@id":"https:\/\/agradocosmetic.com\/#\/schema\/logo\/image\/","url":"https:\/\/agradocosmetic.com\/wp-content\/uploads\/2023\/07\/LOGO-AGRADO-WEB-01.png","contentUrl":"https:\/\/agradocosmetic.com\/wp-content\/uploads\/2023\/07\/LOGO-AGRADO-WEB-01.png","width":1632,"height":300,"caption":"Agrado"},"image":{"@id":"https:\/\/agradocosmetic.com\/#\/schema\/logo\/image\/"}}]}},"_links":{"self":[{"href":"https:\/\/agradocosmetic.com\/fr\/wp-json\/wp\/v2\/producto\/439","targetHints":{"allow":["GET"]}}],"collection":[{"href":"https:\/\/agradocosmetic.com\/fr\/wp-json\/wp\/v2\/producto"}],"about":[{"href":"https:\/\/agradocosmetic.com\/fr\/wp-json\/wp\/v2\/types\/producto"}],"wp:featuredmedia":[{"embeddable":true,"href":"https:\/\/agradocosmetic.com\/fr\/wp-json\/wp\/v2\/media\/26796"}],"wp:attachment":[{"href":"https:\/\/agradocosmetic.com\/fr\/wp-json\/wp\/v2\/media?parent=439"}],"wp:term":[{"taxonomy":"categoria-de-producto","embeddable":true,"href":"https:\/\/agradocosmetic.com\/fr\/wp-json\/wp\/v2\/categoria-de-producto?post=439"}],"curies":[{"name":"wp","href":"https:\/\/api.w.org\/{rel}","templated":true}]}}