{"id":450,"date":"2024-04-02T20:08:13","date_gmt":"2024-04-02T20:08:13","guid":{"rendered":"https:\/\/dev-freelancerweb.site\/?post_type=producto&#038;p=450"},"modified":"2025-07-01T15:12:21","modified_gmt":"2025-07-01T14:12:21","slug":"bruma-solar-kids-pieles-sensibles-spf50-2","status":"publish","type":"producto","link":"https:\/\/agradocosmetic.com\/fr\/producto\/bruma-solar-kids-pieles-sensibles-spf50-2\/","title":{"rendered":"Brume S\u00e8che Solaire SPF50+ Enfants Sensib."},"content":{"rendered":"<p>Brume solaire en spray avec indice de protection tr\u00e8s \u00e9lev\u00e9 SPF 50+ et formule v\u00e9gane, facile \u00e0 appliquer et \u00e0 absorption rapide.\u200b Id\u00e9ale pour prot\u00e9ger la peau sensible des enfants. Texture l\u00e9g\u00e8re avec un toucher sec et un fini invisible. Contient de la vitamine E.\u200b R\u00e9sistante \u00e0 l\u2019eau et 0 % d\u2019alcool.<\/p>","protected":false},"featured_media":30873,"template":"","categoria-de-producto":[95,637,97,102],"class_list":["post-450","producto","type-producto","status-publish","has-post-thumbnail","hentry","categoria-de-producto-proteccion-solar","categoria-de-producto-50-spf-proteccion-solar","categoria-de-producto-bruma-protectora","categoria-de-producto-kids"],"yoast_head":"<!-- This site is optimized with the Yoast SEO plugin v27.4 - https:\/\/yoast.com\/product\/yoast-seo-wordpress\/ -->\n<title>Bruma Seca Solar Spf50+kids Pieles Sensibles - Agrado<\/title>\n<meta name=\"robots\" content=\"index, follow, max-snippet:-1, max-image-preview:large, max-video-preview:-1\" \/>\n<link rel=\"canonical\" href=\"https:\/\/agradocosmetic.com\/fr\/producto\/bruma-solar-kids-pieles-sensibles-spf50-2\/\" \/>\n<meta property=\"og:locale\" content=\"fr_FR\" \/>\n<meta property=\"og:type\" content=\"article\" \/>\n<meta property=\"og:title\" content=\"Bruma Seca Solar Spf50+kids Pieles Sensibles - Agrado\" \/>\n<meta property=\"og:description\" content=\"Bruma solar con protecci\u00f3n muy alta SPF50+ con f\u00f3rmula vegana de f\u00e1cil aplicaci\u00f3n en spray y r\u00e1pida absorci\u00f3n. Ideal para proteger las pieles sensibles de los m\u00e1s peque\u00f1os. Textura ligera de tacto seco y acabado invisible. Contiene vitamina E.\u200b Resistente al agua y 0% alcohol\" \/>\n<meta property=\"og:url\" content=\"https:\/\/agradocosmetic.com\/fr\/producto\/bruma-solar-kids-pieles-sensibles-spf50-2\/\" \/>\n<meta property=\"og:site_name\" content=\"Agrado\" \/>\n<meta property=\"article:modified_time\" content=\"2025-07-01T14:12:21+00:00\" \/>\n<meta property=\"og:image\" content=\"https:\/\/agradocosmetic.com\/wp-content\/uploads\/2024\/04\/30006223-BRUMA-SPF50KIDS-SENSIBLE-AEROSOL-200ML-AGRADO-.webp\" \/>\n\t<meta property=\"og:image:width\" content=\"800\" \/>\n\t<meta property=\"og:image:height\" content=\"800\" \/>\n\t<meta property=\"og:image:type\" content=\"image\/webp\" \/>\n<meta name=\"twitter:card\" content=\"summary_large_image\" \/>\n<meta name=\"twitter:label1\" content=\"Dur\u00e9e de lecture estim\u00e9e\" \/>\n\t<meta name=\"twitter:data1\" content=\"1 minute\" \/>\n<script type=\"application\/ld+json\" class=\"yoast-schema-graph\">{\"@context\":\"https:\\\/\\\/schema.org\",\"@graph\":[{\"@type\":\"WebPage\",\"@id\":\"https:\\\/\\\/agradocosmetic.com\\\/producto\\\/bruma-solar-kids-pieles-sensibles-spf50-2\\\/\",\"url\":\"https:\\\/\\\/agradocosmetic.com\\\/producto\\\/bruma-solar-kids-pieles-sensibles-spf50-2\\\/\",\"name\":\"Bruma Seca Solar Spf50+kids Pieles Sensibles - Agrado\",\"isPartOf\":{\"@id\":\"https:\\\/\\\/agradocosmetic.com\\\/#website\"},\"primaryImageOfPage\":{\"@id\":\"https:\\\/\\\/agradocosmetic.com\\\/producto\\\/bruma-solar-kids-pieles-sensibles-spf50-2\\\/#primaryimage\"},\"image\":{\"@id\":\"https:\\\/\\\/agradocosmetic.com\\\/producto\\\/bruma-solar-kids-pieles-sensibles-spf50-2\\\/#primaryimage\"},\"thumbnailUrl\":\"https:\\\/\\\/agradocosmetic.com\\\/wp-content\\\/uploads\\\/2024\\\/04\\\/30006223-BRUMA-SPF50KIDS-SENSIBLE-AEROSOL-200ML-AGRADO-.webp\",\"datePublished\":\"2024-04-02T20:08:13+00:00\",\"dateModified\":\"2025-07-01T14:12:21+00:00\",\"breadcrumb\":{\"@id\":\"https:\\\/\\\/agradocosmetic.com\\\/producto\\\/bruma-solar-kids-pieles-sensibles-spf50-2\\\/#breadcrumb\"},\"inLanguage\":\"fr-FR\",\"potentialAction\":[{\"@type\":\"ReadAction\",\"target\":[\"https:\\\/\\\/agradocosmetic.com\\\/producto\\\/bruma-solar-kids-pieles-sensibles-spf50-2\\\/\"]}]},{\"@type\":\"ImageObject\",\"inLanguage\":\"fr-FR\",\"@id\":\"https:\\\/\\\/agradocosmetic.com\\\/producto\\\/bruma-solar-kids-pieles-sensibles-spf50-2\\\/#primaryimage\",\"url\":\"https:\\\/\\\/agradocosmetic.com\\\/wp-content\\\/uploads\\\/2024\\\/04\\\/30006223-BRUMA-SPF50KIDS-SENSIBLE-AEROSOL-200ML-AGRADO-.webp\",\"contentUrl\":\"https:\\\/\\\/agradocosmetic.com\\\/wp-content\\\/uploads\\\/2024\\\/04\\\/30006223-BRUMA-SPF50KIDS-SENSIBLE-AEROSOL-200ML-AGRADO-.webp\",\"width\":800,\"height\":800,\"caption\":\"BRUMA SPF50+KIDS SENSIBLE AEROSOL 200ML AGRADO\"},{\"@type\":\"BreadcrumbList\",\"@id\":\"https:\\\/\\\/agradocosmetic.com\\\/producto\\\/bruma-solar-kids-pieles-sensibles-spf50-2\\\/#breadcrumb\",\"itemListElement\":[{\"@type\":\"ListItem\",\"position\":1,\"name\":\"Portada\",\"item\":\"https:\\\/\\\/agradocosmetic.com\\\/\"},{\"@type\":\"ListItem\",\"position\":2,\"name\":\"Productos\",\"item\":\"https:\\\/\\\/agradocosmetic.com\\\/pt\\\/producto\\\/\"},{\"@type\":\"ListItem\",\"position\":3,\"name\":\"Bruma Seca Solar Spf50+kids Pieles Sensibles\"}]},{\"@type\":\"WebSite\",\"@id\":\"https:\\\/\\\/agradocosmetic.com\\\/#website\",\"url\":\"https:\\\/\\\/agradocosmetic.com\\\/\",\"name\":\"Agrado\",\"description\":\"Cosmetic\",\"publisher\":{\"@id\":\"https:\\\/\\\/agradocosmetic.com\\\/#organization\"},\"potentialAction\":[{\"@type\":\"SearchAction\",\"target\":{\"@type\":\"EntryPoint\",\"urlTemplate\":\"https:\\\/\\\/agradocosmetic.com\\\/?s={search_term_string}\"},\"query-input\":{\"@type\":\"PropertyValueSpecification\",\"valueRequired\":true,\"valueName\":\"search_term_string\"}}],\"inLanguage\":\"fr-FR\"},{\"@type\":\"Organization\",\"@id\":\"https:\\\/\\\/agradocosmetic.com\\\/#organization\",\"name\":\"Agrado\",\"url\":\"https:\\\/\\\/agradocosmetic.com\\\/\",\"logo\":{\"@type\":\"ImageObject\",\"inLanguage\":\"fr-FR\",\"@id\":\"https:\\\/\\\/agradocosmetic.com\\\/#\\\/schema\\\/logo\\\/image\\\/\",\"url\":\"https:\\\/\\\/agradocosmetic.com\\\/wp-content\\\/uploads\\\/2023\\\/07\\\/LOGO-AGRADO-WEB-01.png\",\"contentUrl\":\"https:\\\/\\\/agradocosmetic.com\\\/wp-content\\\/uploads\\\/2023\\\/07\\\/LOGO-AGRADO-WEB-01.png\",\"width\":1632,\"height\":300,\"caption\":\"Agrado\"},\"image\":{\"@id\":\"https:\\\/\\\/agradocosmetic.com\\\/#\\\/schema\\\/logo\\\/image\\\/\"}}]}<\/script>\n<!-- \/ Yoast SEO plugin. -->","yoast_head_json":{"title":"Brume Solaire S\u00e8che Spf50+ Enfants Peaux Sensibles - Pleasure","robots":{"index":"index","follow":"follow","max-snippet":"max-snippet:-1","max-image-preview":"max-image-preview:large","max-video-preview":"max-video-preview:-1"},"canonical":"https:\/\/agradocosmetic.com\/fr\/producto\/bruma-solar-kids-pieles-sensibles-spf50-2\/","og_locale":"fr_FR","og_type":"article","og_title":"Bruma Seca Solar Spf50+kids Pieles Sensibles - Agrado","og_description":"Bruma solar con protecci\u00f3n muy alta SPF50+ con f\u00f3rmula vegana de f\u00e1cil aplicaci\u00f3n en spray y r\u00e1pida absorci\u00f3n. Ideal para proteger las pieles sensibles de los m\u00e1s peque\u00f1os. Textura ligera de tacto seco y acabado invisible. Contiene vitamina E.\u200b Resistente al agua y 0% alcohol","og_url":"https:\/\/agradocosmetic.com\/fr\/producto\/bruma-solar-kids-pieles-sensibles-spf50-2\/","og_site_name":"Agrado","article_modified_time":"2025-07-01T14:12:21+00:00","og_image":[{"width":800,"height":800,"url":"https:\/\/agradocosmetic.com\/wp-content\/uploads\/2024\/04\/30006223-BRUMA-SPF50KIDS-SENSIBLE-AEROSOL-200ML-AGRADO-.webp","type":"image\/webp"}],"twitter_card":"summary_large_image","twitter_misc":{"Dur\u00e9e de lecture estim\u00e9e":"1 minute"},"schema":{"@context":"https:\/\/schema.org","@graph":[{"@type":"WebPage","@id":"https:\/\/agradocosmetic.com\/producto\/bruma-solar-kids-pieles-sensibles-spf50-2\/","url":"https:\/\/agradocosmetic.com\/producto\/bruma-solar-kids-pieles-sensibles-spf50-2\/","name":"Brume Solaire S\u00e8che Spf50+ Enfants Peaux Sensibles - Pleasure","isPartOf":{"@id":"https:\/\/agradocosmetic.com\/#website"},"primaryImageOfPage":{"@id":"https:\/\/agradocosmetic.com\/producto\/bruma-solar-kids-pieles-sensibles-spf50-2\/#primaryimage"},"image":{"@id":"https:\/\/agradocosmetic.com\/producto\/bruma-solar-kids-pieles-sensibles-spf50-2\/#primaryimage"},"thumbnailUrl":"https:\/\/agradocosmetic.com\/wp-content\/uploads\/2024\/04\/30006223-BRUMA-SPF50KIDS-SENSIBLE-AEROSOL-200ML-AGRADO-.webp","datePublished":"2024-04-02T20:08:13+00:00","dateModified":"2025-07-01T14:12:21+00:00","breadcrumb":{"@id":"https:\/\/agradocosmetic.com\/producto\/bruma-solar-kids-pieles-sensibles-spf50-2\/#breadcrumb"},"inLanguage":"fr-FR","potentialAction":[{"@type":"ReadAction","target":["https:\/\/agradocosmetic.com\/producto\/bruma-solar-kids-pieles-sensibles-spf50-2\/"]}]},{"@type":"ImageObject","inLanguage":"fr-FR","@id":"https:\/\/agradocosmetic.com\/producto\/bruma-solar-kids-pieles-sensibles-spf50-2\/#primaryimage","url":"https:\/\/agradocosmetic.com\/wp-content\/uploads\/2024\/04\/30006223-BRUMA-SPF50KIDS-SENSIBLE-AEROSOL-200ML-AGRADO-.webp","contentUrl":"https:\/\/agradocosmetic.com\/wp-content\/uploads\/2024\/04\/30006223-BRUMA-SPF50KIDS-SENSIBLE-AEROSOL-200ML-AGRADO-.webp","width":800,"height":800,"caption":"BRUMA SPF50+KIDS SENSIBLE AEROSOL 200ML AGRADO"},{"@type":"BreadcrumbList","@id":"https:\/\/agradocosmetic.com\/producto\/bruma-solar-kids-pieles-sensibles-spf50-2\/#breadcrumb","itemListElement":[{"@type":"ListItem","position":1,"name":"Portada","item":"https:\/\/agradocosmetic.com\/"},{"@type":"ListItem","position":2,"name":"Productos","item":"https:\/\/agradocosmetic.com\/pt\/producto\/"},{"@type":"ListItem","position":3,"name":"Bruma Seca Solar Spf50+kids Pieles Sensibles"}]},{"@type":"WebSite","@id":"https:\/\/agradocosmetic.com\/#website","url":"https:\/\/agradocosmetic.com\/","name":"Aimer","description":"cosm\u00e9tique","publisher":{"@id":"https:\/\/agradocosmetic.com\/#organization"},"potentialAction":[{"@type":"SearchAction","target":{"@type":"EntryPoint","urlTemplate":"https:\/\/agradocosmetic.com\/?s={search_term_string}"},"query-input":{"@type":"PropertyValueSpecification","valueRequired":true,"valueName":"search_term_string"}}],"inLanguage":"fr-FR"},{"@type":"Organization","@id":"https:\/\/agradocosmetic.com\/#organization","name":"Aimer","url":"https:\/\/agradocosmetic.com\/","logo":{"@type":"ImageObject","inLanguage":"fr-FR","@id":"https:\/\/agradocosmetic.com\/#\/schema\/logo\/image\/","url":"https:\/\/agradocosmetic.com\/wp-content\/uploads\/2023\/07\/LOGO-AGRADO-WEB-01.png","contentUrl":"https:\/\/agradocosmetic.com\/wp-content\/uploads\/2023\/07\/LOGO-AGRADO-WEB-01.png","width":1632,"height":300,"caption":"Agrado"},"image":{"@id":"https:\/\/agradocosmetic.com\/#\/schema\/logo\/image\/"}}]}},"_links":{"self":[{"href":"https:\/\/agradocosmetic.com\/fr\/wp-json\/wp\/v2\/producto\/450","targetHints":{"allow":["GET"]}}],"collection":[{"href":"https:\/\/agradocosmetic.com\/fr\/wp-json\/wp\/v2\/producto"}],"about":[{"href":"https:\/\/agradocosmetic.com\/fr\/wp-json\/wp\/v2\/types\/producto"}],"wp:featuredmedia":[{"embeddable":true,"href":"https:\/\/agradocosmetic.com\/fr\/wp-json\/wp\/v2\/media\/30873"}],"wp:attachment":[{"href":"https:\/\/agradocosmetic.com\/fr\/wp-json\/wp\/v2\/media?parent=450"}],"wp:term":[{"taxonomy":"categoria-de-producto","embeddable":true,"href":"https:\/\/agradocosmetic.com\/fr\/wp-json\/wp\/v2\/categoria-de-producto?post=450"}],"curies":[{"name":"wp","href":"https:\/\/api.w.org\/{rel}","templated":true}]}}