{"id":483,"date":"2023-08-20T21:44:46","date_gmt":"2023-08-20T21:44:46","guid":{"rendered":"https:\/\/dev-freelancerweb.site\/?post_type=producto&#038;p=483"},"modified":"2024-02-15T11:55:53","modified_gmt":"2024-02-15T11:55:53","slug":"enjuague-bucal-proteccion-encias","status":"publish","type":"producto","link":"https:\/\/agradocosmetic.com\/fr\/producto\/enjuague-bucal-proteccion-encias\/","title":{"rendered":"BAIN DE BOUCHE PROTECTION DES GENGIVAS"},"content":{"rendered":"<p>Le bain de bouche Protection Gencives prot\u00e8ge les gencives et les dents, et neutralise la mauvaise haleine. La combinaison de ses composants avec le fluor compl\u00e8te l\u2019action du brossage, pr\u00e9venant ainsi l\u2019apparition de caries. 0 % alcool. 98 % d\u2019ingr\u00e9dients d\u2019origine naturelle. Formule v\u00e9gane. Flacon 100 % recyclable.<\/p>","protected":false},"featured_media":22436,"template":"","categoria-de-producto":[107,108],"class_list":["post-483","producto","type-producto","status-publish","has-post-thumbnail","hentry","categoria-de-producto-cuidado-bucal","categoria-de-producto-adulto"],"yoast_head":"<!-- This site is optimized with the Yoast SEO plugin v27.4 - https:\/\/yoast.com\/product\/yoast-seo-wordpress\/ -->\n<title>Enjuague Bucal Protecci\u00f3n Enc\u00edas - Agrado<\/title>\n<meta name=\"robots\" content=\"index, follow, max-snippet:-1, max-image-preview:large, max-video-preview:-1\" \/>\n<link rel=\"canonical\" href=\"https:\/\/agradocosmetic.com\/fr\/producto\/enjuague-bucal-proteccion-encias\/\" \/>\n<meta property=\"og:locale\" content=\"fr_FR\" \/>\n<meta property=\"og:type\" content=\"article\" \/>\n<meta property=\"og:title\" content=\"Enjuague Bucal Protecci\u00f3n Enc\u00edas - Agrado\" \/>\n<meta property=\"og:description\" content=\"El enjuague Bucal Protecci\u00f3n Enc\u00edas, protege enc\u00edas y dientes, y evita el mal aliento. La combinaci\u00f3n de sus componentes junto con el fl\u00faor complementa la acci\u00f3n del cepillado previniendo la aparici\u00f3n de la caries. 0% Alcohol. Con 98% de ingredientes de origen natural. F\u00f3rmula vegana. Envase 100% reciclable.\" \/>\n<meta property=\"og:url\" content=\"https:\/\/agradocosmetic.com\/fr\/producto\/enjuague-bucal-proteccion-encias\/\" \/>\n<meta property=\"og:site_name\" content=\"Agrado\" \/>\n<meta property=\"article:modified_time\" content=\"2024-02-15T11:55:53+00:00\" \/>\n<meta property=\"og:image\" content=\"https:\/\/agradocosmetic.com\/wp-content\/uploads\/2023\/08\/8815_ENJUAGUE-BUCAL-PROTECCION-ENCIAS-500-ml-AGRADO-1.png\" \/>\n\t<meta property=\"og:image:width\" content=\"800\" \/>\n\t<meta property=\"og:image:height\" content=\"800\" \/>\n\t<meta property=\"og:image:type\" content=\"image\/png\" \/>\n<meta name=\"twitter:card\" content=\"summary_large_image\" \/>\n<meta name=\"twitter:label1\" content=\"Dur\u00e9e de lecture estim\u00e9e\" \/>\n\t<meta name=\"twitter:data1\" content=\"1 minute\" \/>\n<script type=\"application\/ld+json\" class=\"yoast-schema-graph\">{\"@context\":\"https:\\\/\\\/schema.org\",\"@graph\":[{\"@type\":\"WebPage\",\"@id\":\"https:\\\/\\\/agradocosmetic.com\\\/producto\\\/enjuague-bucal-proteccion-encias\\\/\",\"url\":\"https:\\\/\\\/agradocosmetic.com\\\/producto\\\/enjuague-bucal-proteccion-encias\\\/\",\"name\":\"Enjuague Bucal Protecci\u00f3n Enc\u00edas - Agrado\",\"isPartOf\":{\"@id\":\"https:\\\/\\\/agradocosmetic.com\\\/#website\"},\"primaryImageOfPage\":{\"@id\":\"https:\\\/\\\/agradocosmetic.com\\\/producto\\\/enjuague-bucal-proteccion-encias\\\/#primaryimage\"},\"image\":{\"@id\":\"https:\\\/\\\/agradocosmetic.com\\\/producto\\\/enjuague-bucal-proteccion-encias\\\/#primaryimage\"},\"thumbnailUrl\":\"https:\\\/\\\/agradocosmetic.com\\\/wp-content\\\/uploads\\\/2023\\\/08\\\/8815_ENJUAGUE-BUCAL-PROTECCION-ENCIAS-500-ml-AGRADO-1.png\",\"datePublished\":\"2023-08-20T21:44:46+00:00\",\"dateModified\":\"2024-02-15T11:55:53+00:00\",\"breadcrumb\":{\"@id\":\"https:\\\/\\\/agradocosmetic.com\\\/producto\\\/enjuague-bucal-proteccion-encias\\\/#breadcrumb\"},\"inLanguage\":\"fr-FR\",\"potentialAction\":[{\"@type\":\"ReadAction\",\"target\":[\"https:\\\/\\\/agradocosmetic.com\\\/producto\\\/enjuague-bucal-proteccion-encias\\\/\"]}]},{\"@type\":\"ImageObject\",\"inLanguage\":\"fr-FR\",\"@id\":\"https:\\\/\\\/agradocosmetic.com\\\/producto\\\/enjuague-bucal-proteccion-encias\\\/#primaryimage\",\"url\":\"https:\\\/\\\/agradocosmetic.com\\\/wp-content\\\/uploads\\\/2023\\\/08\\\/8815_ENJUAGUE-BUCAL-PROTECCION-ENCIAS-500-ml-AGRADO-1.png\",\"contentUrl\":\"https:\\\/\\\/agradocosmetic.com\\\/wp-content\\\/uploads\\\/2023\\\/08\\\/8815_ENJUAGUE-BUCAL-PROTECCION-ENCIAS-500-ml-AGRADO-1.png\",\"width\":800,\"height\":800},{\"@type\":\"BreadcrumbList\",\"@id\":\"https:\\\/\\\/agradocosmetic.com\\\/producto\\\/enjuague-bucal-proteccion-encias\\\/#breadcrumb\",\"itemListElement\":[{\"@type\":\"ListItem\",\"position\":1,\"name\":\"Portada\",\"item\":\"https:\\\/\\\/agradocosmetic.com\\\/\"},{\"@type\":\"ListItem\",\"position\":2,\"name\":\"Productos\",\"item\":\"https:\\\/\\\/agradocosmetic.com\\\/pt\\\/producto\\\/\"},{\"@type\":\"ListItem\",\"position\":3,\"name\":\"Enjuague Bucal Protecci\u00f3n Enc\u00edas\"}]},{\"@type\":\"WebSite\",\"@id\":\"https:\\\/\\\/agradocosmetic.com\\\/#website\",\"url\":\"https:\\\/\\\/agradocosmetic.com\\\/\",\"name\":\"Agrado\",\"description\":\"Cosmetic\",\"publisher\":{\"@id\":\"https:\\\/\\\/agradocosmetic.com\\\/#organization\"},\"potentialAction\":[{\"@type\":\"SearchAction\",\"target\":{\"@type\":\"EntryPoint\",\"urlTemplate\":\"https:\\\/\\\/agradocosmetic.com\\\/?s={search_term_string}\"},\"query-input\":{\"@type\":\"PropertyValueSpecification\",\"valueRequired\":true,\"valueName\":\"search_term_string\"}}],\"inLanguage\":\"fr-FR\"},{\"@type\":\"Organization\",\"@id\":\"https:\\\/\\\/agradocosmetic.com\\\/#organization\",\"name\":\"Agrado\",\"url\":\"https:\\\/\\\/agradocosmetic.com\\\/\",\"logo\":{\"@type\":\"ImageObject\",\"inLanguage\":\"fr-FR\",\"@id\":\"https:\\\/\\\/agradocosmetic.com\\\/#\\\/schema\\\/logo\\\/image\\\/\",\"url\":\"https:\\\/\\\/agradocosmetic.com\\\/wp-content\\\/uploads\\\/2023\\\/07\\\/LOGO-AGRADO-WEB-01.png\",\"contentUrl\":\"https:\\\/\\\/agradocosmetic.com\\\/wp-content\\\/uploads\\\/2023\\\/07\\\/LOGO-AGRADO-WEB-01.png\",\"width\":1632,\"height\":300,\"caption\":\"Agrado\"},\"image\":{\"@id\":\"https:\\\/\\\/agradocosmetic.com\\\/#\\\/schema\\\/logo\\\/image\\\/\"}}]}<\/script>\n<!-- \/ Yoast SEO plugin. -->","yoast_head_json":{"title":"Enjuague Bucal Protecci\u00f3n Enc\u00edas - Agrado","robots":{"index":"index","follow":"follow","max-snippet":"max-snippet:-1","max-image-preview":"max-image-preview:large","max-video-preview":"max-video-preview:-1"},"canonical":"https:\/\/agradocosmetic.com\/fr\/producto\/enjuague-bucal-proteccion-encias\/","og_locale":"fr_FR","og_type":"article","og_title":"Enjuague Bucal Protecci\u00f3n Enc\u00edas - Agrado","og_description":"El enjuague Bucal Protecci\u00f3n Enc\u00edas, protege enc\u00edas y dientes, y evita el mal aliento. La combinaci\u00f3n de sus componentes junto con el fl\u00faor complementa la acci\u00f3n del cepillado previniendo la aparici\u00f3n de la caries. 0% Alcohol. Con 98% de ingredientes de origen natural. F\u00f3rmula vegana. Envase 100% reciclable.","og_url":"https:\/\/agradocosmetic.com\/fr\/producto\/enjuague-bucal-proteccion-encias\/","og_site_name":"Agrado","article_modified_time":"2024-02-15T11:55:53+00:00","og_image":[{"width":800,"height":800,"url":"https:\/\/agradocosmetic.com\/wp-content\/uploads\/2023\/08\/8815_ENJUAGUE-BUCAL-PROTECCION-ENCIAS-500-ml-AGRADO-1.png","type":"image\/png"}],"twitter_card":"summary_large_image","twitter_misc":{"Dur\u00e9e de lecture estim\u00e9e":"1 minute"},"schema":{"@context":"https:\/\/schema.org","@graph":[{"@type":"WebPage","@id":"https:\/\/agradocosmetic.com\/producto\/enjuague-bucal-proteccion-encias\/","url":"https:\/\/agradocosmetic.com\/producto\/enjuague-bucal-proteccion-encias\/","name":"Enjuague Bucal Protecci\u00f3n Enc\u00edas - Agrado","isPartOf":{"@id":"https:\/\/agradocosmetic.com\/#website"},"primaryImageOfPage":{"@id":"https:\/\/agradocosmetic.com\/producto\/enjuague-bucal-proteccion-encias\/#primaryimage"},"image":{"@id":"https:\/\/agradocosmetic.com\/producto\/enjuague-bucal-proteccion-encias\/#primaryimage"},"thumbnailUrl":"https:\/\/agradocosmetic.com\/wp-content\/uploads\/2023\/08\/8815_ENJUAGUE-BUCAL-PROTECCION-ENCIAS-500-ml-AGRADO-1.png","datePublished":"2023-08-20T21:44:46+00:00","dateModified":"2024-02-15T11:55:53+00:00","breadcrumb":{"@id":"https:\/\/agradocosmetic.com\/producto\/enjuague-bucal-proteccion-encias\/#breadcrumb"},"inLanguage":"fr-FR","potentialAction":[{"@type":"ReadAction","target":["https:\/\/agradocosmetic.com\/producto\/enjuague-bucal-proteccion-encias\/"]}]},{"@type":"ImageObject","inLanguage":"fr-FR","@id":"https:\/\/agradocosmetic.com\/producto\/enjuague-bucal-proteccion-encias\/#primaryimage","url":"https:\/\/agradocosmetic.com\/wp-content\/uploads\/2023\/08\/8815_ENJUAGUE-BUCAL-PROTECCION-ENCIAS-500-ml-AGRADO-1.png","contentUrl":"https:\/\/agradocosmetic.com\/wp-content\/uploads\/2023\/08\/8815_ENJUAGUE-BUCAL-PROTECCION-ENCIAS-500-ml-AGRADO-1.png","width":800,"height":800},{"@type":"BreadcrumbList","@id":"https:\/\/agradocosmetic.com\/producto\/enjuague-bucal-proteccion-encias\/#breadcrumb","itemListElement":[{"@type":"ListItem","position":1,"name":"Portada","item":"https:\/\/agradocosmetic.com\/"},{"@type":"ListItem","position":2,"name":"Productos","item":"https:\/\/agradocosmetic.com\/pt\/producto\/"},{"@type":"ListItem","position":3,"name":"Enjuague Bucal Protecci\u00f3n Enc\u00edas"}]},{"@type":"WebSite","@id":"https:\/\/agradocosmetic.com\/#website","url":"https:\/\/agradocosmetic.com\/","name":"Aimer","description":"cosm\u00e9tique","publisher":{"@id":"https:\/\/agradocosmetic.com\/#organization"},"potentialAction":[{"@type":"SearchAction","target":{"@type":"EntryPoint","urlTemplate":"https:\/\/agradocosmetic.com\/?s={search_term_string}"},"query-input":{"@type":"PropertyValueSpecification","valueRequired":true,"valueName":"search_term_string"}}],"inLanguage":"fr-FR"},{"@type":"Organization","@id":"https:\/\/agradocosmetic.com\/#organization","name":"Aimer","url":"https:\/\/agradocosmetic.com\/","logo":{"@type":"ImageObject","inLanguage":"fr-FR","@id":"https:\/\/agradocosmetic.com\/#\/schema\/logo\/image\/","url":"https:\/\/agradocosmetic.com\/wp-content\/uploads\/2023\/07\/LOGO-AGRADO-WEB-01.png","contentUrl":"https:\/\/agradocosmetic.com\/wp-content\/uploads\/2023\/07\/LOGO-AGRADO-WEB-01.png","width":1632,"height":300,"caption":"Agrado"},"image":{"@id":"https:\/\/agradocosmetic.com\/#\/schema\/logo\/image\/"}}]}},"_links":{"self":[{"href":"https:\/\/agradocosmetic.com\/fr\/wp-json\/wp\/v2\/producto\/483","targetHints":{"allow":["GET"]}}],"collection":[{"href":"https:\/\/agradocosmetic.com\/fr\/wp-json\/wp\/v2\/producto"}],"about":[{"href":"https:\/\/agradocosmetic.com\/fr\/wp-json\/wp\/v2\/types\/producto"}],"wp:featuredmedia":[{"embeddable":true,"href":"https:\/\/agradocosmetic.com\/fr\/wp-json\/wp\/v2\/media\/22436"}],"wp:attachment":[{"href":"https:\/\/agradocosmetic.com\/fr\/wp-json\/wp\/v2\/media?parent=483"}],"wp:term":[{"taxonomy":"categoria-de-producto","embeddable":true,"href":"https:\/\/agradocosmetic.com\/fr\/wp-json\/wp\/v2\/categoria-de-producto?post=483"}],"curies":[{"name":"wp","href":"https:\/\/api.w.org\/{rel}","templated":true}]}}