{"id":21764,"date":"2023-09-29T23:49:58","date_gmt":"2023-09-29T23:49:58","guid":{"rendered":"https:\/\/dev-freelancerweb.site\/?page_id=21764"},"modified":"2024-06-24T13:12:25","modified_gmt":"2024-06-24T13:12:25","slug":"keratina-landing","status":"publish","type":"page","link":"https:\/\/agradocosmetic.com\/it\/keratina-landing\/","title":{"rendered":"Keratina landing"},"content":{"rendered":"\t\t<div data-elementor-type=\"wp-page\" data-elementor-id=\"21764\" class=\"elementor elementor-21764\" data-elementor-post-type=\"page\">\n\t\t\t\t<div class=\"elementor-element elementor-element-b40f5be e-con-full e-flex e-con e-parent\" data-id=\"b40f5be\" data-element_type=\"container\" data-e-type=\"container\" data-settings=\"{&quot;jet_parallax_layout_list&quot;:[],&quot;ekit_has_onepagescroll_dot&quot;:&quot;yes&quot;}\">\n\t\t<div class=\"elementor-element elementor-element-7d1cf43 e-flex e-con-boxed e-con e-child\" data-id=\"7d1cf43\" data-element_type=\"container\" data-e-type=\"container\" data-settings=\"{&quot;jet_parallax_layout_list&quot;:[],&quot;ekit_has_onepagescroll_dot&quot;:&quot;yes&quot;}\">\n\t\t\t\t\t<div class=\"e-con-inner\">\n\t\t\t\t<div class=\"elementor-element elementor-element-b9e65f9 elementor-widget elementor-widget-heading\" data-id=\"b9e65f9\" data-element_type=\"widget\" data-e-type=\"widget\" data-settings=\"{&quot;ekit_we_effect_on&quot;:&quot;none&quot;}\" data-widget_type=\"heading.default\">\n\t\t\t\t<div class=\"elementor-widget-container\">\n\t\t\t\t\t<h2 class=\"elementor-heading-title elementor-size-default\">Luce tu cabello como nunca <br>con nuestra linea de <br>Keratinas<\/h2>\t\t\t\t<\/div>\n\t\t\t\t<\/div>\n\t\t\t\t<div class=\"elementor-element elementor-element-9d72353 elementor-widget elementor-widget-text-editor\" data-id=\"9d72353\" data-element_type=\"widget\" data-e-type=\"widget\" data-settings=\"{&quot;ekit_we_effect_on&quot;:&quot;none&quot;}\" data-widget_type=\"text-editor.default\">\n\t\t\t\t<div class=\"elementor-widget-container\">\n\t\t\t\t\t\t\t\t\tHaz que tu cabello luzca m\u00e1s fuerte y sano gracias a la keratina,<br> y prep\u00e1rate para tener un cabello incre\u00edble.\t\t\t\t\t\t\t\t<\/div>\n\t\t\t\t<\/div>\n\t\t\t\t<div class=\"elementor-element elementor-element-b5669f5 elementor-align-left elementor-widget elementor-widget-button\" data-id=\"b5669f5\" data-element_type=\"widget\" data-e-type=\"widget\" data-settings=\"{&quot;ekit_we_effect_on&quot;:&quot;none&quot;}\" data-widget_type=\"button.default\">\n\t\t\t\t<div class=\"elementor-widget-container\">\n\t\t\t\t\t\t\t\t\t<div class=\"elementor-button-wrapper\">\n\t\t\t\t\t<a class=\"elementor-button elementor-button-link elementor-size-sm\" href=\"https:\/\/agradocosmetic.com\/categoria-de-producto\/cuidado-capilar\/\">\n\t\t\t\t\t\t<span class=\"elementor-button-content-wrapper\">\n\t\t\t\t\t\t\t\t\t<span class=\"elementor-button-text\">Desc\u00fabrela<\/span>\n\t\t\t\t\t<\/span>\n\t\t\t\t\t<\/a>\n\t\t\t\t<\/div>\n\t\t\t\t\t\t\t\t<\/div>\n\t\t\t\t<\/div>\n\t\t\t\t\t<\/div>\n\t\t\t\t<\/div>\n\t\t<div class=\"elementor-element elementor-element-e3c7122 e-flex e-con-boxed e-con e-child\" data-id=\"e3c7122\" data-element_type=\"container\" data-e-type=\"container\" data-settings=\"{&quot;background_background&quot;:&quot;classic&quot;,&quot;jet_parallax_layout_list&quot;:[],&quot;ekit_has_onepagescroll_dot&quot;:&quot;yes&quot;}\">\n\t\t\t\t\t<div class=\"e-con-inner\">\n\t\t\t\t\t<\/div>\n\t\t\t\t<\/div>\n\t\t\t\t<\/div>\n\t\t<div class=\"elementor-element elementor-element-b8dc74d e-flex e-con-boxed e-con e-parent\" data-id=\"b8dc74d\" data-element_type=\"container\" data-e-type=\"container\" data-settings=\"{&quot;jet_parallax_layout_list&quot;:[],&quot;ekit_has_onepagescroll_dot&quot;:&quot;yes&quot;}\">\n\t\t\t\t\t<div class=\"e-con-inner\">\n\t\t<div class=\"elementor-element elementor-element-035ffd5 e-flex e-con-boxed e-con e-child\" data-id=\"035ffd5\" data-element_type=\"container\" data-e-type=\"container\" data-settings=\"{&quot;jet_parallax_layout_list&quot;:[],&quot;ekit_has_onepagescroll_dot&quot;:&quot;yes&quot;}\">\n\t\t\t\t\t<div class=\"e-con-inner\">\n\t\t\t\t<div class=\"elementor-element elementor-element-bd9519d elementor-widget elementor-widget-heading\" data-id=\"bd9519d\" data-element_type=\"widget\" data-e-type=\"widget\" data-settings=\"{&quot;ekit_we_effect_on&quot;:&quot;none&quot;}\" data-widget_type=\"heading.default\">\n\t\t\t\t<div class=\"elementor-widget-container\">\n\t\t\t\t\t<h2 class=\"elementor-heading-title elementor-size-default\">BENEFICIOS DE USAR LA KERATINA AGRADO<\/h2>\t\t\t\t<\/div>\n\t\t\t\t<\/div>\n\t\t\t\t\t<\/div>\n\t\t\t\t<\/div>\n\t\t<div class=\"elementor-element elementor-element-43e8050 e-con-full e-flex e-con e-child\" data-id=\"43e8050\" data-element_type=\"container\" data-e-type=\"container\" data-settings=\"{&quot;jet_parallax_layout_list&quot;:[],&quot;ekit_has_onepagescroll_dot&quot;:&quot;yes&quot;}\">\n\t\t<div class=\"elementor-element elementor-element-10dca6c e-flex e-con-boxed e-con e-child\" data-id=\"10dca6c\" data-element_type=\"container\" data-e-type=\"container\" data-settings=\"{&quot;jet_parallax_layout_list&quot;:[],&quot;ekit_has_onepagescroll_dot&quot;:&quot;yes&quot;}\">\n\t\t\t\t\t<div class=\"e-con-inner\">\n\t\t\t\t<div class=\"elementor-element elementor-element-7efa47e elementor-widget elementor-widget-image\" data-id=\"7efa47e\" data-element_type=\"widget\" data-e-type=\"widget\" data-settings=\"{&quot;ekit_we_effect_on&quot;:&quot;none&quot;}\" data-widget_type=\"image.default\">\n\t\t\t\t<div class=\"elementor-widget-container\">\n\t\t\t\t\t\t\t\t\t\t\t\t\t\t\t<img fetchpriority=\"high\" decoding=\"async\" width=\"800\" height=\"800\" src=\"https:\/\/agradocosmetic.com\/wp-content\/uploads\/2023\/09\/Keratina-block-2-1.jpg\" class=\"attachment-large size-large wp-image-21786\" alt=\"\" srcset=\"https:\/\/agradocosmetic.com\/wp-content\/uploads\/2023\/09\/Keratina-block-2-1.jpg 1000w, https:\/\/agradocosmetic.com\/wp-content\/uploads\/2023\/09\/Keratina-block-2-1-300x300.jpg 300w, https:\/\/agradocosmetic.com\/wp-content\/uploads\/2023\/09\/Keratina-block-2-1-150x150.jpg 150w, https:\/\/agradocosmetic.com\/wp-content\/uploads\/2023\/09\/Keratina-block-2-1-768x768.jpg 768w\" sizes=\"(max-width: 800px) 100vw, 800px\" \/>\t\t\t\t\t\t\t\t\t\t\t\t\t\t\t<\/div>\n\t\t\t\t<\/div>\n\t\t\t\t<div class=\"elementor-element elementor-element-d9ff94b elementor-widget elementor-widget-heading\" data-id=\"d9ff94b\" data-element_type=\"widget\" data-e-type=\"widget\" data-settings=\"{&quot;ekit_we_effect_on&quot;:&quot;none&quot;}\" data-widget_type=\"heading.default\">\n\t\t\t\t<div class=\"elementor-widget-container\">\n\t\t\t\t\t<h2 class=\"elementor-heading-title elementor-size-default\">\u00a1Adi\u00f3s encrespamiento!<\/h2>\t\t\t\t<\/div>\n\t\t\t\t<\/div>\n\t\t\t\t<div class=\"elementor-element elementor-element-1af029e elementor-widget elementor-widget-text-editor\" data-id=\"1af029e\" data-element_type=\"widget\" data-e-type=\"widget\" data-settings=\"{&quot;ekit_we_effect_on&quot;:&quot;none&quot;}\" data-widget_type=\"text-editor.default\">\n\t\t\t\t<div class=\"elementor-widget-container\">\n\t\t\t\t\t\t\t\t\tT\u00fa cabello lucir\u00e1 m\u00e1s suave, <br>sedoso y brillante.\t\t\t\t\t\t\t\t<\/div>\n\t\t\t\t<\/div>\n\t\t\t\t\t<\/div>\n\t\t\t\t<\/div>\n\t\t<div class=\"elementor-element elementor-element-7cecd9e e-flex e-con-boxed e-con e-child\" data-id=\"7cecd9e\" data-element_type=\"container\" data-e-type=\"container\" data-settings=\"{&quot;jet_parallax_layout_list&quot;:[],&quot;ekit_has_onepagescroll_dot&quot;:&quot;yes&quot;}\">\n\t\t\t\t\t<div class=\"e-con-inner\">\n\t\t\t\t<div class=\"elementor-element elementor-element-54c9317 elementor-widget elementor-widget-image\" data-id=\"54c9317\" data-element_type=\"widget\" data-e-type=\"widget\" data-settings=\"{&quot;ekit_we_effect_on&quot;:&quot;none&quot;}\" data-widget_type=\"image.default\">\n\t\t\t\t<div class=\"elementor-widget-container\">\n\t\t\t\t\t\t\t\t\t\t\t\t\t\t\t<img decoding=\"async\" width=\"800\" height=\"800\" src=\"https:\/\/agradocosmetic.com\/wp-content\/uploads\/2023\/09\/keratina-b-2.jpg\" class=\"attachment-large size-large wp-image-21785\" alt=\"\" srcset=\"https:\/\/agradocosmetic.com\/wp-content\/uploads\/2023\/09\/keratina-b-2.jpg 1000w, https:\/\/agradocosmetic.com\/wp-content\/uploads\/2023\/09\/keratina-b-2-300x300.jpg 300w, https:\/\/agradocosmetic.com\/wp-content\/uploads\/2023\/09\/keratina-b-2-150x150.jpg 150w, https:\/\/agradocosmetic.com\/wp-content\/uploads\/2023\/09\/keratina-b-2-768x768.jpg 768w\" sizes=\"(max-width: 800px) 100vw, 800px\" \/>\t\t\t\t\t\t\t\t\t\t\t\t\t\t\t<\/div>\n\t\t\t\t<\/div>\n\t\t\t\t<div class=\"elementor-element elementor-element-d50017f elementor-widget elementor-widget-heading\" data-id=\"d50017f\" data-element_type=\"widget\" data-e-type=\"widget\" data-settings=\"{&quot;ekit_we_effect_on&quot;:&quot;none&quot;}\" data-widget_type=\"heading.default\">\n\t\t\t\t<div class=\"elementor-widget-container\">\n\t\t\t\t\t<h2 class=\"elementor-heading-title elementor-size-default\">Hebras capilares fortalecidas<\/h2>\t\t\t\t<\/div>\n\t\t\t\t<\/div>\n\t\t\t\t<div class=\"elementor-element elementor-element-7d157bf elementor-widget elementor-widget-text-editor\" data-id=\"7d157bf\" data-element_type=\"widget\" data-e-type=\"widget\" data-settings=\"{&quot;ekit_we_effect_on&quot;:&quot;none&quot;}\" data-widget_type=\"text-editor.default\">\n\t\t\t\t<div class=\"elementor-widget-container\">\n\t\t\t\t\t\t\t\t\tLa keratina natural de tu <br>cabello 100% restaurada.\t\t\t\t\t\t\t\t<\/div>\n\t\t\t\t<\/div>\n\t\t\t\t\t<\/div>\n\t\t\t\t<\/div>\n\t\t<div class=\"elementor-element elementor-element-483f1f1 e-flex e-con-boxed e-con e-child\" data-id=\"483f1f1\" data-element_type=\"container\" data-e-type=\"container\" data-settings=\"{&quot;jet_parallax_layout_list&quot;:[],&quot;ekit_has_onepagescroll_dot&quot;:&quot;yes&quot;}\">\n\t\t\t\t\t<div class=\"e-con-inner\">\n\t\t\t\t<div class=\"elementor-element elementor-element-50d81b4 elementor-widget elementor-widget-image\" data-id=\"50d81b4\" data-element_type=\"widget\" data-e-type=\"widget\" data-settings=\"{&quot;ekit_we_effect_on&quot;:&quot;none&quot;}\" data-widget_type=\"image.default\">\n\t\t\t\t<div class=\"elementor-widget-container\">\n\t\t\t\t\t\t\t\t\t\t\t\t\t\t\t<img decoding=\"async\" width=\"800\" height=\"800\" src=\"https:\/\/agradocosmetic.com\/wp-content\/uploads\/2023\/09\/keratina-3.jpg\" class=\"attachment-large size-large wp-image-21784\" alt=\"\" srcset=\"https:\/\/agradocosmetic.com\/wp-content\/uploads\/2023\/09\/keratina-3.jpg 1000w, https:\/\/agradocosmetic.com\/wp-content\/uploads\/2023\/09\/keratina-3-300x300.jpg 300w, https:\/\/agradocosmetic.com\/wp-content\/uploads\/2023\/09\/keratina-3-150x150.jpg 150w, https:\/\/agradocosmetic.com\/wp-content\/uploads\/2023\/09\/keratina-3-768x768.jpg 768w\" sizes=\"(max-width: 800px) 100vw, 800px\" \/>\t\t\t\t\t\t\t\t\t\t\t\t\t\t\t<\/div>\n\t\t\t\t<\/div>\n\t\t\t\t<div class=\"elementor-element elementor-element-3f10be4 elementor-widget elementor-widget-heading\" data-id=\"3f10be4\" data-element_type=\"widget\" data-e-type=\"widget\" data-settings=\"{&quot;ekit_we_effect_on&quot;:&quot;none&quot;}\" data-widget_type=\"heading.default\">\n\t\t\t\t<div class=\"elementor-widget-container\">\n\t\t\t\t\t<h2 class=\"elementor-heading-title elementor-size-default\">Reducci\u00f3n puntas abiertas<\/h2>\t\t\t\t<\/div>\n\t\t\t\t<\/div>\n\t\t\t\t<div class=\"elementor-element elementor-element-4e9c924 elementor-widget elementor-widget-text-editor\" data-id=\"4e9c924\" data-element_type=\"widget\" data-e-type=\"widget\" data-settings=\"{&quot;ekit_we_effect_on&quot;:&quot;none&quot;}\" data-widget_type=\"text-editor.default\">\n\t\t\t\t<div class=\"elementor-widget-container\">\n\t\t\t\t\t\t\t\t\tOlv\u00eddate del cabello \u00e1spero y<br> da\u00f1ado.\t\t\t\t\t\t\t\t<\/div>\n\t\t\t\t<\/div>\n\t\t\t\t\t<\/div>\n\t\t\t\t<\/div>\n\t\t\t\t<\/div>\n\t\t\t\t\t<\/div>\n\t\t\t\t<\/div>\n\t\t<div class=\"elementor-element elementor-element-8b850c2 e-flex e-con-boxed e-con e-parent\" data-id=\"8b850c2\" data-element_type=\"container\" data-e-type=\"container\" data-settings=\"{&quot;background_background&quot;:&quot;classic&quot;,&quot;jet_parallax_layout_list&quot;:[],&quot;ekit_has_onepagescroll_dot&quot;:&quot;yes&quot;}\">\n\t\t\t\t\t<div class=\"e-con-inner\">\n\t\t<div class=\"elementor-element elementor-element-a41f604 e-con-full e-flex e-con e-child\" data-id=\"a41f604\" data-element_type=\"container\" data-e-type=\"container\" data-settings=\"{&quot;jet_parallax_layout_list&quot;:[],&quot;ekit_has_onepagescroll_dot&quot;:&quot;yes&quot;}\">\n\t\t\t\t<div class=\"elementor-element elementor-element-ab623f0 elementor-widget elementor-widget-heading\" data-id=\"ab623f0\" data-element_type=\"widget\" data-e-type=\"widget\" data-settings=\"{&quot;ekit_we_effect_on&quot;:&quot;none&quot;}\" data-widget_type=\"heading.default\">\n\t\t\t\t<div class=\"elementor-widget-container\">\n\t\t\t\t\t<h2 class=\"elementor-heading-title elementor-size-default\">ELIGE EL MEJOR <br>\nPRODUCTO DE <br>KERATINA <br>\nPARA TU CABELLO<\/h2>\t\t\t\t<\/div>\n\t\t\t\t<\/div>\n\t\t\t\t<div class=\"elementor-element elementor-element-88d5a10 elementor-widget elementor-widget-text-editor\" data-id=\"88d5a10\" data-element_type=\"widget\" data-e-type=\"widget\" data-settings=\"{&quot;ekit_we_effect_on&quot;:&quot;none&quot;}\" data-widget_type=\"text-editor.default\">\n\t\t\t\t<div class=\"elementor-widget-container\">\n\t\t\t\t\t\t\t\t\tProtege e hidrata tu piel con <br>la  l\u00ednea de cremas <br>hidratantes Agrado.\t\t\t\t\t\t\t\t<\/div>\n\t\t\t\t<\/div>\n\t\t\t\t<div class=\"elementor-element elementor-element-8eed395 elementor-align-left elementor-widget elementor-widget-button\" data-id=\"8eed395\" data-element_type=\"widget\" data-e-type=\"widget\" data-settings=\"{&quot;ekit_we_effect_on&quot;:&quot;none&quot;}\" data-widget_type=\"button.default\">\n\t\t\t\t<div class=\"elementor-widget-container\">\n\t\t\t\t\t\t\t\t\t<div class=\"elementor-button-wrapper\">\n\t\t\t\t\t<a class=\"elementor-button elementor-button-link elementor-size-sm\" href=\"https:\/\/agradocosmetic.com\/categoria-de-producto\/gel-de-bano\/\">\n\t\t\t\t\t\t<span class=\"elementor-button-content-wrapper\">\n\t\t\t\t\t\t\t\t\t<span class=\"elementor-button-text\">CON\u00d3CELAS<\/span>\n\t\t\t\t\t<\/span>\n\t\t\t\t\t<\/a>\n\t\t\t\t<\/div>\n\t\t\t\t\t\t\t\t<\/div>\n\t\t\t\t<\/div>\n\t\t\t\t<\/div>\n\t\t<div class=\"elementor-element elementor-element-dcbfe9b e-flex e-con-boxed e-con e-child\" data-id=\"dcbfe9b\" data-element_type=\"container\" data-e-type=\"container\" data-settings=\"{&quot;jet_parallax_layout_list&quot;:[],&quot;ekit_has_onepagescroll_dot&quot;:&quot;yes&quot;}\">\n\t\t\t\t\t<div class=\"e-con-inner\">\n\t\t\t\t<div class=\"elementor-element elementor-element-319a3cc elementor-widget elementor-widget-jet-listing-grid\" data-id=\"319a3cc\" data-element_type=\"widget\" data-e-type=\"widget\" data-settings=\"{&quot;columns_mobile&quot;:&quot;1&quot;,&quot;columns&quot;:3,&quot;ekit_we_effect_on&quot;:&quot;none&quot;}\" data-widget_type=\"jet-listing-grid.default\">\n\t\t\t\t<div class=\"elementor-widget-container\">\n\t\t\t\t\t<div class=\"jet-listing-grid jet-listing\"><div class=\"jet-listing-grid__scroll-slider jet-listing-grid__scroll-slider-desktop jet-listing-grid__scroll-slider-tablet jet-listing-grid__scroll-slider-mobile\"><div class=\"jet-listing-grid__items grid-col-desk-3 grid-col-tablet-3 grid-col-mobile-1 jet-listing-grid--488 jet-listing-grid__scroll-slider-wrap-desktop jet-listing-grid__scroll-slider-wrap-tablet jet-listing-grid__scroll-slider-wrap-mobile\" data-queried-id=\"21764|WP_Post\" data-nav=\"{&quot;enabled&quot;:false,&quot;type&quot;:null,&quot;more_el&quot;:null,&quot;query&quot;:[],&quot;widget_settings&quot;:{&quot;lisitng_id&quot;:488,&quot;posts_num&quot;:6,&quot;columns&quot;:3,&quot;columns_tablet&quot;:3,&quot;columns_mobile&quot;:1,&quot;column_min_width&quot;:240,&quot;column_min_width_tablet&quot;:240,&quot;column_min_width_mobile&quot;:240,&quot;inline_columns_css&quot;:false,&quot;is_archive_template&quot;:&quot;&quot;,&quot;post_status&quot;:[&quot;publish&quot;],&quot;use_random_posts_num&quot;:&quot;&quot;,&quot;max_posts_num&quot;:9,&quot;not_found_message&quot;:&quot;No data was found&quot;,&quot;is_masonry&quot;:false,&quot;equal_columns_height&quot;:&quot;&quot;,&quot;use_load_more&quot;:&quot;&quot;,&quot;load_more_id&quot;:&quot;&quot;,&quot;load_more_type&quot;:&quot;click&quot;,&quot;load_more_offset&quot;:null,&quot;use_custom_post_types&quot;:&quot;&quot;,&quot;custom_post_types&quot;:[],&quot;hide_widget_if&quot;:&quot;&quot;,&quot;carousel_enabled&quot;:&quot;&quot;,&quot;slides_to_scroll&quot;:&quot;1&quot;,&quot;arrows&quot;:&quot;true&quot;,&quot;arrow_icon&quot;:&quot;fa fa-angle-left&quot;,&quot;dots&quot;:&quot;&quot;,&quot;autoplay&quot;:&quot;true&quot;,&quot;pause_on_hover&quot;:&quot;true&quot;,&quot;autoplay_speed&quot;:5000,&quot;infinite&quot;:&quot;true&quot;,&quot;center_mode&quot;:&quot;&quot;,&quot;effect&quot;:&quot;slide&quot;,&quot;speed&quot;:500,&quot;inject_alternative_items&quot;:&quot;&quot;,&quot;injection_items&quot;:[],&quot;scroll_slider_enabled&quot;:&quot;yes&quot;,&quot;scroll_slider_on&quot;:[&quot;desktop&quot;,&quot;tablet&quot;,&quot;mobile&quot;],&quot;custom_query&quot;:false,&quot;custom_query_id&quot;:&quot;&quot;,&quot;_element_id&quot;:&quot;&quot;,&quot;collapse_first_last_gap&quot;:false,&quot;list_tag_selection&quot;:&quot;&quot;,&quot;list_items_wrapper_tag&quot;:&quot;div&quot;,&quot;list_item_tag&quot;:&quot;div&quot;,&quot;empty_items_wrapper_tag&quot;:&quot;div&quot;}}\" data-page=\"1\" data-pages=\"1\" data-listing-source=\"posts\" data-listing-id=\"488\" data-query-id=\"\"><div class=\"jet-listing-grid__item jet-listing-dynamic-post-485\" data-post-id=\"485\"  >\t\t<div data-elementor-type=\"jet-listing-items\" data-elementor-id=\"488\" class=\"elementor elementor-488\" data-elementor-post-type=\"jet-engine\">\n\t\t\t\t<div class=\"elementor-element elementor-element-893849d e-flex e-con-boxed e-con e-parent\" data-id=\"893849d\" data-element_type=\"container\" data-e-type=\"container\" data-settings=\"{&quot;background_background&quot;:&quot;classic&quot;,&quot;jet_parallax_layout_list&quot;:[],&quot;ekit_has_onepagescroll_dot&quot;:&quot;yes&quot;}\">\n\t\t\t\t\t<div class=\"e-con-inner\">\n\t\t<div class=\"elementor-element elementor-element-df4076d e-flex e-con-boxed e-con e-child\" data-id=\"df4076d\" data-element_type=\"container\" data-e-type=\"container\" data-settings=\"{&quot;jet_parallax_layout_list&quot;:[],&quot;background_background&quot;:&quot;classic&quot;,&quot;ekit_has_onepagescroll_dot&quot;:&quot;yes&quot;}\">\n\t\t\t\t\t<div class=\"e-con-inner\">\n\t\t\t\t<div class=\"elementor-element elementor-element-0a77053 elementor-widget elementor-widget-jet-listing-dynamic-image\" data-id=\"0a77053\" data-element_type=\"widget\" data-e-type=\"widget\" data-settings=\"{&quot;ekit_we_effect_on&quot;:&quot;none&quot;}\" data-widget_type=\"jet-listing-dynamic-image.default\">\n\t\t\t\t<div class=\"elementor-widget-container\">\n\t\t\t\t\t<div class=\"jet-listing jet-listing-dynamic-image\" ><img decoding=\"async\" width=\"800\" height=\"800\" src=\"https:\/\/agradocosmetic.com\/wp-content\/uploads\/2023\/08\/30008988-AGRADO-LIQ-KERATIN-ANTIFRIZZY-200ml.webp\" class=\"jet-listing-dynamic-image__img attachment-full size-full wp-post-image\" alt=\"30008988 AGRADO LIQ KERATIN ANTIFRIZZY 200ml\" srcset=\"https:\/\/agradocosmetic.com\/wp-content\/uploads\/2023\/08\/30008988-AGRADO-LIQ-KERATIN-ANTIFRIZZY-200ml.webp 800w, https:\/\/agradocosmetic.com\/wp-content\/uploads\/2023\/08\/30008988-AGRADO-LIQ-KERATIN-ANTIFRIZZY-200ml-300x300.webp 300w, https:\/\/agradocosmetic.com\/wp-content\/uploads\/2023\/08\/30008988-AGRADO-LIQ-KERATIN-ANTIFRIZZY-200ml-150x150.webp 150w, https:\/\/agradocosmetic.com\/wp-content\/uploads\/2023\/08\/30008988-AGRADO-LIQ-KERATIN-ANTIFRIZZY-200ml-768x768.webp 768w, https:\/\/agradocosmetic.com\/wp-content\/uploads\/2023\/08\/30008988-AGRADO-LIQ-KERATIN-ANTIFRIZZY-200ml-12x12.webp 12w\" sizes=\"(max-width: 800px) 100vw, 800px\" loading=\"eager\" \/><\/div>\t\t\t\t<\/div>\n\t\t\t\t<\/div>\n\t\t\t\t\t<\/div>\n\t\t\t\t<\/div>\n\t\t<div class=\"elementor-element elementor-element-383fb28 e-flex e-con-boxed e-con e-child\" data-id=\"383fb28\" data-element_type=\"container\" data-e-type=\"container\" data-settings=\"{&quot;jet_parallax_layout_list&quot;:[],&quot;ekit_has_onepagescroll_dot&quot;:&quot;yes&quot;}\">\n\t\t\t\t\t<div class=\"e-con-inner\">\n\t\t<div class=\"elementor-element elementor-element-bb36b89 e-flex e-con-boxed e-con e-child\" data-id=\"bb36b89\" data-element_type=\"container\" data-e-type=\"container\" data-settings=\"{&quot;jet_parallax_layout_list&quot;:[],&quot;ekit_has_onepagescroll_dot&quot;:&quot;yes&quot;}\">\n\t\t\t\t\t<div class=\"e-con-inner\">\n\t\t\t\t<div class=\"elementor-element elementor-element-4629382 elementor-widget elementor-widget-heading\" data-id=\"4629382\" data-element_type=\"widget\" data-e-type=\"widget\" data-settings=\"{&quot;ekit_we_effect_on&quot;:&quot;none&quot;}\" data-widget_type=\"heading.default\">\n\t\t\t\t<div class=\"elementor-widget-container\">\n\t\t\t\t\t<p class=\"elementor-heading-title elementor-size-default\">Keratina L\u00edquida Anti-encrespamiento<\/p>\t\t\t\t<\/div>\n\t\t\t\t<\/div>\n\t\t\t\t<div class=\"elementor-element elementor-element-70cc3fc elementor-widget elementor-widget-jet-listing-dynamic-terms\" data-id=\"70cc3fc\" data-element_type=\"widget\" data-e-type=\"widget\" data-settings=\"{&quot;ekit_we_effect_on&quot;:&quot;none&quot;}\" data-widget_type=\"jet-listing-dynamic-terms.default\">\n\t\t\t\t<div class=\"elementor-widget-container\">\n\t\t\t\t\t<div class=\"jet-listing jet-listing-dynamic-terms\"><span class=\"jet-listing-dynamic-terms__link\">Cuidado Capilar<\/span><\/div>\t\t\t\t<\/div>\n\t\t\t\t<\/div>\n\t\t\t\t\t<\/div>\n\t\t\t\t<\/div>\n\t\t<div class=\"elementor-element elementor-element-0d671ed e-flex e-con-boxed e-con e-child\" data-id=\"0d671ed\" data-element_type=\"container\" data-e-type=\"container\" data-settings=\"{&quot;jet_parallax_layout_list&quot;:[],&quot;ekit_has_onepagescroll_dot&quot;:&quot;yes&quot;}\">\n\t\t\t\t\t<div class=\"e-con-inner\">\n\t\t\t\t<div class=\"elementor-element elementor-element-8f9c3ac elementor-align-left elementor-widget elementor-widget-button\" data-id=\"8f9c3ac\" data-element_type=\"widget\" data-e-type=\"widget\" data-settings=\"{&quot;ekit_we_effect_on&quot;:&quot;none&quot;}\" data-widget_type=\"button.default\">\n\t\t\t\t<div class=\"elementor-widget-container\">\n\t\t\t\t\t\t\t\t\t<div class=\"elementor-button-wrapper\">\n\t\t\t\t\t<a class=\"elementor-button elementor-button-link elementor-size-sm\" href=\"https:\/\/agradocosmetic.com\/it\/producto\/keratina-liquida\/\">\n\t\t\t\t\t\t<span class=\"elementor-button-content-wrapper\">\n\t\t\t\t\t\t\t\t\t<span class=\"elementor-button-text\">Ver producto<\/span>\n\t\t\t\t\t<\/span>\n\t\t\t\t\t<\/a>\n\t\t\t\t<\/div>\n\t\t\t\t\t\t\t\t<\/div>\n\t\t\t\t<\/div>\n\t\t\t\t\t<\/div>\n\t\t\t\t<\/div>\n\t\t\t\t\t<\/div>\n\t\t\t\t<\/div>\n\t\t\t\t\t<\/div>\n\t\t\t\t<\/div>\n\t\t\t\t<\/div>\n\t\t<\/div><div class=\"jet-listing-grid__item jet-listing-dynamic-post-410\" data-post-id=\"410\"  >\t\t<div data-elementor-type=\"jet-listing-items\" data-elementor-id=\"488\" class=\"elementor elementor-488\" data-elementor-post-type=\"jet-engine\">\n\t\t\t\t<div class=\"elementor-element elementor-element-893849d e-flex e-con-boxed e-con e-parent\" data-id=\"893849d\" data-element_type=\"container\" data-e-type=\"container\" data-settings=\"{&quot;background_background&quot;:&quot;classic&quot;,&quot;jet_parallax_layout_list&quot;:[],&quot;ekit_has_onepagescroll_dot&quot;:&quot;yes&quot;}\">\n\t\t\t\t\t<div class=\"e-con-inner\">\n\t\t<div class=\"elementor-element elementor-element-df4076d e-flex e-con-boxed e-con e-child\" data-id=\"df4076d\" data-element_type=\"container\" data-e-type=\"container\" data-settings=\"{&quot;jet_parallax_layout_list&quot;:[],&quot;background_background&quot;:&quot;classic&quot;,&quot;ekit_has_onepagescroll_dot&quot;:&quot;yes&quot;}\">\n\t\t\t\t\t<div class=\"e-con-inner\">\n\t\t\t\t<div class=\"elementor-element elementor-element-0a77053 elementor-widget elementor-widget-jet-listing-dynamic-image\" data-id=\"0a77053\" data-element_type=\"widget\" data-e-type=\"widget\" data-settings=\"{&quot;ekit_we_effect_on&quot;:&quot;none&quot;}\" data-widget_type=\"jet-listing-dynamic-image.default\">\n\t\t\t\t<div class=\"elementor-widget-container\">\n\t\t\t\t\t<div class=\"jet-listing jet-listing-dynamic-image\" ><img decoding=\"async\" width=\"800\" height=\"800\" src=\"https:\/\/agradocosmetic.com\/wp-content\/uploads\/2023\/08\/30005166-CH-KERAT-400ml.webp\" class=\"jet-listing-dynamic-image__img attachment-full size-full wp-post-image\" alt=\"30005166-CH KERAT 400ml\" srcset=\"https:\/\/agradocosmetic.com\/wp-content\/uploads\/2023\/08\/30005166-CH-KERAT-400ml.webp 800w, https:\/\/agradocosmetic.com\/wp-content\/uploads\/2023\/08\/30005166-CH-KERAT-400ml-300x300.webp 300w, https:\/\/agradocosmetic.com\/wp-content\/uploads\/2023\/08\/30005166-CH-KERAT-400ml-150x150.webp 150w, https:\/\/agradocosmetic.com\/wp-content\/uploads\/2023\/08\/30005166-CH-KERAT-400ml-768x768.webp 768w, https:\/\/agradocosmetic.com\/wp-content\/uploads\/2023\/08\/30005166-CH-KERAT-400ml-12x12.webp 12w\" sizes=\"(max-width: 800px) 100vw, 800px\" loading=\"eager\" \/><\/div>\t\t\t\t<\/div>\n\t\t\t\t<\/div>\n\t\t\t\t\t<\/div>\n\t\t\t\t<\/div>\n\t\t<div class=\"elementor-element elementor-element-383fb28 e-flex e-con-boxed e-con e-child\" data-id=\"383fb28\" data-element_type=\"container\" data-e-type=\"container\" data-settings=\"{&quot;jet_parallax_layout_list&quot;:[],&quot;ekit_has_onepagescroll_dot&quot;:&quot;yes&quot;}\">\n\t\t\t\t\t<div class=\"e-con-inner\">\n\t\t<div class=\"elementor-element elementor-element-bb36b89 e-flex e-con-boxed e-con e-child\" data-id=\"bb36b89\" data-element_type=\"container\" data-e-type=\"container\" data-settings=\"{&quot;jet_parallax_layout_list&quot;:[],&quot;ekit_has_onepagescroll_dot&quot;:&quot;yes&quot;}\">\n\t\t\t\t\t<div class=\"e-con-inner\">\n\t\t\t\t<div class=\"elementor-element elementor-element-4629382 elementor-widget elementor-widget-heading\" data-id=\"4629382\" data-element_type=\"widget\" data-e-type=\"widget\" data-settings=\"{&quot;ekit_we_effect_on&quot;:&quot;none&quot;}\" data-widget_type=\"heading.default\">\n\t\t\t\t<div class=\"elementor-widget-container\">\n\t\t\t\t\t<p class=\"elementor-heading-title elementor-size-default\">Champ\u00fa Professional Keratina<\/p>\t\t\t\t<\/div>\n\t\t\t\t<\/div>\n\t\t\t\t<div class=\"elementor-element elementor-element-70cc3fc elementor-widget elementor-widget-jet-listing-dynamic-terms\" data-id=\"70cc3fc\" data-element_type=\"widget\" data-e-type=\"widget\" data-settings=\"{&quot;ekit_we_effect_on&quot;:&quot;none&quot;}\" data-widget_type=\"jet-listing-dynamic-terms.default\">\n\t\t\t\t<div class=\"elementor-widget-container\">\n\t\t\t\t\t<div class=\"jet-listing jet-listing-dynamic-terms\"><span class=\"jet-listing-dynamic-terms__link\">Cuidado Capilar<\/span><\/div>\t\t\t\t<\/div>\n\t\t\t\t<\/div>\n\t\t\t\t\t<\/div>\n\t\t\t\t<\/div>\n\t\t<div class=\"elementor-element elementor-element-0d671ed e-flex e-con-boxed e-con e-child\" data-id=\"0d671ed\" data-element_type=\"container\" data-e-type=\"container\" data-settings=\"{&quot;jet_parallax_layout_list&quot;:[],&quot;ekit_has_onepagescroll_dot&quot;:&quot;yes&quot;}\">\n\t\t\t\t\t<div class=\"e-con-inner\">\n\t\t\t\t<div class=\"elementor-element elementor-element-8f9c3ac elementor-align-left elementor-widget elementor-widget-button\" data-id=\"8f9c3ac\" data-element_type=\"widget\" data-e-type=\"widget\" data-settings=\"{&quot;ekit_we_effect_on&quot;:&quot;none&quot;}\" data-widget_type=\"button.default\">\n\t\t\t\t<div class=\"elementor-widget-container\">\n\t\t\t\t\t\t\t\t\t<div class=\"elementor-button-wrapper\">\n\t\t\t\t\t<a class=\"elementor-button elementor-button-link elementor-size-sm\" href=\"https:\/\/agradocosmetic.com\/it\/producto\/champu-professional-keratina-400ml\/\">\n\t\t\t\t\t\t<span class=\"elementor-button-content-wrapper\">\n\t\t\t\t\t\t\t\t\t<span class=\"elementor-button-text\">Ver producto<\/span>\n\t\t\t\t\t<\/span>\n\t\t\t\t\t<\/a>\n\t\t\t\t<\/div>\n\t\t\t\t\t\t\t\t<\/div>\n\t\t\t\t<\/div>\n\t\t\t\t\t<\/div>\n\t\t\t\t<\/div>\n\t\t\t\t\t<\/div>\n\t\t\t\t<\/div>\n\t\t\t\t\t<\/div>\n\t\t\t\t<\/div>\n\t\t\t\t<\/div>\n\t\t<\/div><div class=\"jet-listing-grid__item jet-listing-dynamic-post-406\" data-post-id=\"406\"  >\t\t<div data-elementor-type=\"jet-listing-items\" data-elementor-id=\"488\" class=\"elementor elementor-488\" data-elementor-post-type=\"jet-engine\">\n\t\t\t\t<div class=\"elementor-element elementor-element-893849d e-flex e-con-boxed e-con e-parent\" data-id=\"893849d\" data-element_type=\"container\" data-e-type=\"container\" data-settings=\"{&quot;background_background&quot;:&quot;classic&quot;,&quot;jet_parallax_layout_list&quot;:[],&quot;ekit_has_onepagescroll_dot&quot;:&quot;yes&quot;}\">\n\t\t\t\t\t<div class=\"e-con-inner\">\n\t\t<div class=\"elementor-element elementor-element-df4076d e-flex e-con-boxed e-con e-child\" data-id=\"df4076d\" data-element_type=\"container\" data-e-type=\"container\" data-settings=\"{&quot;jet_parallax_layout_list&quot;:[],&quot;background_background&quot;:&quot;classic&quot;,&quot;ekit_has_onepagescroll_dot&quot;:&quot;yes&quot;}\">\n\t\t\t\t\t<div class=\"e-con-inner\">\n\t\t\t\t<div class=\"elementor-element elementor-element-0a77053 elementor-widget elementor-widget-jet-listing-dynamic-image\" data-id=\"0a77053\" data-element_type=\"widget\" data-e-type=\"widget\" data-settings=\"{&quot;ekit_we_effect_on&quot;:&quot;none&quot;}\" data-widget_type=\"jet-listing-dynamic-image.default\">\n\t\t\t\t<div class=\"elementor-widget-container\">\n\t\t\t\t\t<div class=\"jet-listing jet-listing-dynamic-image\" ><img decoding=\"async\" width=\"800\" height=\"800\" src=\"https:\/\/agradocosmetic.com\/wp-content\/uploads\/2023\/08\/30005495_HAIR-MASK-KERATIN-500ml-AGRADO.webp\" class=\"jet-listing-dynamic-image__img attachment-full size-full wp-post-image\" alt=\"30005495_HAIR MASK KERATIN 500ml AGRADO\" srcset=\"https:\/\/agradocosmetic.com\/wp-content\/uploads\/2023\/08\/30005495_HAIR-MASK-KERATIN-500ml-AGRADO.webp 800w, https:\/\/agradocosmetic.com\/wp-content\/uploads\/2023\/08\/30005495_HAIR-MASK-KERATIN-500ml-AGRADO-300x300.webp 300w, https:\/\/agradocosmetic.com\/wp-content\/uploads\/2023\/08\/30005495_HAIR-MASK-KERATIN-500ml-AGRADO-150x150.webp 150w, https:\/\/agradocosmetic.com\/wp-content\/uploads\/2023\/08\/30005495_HAIR-MASK-KERATIN-500ml-AGRADO-768x768.webp 768w, https:\/\/agradocosmetic.com\/wp-content\/uploads\/2023\/08\/30005495_HAIR-MASK-KERATIN-500ml-AGRADO-12x12.webp 12w\" sizes=\"(max-width: 800px) 100vw, 800px\" loading=\"eager\" \/><\/div>\t\t\t\t<\/div>\n\t\t\t\t<\/div>\n\t\t\t\t\t<\/div>\n\t\t\t\t<\/div>\n\t\t<div class=\"elementor-element elementor-element-383fb28 e-flex e-con-boxed e-con e-child\" data-id=\"383fb28\" data-element_type=\"container\" data-e-type=\"container\" data-settings=\"{&quot;jet_parallax_layout_list&quot;:[],&quot;ekit_has_onepagescroll_dot&quot;:&quot;yes&quot;}\">\n\t\t\t\t\t<div class=\"e-con-inner\">\n\t\t<div class=\"elementor-element elementor-element-bb36b89 e-flex e-con-boxed e-con e-child\" data-id=\"bb36b89\" data-element_type=\"container\" data-e-type=\"container\" data-settings=\"{&quot;jet_parallax_layout_list&quot;:[],&quot;ekit_has_onepagescroll_dot&quot;:&quot;yes&quot;}\">\n\t\t\t\t\t<div class=\"e-con-inner\">\n\t\t\t\t<div class=\"elementor-element elementor-element-4629382 elementor-widget elementor-widget-heading\" data-id=\"4629382\" data-element_type=\"widget\" data-e-type=\"widget\" data-settings=\"{&quot;ekit_we_effect_on&quot;:&quot;none&quot;}\" data-widget_type=\"heading.default\">\n\t\t\t\t<div class=\"elementor-widget-container\">\n\t\t\t\t\t<p class=\"elementor-heading-title elementor-size-default\">Mascarilla Capilar Keratina<\/p>\t\t\t\t<\/div>\n\t\t\t\t<\/div>\n\t\t\t\t<div class=\"elementor-element elementor-element-70cc3fc elementor-widget elementor-widget-jet-listing-dynamic-terms\" data-id=\"70cc3fc\" data-element_type=\"widget\" data-e-type=\"widget\" data-settings=\"{&quot;ekit_we_effect_on&quot;:&quot;none&quot;}\" data-widget_type=\"jet-listing-dynamic-terms.default\">\n\t\t\t\t<div class=\"elementor-widget-container\">\n\t\t\t\t\t<div class=\"jet-listing jet-listing-dynamic-terms\"><span class=\"jet-listing-dynamic-terms__link\">Cuidado Capilar<\/span><\/div>\t\t\t\t<\/div>\n\t\t\t\t<\/div>\n\t\t\t\t\t<\/div>\n\t\t\t\t<\/div>\n\t\t<div class=\"elementor-element elementor-element-0d671ed e-flex e-con-boxed e-con e-child\" data-id=\"0d671ed\" data-element_type=\"container\" data-e-type=\"container\" data-settings=\"{&quot;jet_parallax_layout_list&quot;:[],&quot;ekit_has_onepagescroll_dot&quot;:&quot;yes&quot;}\">\n\t\t\t\t\t<div class=\"e-con-inner\">\n\t\t\t\t<div class=\"elementor-element elementor-element-8f9c3ac elementor-align-left elementor-widget elementor-widget-button\" data-id=\"8f9c3ac\" data-element_type=\"widget\" data-e-type=\"widget\" data-settings=\"{&quot;ekit_we_effect_on&quot;:&quot;none&quot;}\" data-widget_type=\"button.default\">\n\t\t\t\t<div class=\"elementor-widget-container\">\n\t\t\t\t\t\t\t\t\t<div class=\"elementor-button-wrapper\">\n\t\t\t\t\t<a class=\"elementor-button elementor-button-link elementor-size-sm\" href=\"https:\/\/agradocosmetic.com\/it\/producto\/mascarilla-keratina\/\">\n\t\t\t\t\t\t<span class=\"elementor-button-content-wrapper\">\n\t\t\t\t\t\t\t\t\t<span class=\"elementor-button-text\">Ver producto<\/span>\n\t\t\t\t\t<\/span>\n\t\t\t\t\t<\/a>\n\t\t\t\t<\/div>\n\t\t\t\t\t\t\t\t<\/div>\n\t\t\t\t<\/div>\n\t\t\t\t\t<\/div>\n\t\t\t\t<\/div>\n\t\t\t\t\t<\/div>\n\t\t\t\t<\/div>\n\t\t\t\t\t<\/div>\n\t\t\t\t<\/div>\n\t\t\t\t<\/div>\n\t\t<\/div><div class=\"jet-listing-grid__item jet-listing-dynamic-post-385\" data-post-id=\"385\"  >\t\t<div data-elementor-type=\"jet-listing-items\" data-elementor-id=\"488\" class=\"elementor elementor-488\" data-elementor-post-type=\"jet-engine\">\n\t\t\t\t<div class=\"elementor-element elementor-element-893849d e-flex e-con-boxed e-con e-parent\" data-id=\"893849d\" data-element_type=\"container\" data-e-type=\"container\" data-settings=\"{&quot;background_background&quot;:&quot;classic&quot;,&quot;jet_parallax_layout_list&quot;:[],&quot;ekit_has_onepagescroll_dot&quot;:&quot;yes&quot;}\">\n\t\t\t\t\t<div class=\"e-con-inner\">\n\t\t<div class=\"elementor-element elementor-element-df4076d e-flex e-con-boxed e-con e-child\" data-id=\"df4076d\" data-element_type=\"container\" data-e-type=\"container\" data-settings=\"{&quot;jet_parallax_layout_list&quot;:[],&quot;background_background&quot;:&quot;classic&quot;,&quot;ekit_has_onepagescroll_dot&quot;:&quot;yes&quot;}\">\n\t\t\t\t\t<div class=\"e-con-inner\">\n\t\t\t\t<div class=\"elementor-element elementor-element-0a77053 elementor-widget elementor-widget-jet-listing-dynamic-image\" data-id=\"0a77053\" data-element_type=\"widget\" data-e-type=\"widget\" data-settings=\"{&quot;ekit_we_effect_on&quot;:&quot;none&quot;}\" data-widget_type=\"jet-listing-dynamic-image.default\">\n\t\t\t\t<div class=\"elementor-widget-container\">\n\t\t\t\t\t<div class=\"jet-listing jet-listing-dynamic-image\" ><img decoding=\"async\" width=\"800\" height=\"800\" src=\"https:\/\/agradocosmetic.com\/wp-content\/uploads\/2023\/08\/30004907_CREMA-SUAVIZANTE-ACONDIC-KERATINA-750ml-AGRADO.webp\" class=\"jet-listing-dynamic-image__img attachment-full size-full wp-post-image\" alt=\"CREMA SUAVIZANTE ACONDIC KERATINA 750ml AGRADO\" srcset=\"https:\/\/agradocosmetic.com\/wp-content\/uploads\/2023\/08\/30004907_CREMA-SUAVIZANTE-ACONDIC-KERATINA-750ml-AGRADO.webp 800w, https:\/\/agradocosmetic.com\/wp-content\/uploads\/2023\/08\/30004907_CREMA-SUAVIZANTE-ACONDIC-KERATINA-750ml-AGRADO-300x300.webp 300w, https:\/\/agradocosmetic.com\/wp-content\/uploads\/2023\/08\/30004907_CREMA-SUAVIZANTE-ACONDIC-KERATINA-750ml-AGRADO-150x150.webp 150w, https:\/\/agradocosmetic.com\/wp-content\/uploads\/2023\/08\/30004907_CREMA-SUAVIZANTE-ACONDIC-KERATINA-750ml-AGRADO-768x768.webp 768w, https:\/\/agradocosmetic.com\/wp-content\/uploads\/2023\/08\/30004907_CREMA-SUAVIZANTE-ACONDIC-KERATINA-750ml-AGRADO-12x12.webp 12w\" sizes=\"(max-width: 800px) 100vw, 800px\" loading=\"eager\" \/><\/div>\t\t\t\t<\/div>\n\t\t\t\t<\/div>\n\t\t\t\t\t<\/div>\n\t\t\t\t<\/div>\n\t\t<div class=\"elementor-element elementor-element-383fb28 e-flex e-con-boxed e-con e-child\" data-id=\"383fb28\" data-element_type=\"container\" data-e-type=\"container\" data-settings=\"{&quot;jet_parallax_layout_list&quot;:[],&quot;ekit_has_onepagescroll_dot&quot;:&quot;yes&quot;}\">\n\t\t\t\t\t<div class=\"e-con-inner\">\n\t\t<div class=\"elementor-element elementor-element-bb36b89 e-flex e-con-boxed e-con e-child\" data-id=\"bb36b89\" data-element_type=\"container\" data-e-type=\"container\" data-settings=\"{&quot;jet_parallax_layout_list&quot;:[],&quot;ekit_has_onepagescroll_dot&quot;:&quot;yes&quot;}\">\n\t\t\t\t\t<div class=\"e-con-inner\">\n\t\t\t\t<div class=\"elementor-element elementor-element-4629382 elementor-widget elementor-widget-heading\" data-id=\"4629382\" data-element_type=\"widget\" data-e-type=\"widget\" data-settings=\"{&quot;ekit_we_effect_on&quot;:&quot;none&quot;}\" data-widget_type=\"heading.default\">\n\t\t\t\t<div class=\"elementor-widget-container\">\n\t\t\t\t\t<p class=\"elementor-heading-title elementor-size-default\">Crema Acondicionador Keratina<\/p>\t\t\t\t<\/div>\n\t\t\t\t<\/div>\n\t\t\t\t<div class=\"elementor-element elementor-element-70cc3fc elementor-widget elementor-widget-jet-listing-dynamic-terms\" data-id=\"70cc3fc\" data-element_type=\"widget\" data-e-type=\"widget\" data-settings=\"{&quot;ekit_we_effect_on&quot;:&quot;none&quot;}\" data-widget_type=\"jet-listing-dynamic-terms.default\">\n\t\t\t\t<div class=\"elementor-widget-container\">\n\t\t\t\t\t<div class=\"jet-listing jet-listing-dynamic-terms\"><span class=\"jet-listing-dynamic-terms__link\">Cuidado Capilar<\/span><\/div>\t\t\t\t<\/div>\n\t\t\t\t<\/div>\n\t\t\t\t\t<\/div>\n\t\t\t\t<\/div>\n\t\t<div class=\"elementor-element elementor-element-0d671ed e-flex e-con-boxed e-con e-child\" data-id=\"0d671ed\" data-element_type=\"container\" data-e-type=\"container\" data-settings=\"{&quot;jet_parallax_layout_list&quot;:[],&quot;ekit_has_onepagescroll_dot&quot;:&quot;yes&quot;}\">\n\t\t\t\t\t<div class=\"e-con-inner\">\n\t\t\t\t<div class=\"elementor-element elementor-element-8f9c3ac elementor-align-left elementor-widget elementor-widget-button\" data-id=\"8f9c3ac\" data-element_type=\"widget\" data-e-type=\"widget\" data-settings=\"{&quot;ekit_we_effect_on&quot;:&quot;none&quot;}\" data-widget_type=\"button.default\">\n\t\t\t\t<div class=\"elementor-widget-container\">\n\t\t\t\t\t\t\t\t\t<div class=\"elementor-button-wrapper\">\n\t\t\t\t\t<a class=\"elementor-button elementor-button-link elementor-size-sm\" href=\"https:\/\/agradocosmetic.com\/it\/producto\/crema-suavizante-acondicionadora-keratina\/\">\n\t\t\t\t\t\t<span class=\"elementor-button-content-wrapper\">\n\t\t\t\t\t\t\t\t\t<span class=\"elementor-button-text\">Ver producto<\/span>\n\t\t\t\t\t<\/span>\n\t\t\t\t\t<\/a>\n\t\t\t\t<\/div>\n\t\t\t\t\t\t\t\t<\/div>\n\t\t\t\t<\/div>\n\t\t\t\t\t<\/div>\n\t\t\t\t<\/div>\n\t\t\t\t\t<\/div>\n\t\t\t\t<\/div>\n\t\t\t\t\t<\/div>\n\t\t\t\t<\/div>\n\t\t\t\t<\/div>\n\t\t<\/div><div class=\"jet-listing-grid__item jet-listing-dynamic-post-225\" data-post-id=\"225\"  >\t\t<div data-elementor-type=\"jet-listing-items\" data-elementor-id=\"488\" class=\"elementor elementor-488\" data-elementor-post-type=\"jet-engine\">\n\t\t\t\t<div class=\"elementor-element elementor-element-893849d e-flex e-con-boxed e-con e-parent\" data-id=\"893849d\" data-element_type=\"container\" data-e-type=\"container\" data-settings=\"{&quot;background_background&quot;:&quot;classic&quot;,&quot;jet_parallax_layout_list&quot;:[],&quot;ekit_has_onepagescroll_dot&quot;:&quot;yes&quot;}\">\n\t\t\t\t\t<div class=\"e-con-inner\">\n\t\t<div class=\"elementor-element elementor-element-df4076d e-flex e-con-boxed e-con e-child\" data-id=\"df4076d\" data-element_type=\"container\" data-e-type=\"container\" data-settings=\"{&quot;jet_parallax_layout_list&quot;:[],&quot;background_background&quot;:&quot;classic&quot;,&quot;ekit_has_onepagescroll_dot&quot;:&quot;yes&quot;}\">\n\t\t\t\t\t<div class=\"e-con-inner\">\n\t\t\t\t<div class=\"elementor-element elementor-element-0a77053 elementor-widget elementor-widget-jet-listing-dynamic-image\" data-id=\"0a77053\" data-element_type=\"widget\" data-e-type=\"widget\" data-settings=\"{&quot;ekit_we_effect_on&quot;:&quot;none&quot;}\" data-widget_type=\"jet-listing-dynamic-image.default\">\n\t\t\t\t<div class=\"elementor-widget-container\">\n\t\t\t\t\t<div class=\"jet-listing jet-listing-dynamic-image\" ><img decoding=\"async\" width=\"800\" height=\"800\" src=\"https:\/\/agradocosmetic.com\/wp-content\/uploads\/2023\/08\/30004828_CHAMPU-PROFESSIONAL-KERATINA-750-ml-AGRADO.webp\" class=\"jet-listing-dynamic-image__img attachment-full size-full wp-post-image\" alt=\"30004828_CHAMPU PROFESSIONAL KERATINA 750 ml AGRADO\" srcset=\"https:\/\/agradocosmetic.com\/wp-content\/uploads\/2023\/08\/30004828_CHAMPU-PROFESSIONAL-KERATINA-750-ml-AGRADO.webp 800w, https:\/\/agradocosmetic.com\/wp-content\/uploads\/2023\/08\/30004828_CHAMPU-PROFESSIONAL-KERATINA-750-ml-AGRADO-300x300.webp 300w, https:\/\/agradocosmetic.com\/wp-content\/uploads\/2023\/08\/30004828_CHAMPU-PROFESSIONAL-KERATINA-750-ml-AGRADO-150x150.webp 150w, https:\/\/agradocosmetic.com\/wp-content\/uploads\/2023\/08\/30004828_CHAMPU-PROFESSIONAL-KERATINA-750-ml-AGRADO-768x768.webp 768w, https:\/\/agradocosmetic.com\/wp-content\/uploads\/2023\/08\/30004828_CHAMPU-PROFESSIONAL-KERATINA-750-ml-AGRADO-12x12.webp 12w\" sizes=\"(max-width: 800px) 100vw, 800px\" loading=\"eager\" \/><\/div>\t\t\t\t<\/div>\n\t\t\t\t<\/div>\n\t\t\t\t\t<\/div>\n\t\t\t\t<\/div>\n\t\t<div class=\"elementor-element elementor-element-383fb28 e-flex e-con-boxed e-con e-child\" data-id=\"383fb28\" data-element_type=\"container\" data-e-type=\"container\" data-settings=\"{&quot;jet_parallax_layout_list&quot;:[],&quot;ekit_has_onepagescroll_dot&quot;:&quot;yes&quot;}\">\n\t\t\t\t\t<div class=\"e-con-inner\">\n\t\t<div class=\"elementor-element elementor-element-bb36b89 e-flex e-con-boxed e-con e-child\" data-id=\"bb36b89\" data-element_type=\"container\" data-e-type=\"container\" data-settings=\"{&quot;jet_parallax_layout_list&quot;:[],&quot;ekit_has_onepagescroll_dot&quot;:&quot;yes&quot;}\">\n\t\t\t\t\t<div class=\"e-con-inner\">\n\t\t\t\t<div class=\"elementor-element elementor-element-4629382 elementor-widget elementor-widget-heading\" data-id=\"4629382\" data-element_type=\"widget\" data-e-type=\"widget\" data-settings=\"{&quot;ekit_we_effect_on&quot;:&quot;none&quot;}\" data-widget_type=\"heading.default\">\n\t\t\t\t<div class=\"elementor-widget-container\">\n\t\t\t\t\t<p class=\"elementor-heading-title elementor-size-default\">Champ\u00fa Professional Keratina<\/p>\t\t\t\t<\/div>\n\t\t\t\t<\/div>\n\t\t\t\t<div class=\"elementor-element elementor-element-70cc3fc elementor-widget elementor-widget-jet-listing-dynamic-terms\" data-id=\"70cc3fc\" data-element_type=\"widget\" data-e-type=\"widget\" data-settings=\"{&quot;ekit_we_effect_on&quot;:&quot;none&quot;}\" data-widget_type=\"jet-listing-dynamic-terms.default\">\n\t\t\t\t<div class=\"elementor-widget-container\">\n\t\t\t\t\t<div class=\"jet-listing jet-listing-dynamic-terms\"><span class=\"jet-listing-dynamic-terms__link\">Cuidado Capilar<\/span><\/div>\t\t\t\t<\/div>\n\t\t\t\t<\/div>\n\t\t\t\t\t<\/div>\n\t\t\t\t<\/div>\n\t\t<div class=\"elementor-element elementor-element-0d671ed e-flex e-con-boxed e-con e-child\" data-id=\"0d671ed\" data-element_type=\"container\" data-e-type=\"container\" data-settings=\"{&quot;jet_parallax_layout_list&quot;:[],&quot;ekit_has_onepagescroll_dot&quot;:&quot;yes&quot;}\">\n\t\t\t\t\t<div class=\"e-con-inner\">\n\t\t\t\t<div class=\"elementor-element elementor-element-8f9c3ac elementor-align-left elementor-widget elementor-widget-button\" data-id=\"8f9c3ac\" data-element_type=\"widget\" data-e-type=\"widget\" data-settings=\"{&quot;ekit_we_effect_on&quot;:&quot;none&quot;}\" data-widget_type=\"button.default\">\n\t\t\t\t<div class=\"elementor-widget-container\">\n\t\t\t\t\t\t\t\t\t<div class=\"elementor-button-wrapper\">\n\t\t\t\t\t<a class=\"elementor-button elementor-button-link elementor-size-sm\" href=\"https:\/\/agradocosmetic.com\/it\/producto\/champu-professional-keratina-750ml\/\">\n\t\t\t\t\t\t<span class=\"elementor-button-content-wrapper\">\n\t\t\t\t\t\t\t\t\t<span class=\"elementor-button-text\">Ver producto<\/span>\n\t\t\t\t\t<\/span>\n\t\t\t\t\t<\/a>\n\t\t\t\t<\/div>\n\t\t\t\t\t\t\t\t<\/div>\n\t\t\t\t<\/div>\n\t\t\t\t\t<\/div>\n\t\t\t\t<\/div>\n\t\t\t\t\t<\/div>\n\t\t\t\t<\/div>\n\t\t\t\t\t<\/div>\n\t\t\t\t<\/div>\n\t\t\t\t<\/div>\n\t\t<\/div><\/div><\/div><\/div>\t\t\t\t<\/div>\n\t\t\t\t<\/div>\n\t\t\t\t\t<\/div>\n\t\t\t\t<\/div>\n\t\t\t\t\t<\/div>\n\t\t\t\t<\/div>\n\t\t\t\t<\/div>\n\t\t","protected":false},"excerpt":{"rendered":"<p>Luce tu cabello como nunca con nuestra linea de Keratinas Haz que tu cabello luzca m\u00e1s fuerte y sano gracias a la keratina, y prep\u00e1rate para tener un cabello incre\u00edble. Desc\u00fabrela BENEFICIOS DE USAR LA KERATINA AGRADO \u00a1Adi\u00f3s encrespamiento! T\u00fa cabello lucir\u00e1 m\u00e1s suave, sedoso y brillante. Hebras capilares fortalecidas La keratina natural de tu [&hellip;]<\/p>\n","protected":false},"author":6,"featured_media":23186,"parent":0,"menu_order":40,"comment_status":"closed","ping_status":"closed","template":"","meta":{"footnotes":"","_wp_rev_ctl_limit":"5"},"class_list":["post-21764","page","type-page","status-publish","has-post-thumbnail","hentry"],"yoast_head":"<!-- This site is optimized with the Yoast SEO plugin v27.4 - https:\/\/yoast.com\/product\/yoast-seo-wordpress\/ -->\n<title>Keratina landing - Agrado<\/title>\n<meta name=\"robots\" content=\"index, follow, max-snippet:-1, max-image-preview:large, max-video-preview:-1\" \/>\n<link rel=\"canonical\" href=\"https:\/\/agradocosmetic.com\/it\/keratina-landing\/\" \/>\n<meta property=\"og:locale\" content=\"it_IT\" \/>\n<meta property=\"og:type\" content=\"article\" \/>\n<meta property=\"og:title\" content=\"Keratina landing - Agrado\" \/>\n<meta property=\"og:description\" content=\"Luce tu cabello como nunca con nuestra linea de Keratinas Haz que tu cabello luzca m\u00e1s fuerte y sano gracias a la keratina, y prep\u00e1rate para tener un cabello incre\u00edble. Desc\u00fabrela BENEFICIOS DE USAR LA KERATINA AGRADO \u00a1Adi\u00f3s encrespamiento! T\u00fa cabello lucir\u00e1 m\u00e1s suave, sedoso y brillante. Hebras capilares fortalecidas La keratina natural de tu [&hellip;]\" \/>\n<meta property=\"og:url\" content=\"https:\/\/agradocosmetic.com\/it\/keratina-landing\/\" \/>\n<meta property=\"og:site_name\" content=\"Agrado\" \/>\n<meta property=\"article:modified_time\" content=\"2024-06-24T13:12:25+00:00\" \/>\n<meta property=\"og:image\" content=\"https:\/\/agradocosmetic.com\/wp-content\/uploads\/2023\/08\/4907-ACONDICIONADOR-KERATINA-750ml.jpg\" \/>\n\t<meta property=\"og:image:width\" content=\"600\" \/>\n\t<meta property=\"og:image:height\" content=\"600\" \/>\n\t<meta property=\"og:image:type\" content=\"image\/jpeg\" \/>\n<meta name=\"twitter:card\" content=\"summary_large_image\" \/>\n<meta name=\"twitter:label1\" content=\"Tempo di lettura stimato\" \/>\n\t<meta name=\"twitter:data1\" content=\"3 minuti\" \/>\n<script type=\"application\/ld+json\" class=\"yoast-schema-graph\">{\"@context\":\"https:\\\/\\\/schema.org\",\"@graph\":[{\"@type\":\"WebPage\",\"@id\":\"https:\\\/\\\/agradocosmetic.com\\\/keratina-landing\\\/\",\"url\":\"https:\\\/\\\/agradocosmetic.com\\\/keratina-landing\\\/\",\"name\":\"Keratina landing - Agrado\",\"isPartOf\":{\"@id\":\"https:\\\/\\\/agradocosmetic.com\\\/#website\"},\"primaryImageOfPage\":{\"@id\":\"https:\\\/\\\/agradocosmetic.com\\\/keratina-landing\\\/#primaryimage\"},\"image\":{\"@id\":\"https:\\\/\\\/agradocosmetic.com\\\/keratina-landing\\\/#primaryimage\"},\"thumbnailUrl\":\"https:\\\/\\\/agradocosmetic.com\\\/wp-content\\\/uploads\\\/2023\\\/08\\\/4907-ACONDICIONADOR-KERATINA-750ml.jpg\",\"datePublished\":\"2023-09-29T23:49:58+00:00\",\"dateModified\":\"2024-06-24T13:12:25+00:00\",\"breadcrumb\":{\"@id\":\"https:\\\/\\\/agradocosmetic.com\\\/keratina-landing\\\/#breadcrumb\"},\"inLanguage\":\"it-IT\",\"potentialAction\":[{\"@type\":\"ReadAction\",\"target\":[\"https:\\\/\\\/agradocosmetic.com\\\/keratina-landing\\\/\"]}]},{\"@type\":\"ImageObject\",\"inLanguage\":\"it-IT\",\"@id\":\"https:\\\/\\\/agradocosmetic.com\\\/keratina-landing\\\/#primaryimage\",\"url\":\"https:\\\/\\\/agradocosmetic.com\\\/wp-content\\\/uploads\\\/2023\\\/08\\\/4907-ACONDICIONADOR-KERATINA-750ml.jpg\",\"contentUrl\":\"https:\\\/\\\/agradocosmetic.com\\\/wp-content\\\/uploads\\\/2023\\\/08\\\/4907-ACONDICIONADOR-KERATINA-750ml.jpg\",\"width\":600,\"height\":600},{\"@type\":\"BreadcrumbList\",\"@id\":\"https:\\\/\\\/agradocosmetic.com\\\/keratina-landing\\\/#breadcrumb\",\"itemListElement\":[{\"@type\":\"ListItem\",\"position\":1,\"name\":\"Portada\",\"item\":\"https:\\\/\\\/agradocosmetic.com\\\/\"},{\"@type\":\"ListItem\",\"position\":2,\"name\":\"Keratina landing\"}]},{\"@type\":\"WebSite\",\"@id\":\"https:\\\/\\\/agradocosmetic.com\\\/#website\",\"url\":\"https:\\\/\\\/agradocosmetic.com\\\/\",\"name\":\"Agrado\",\"description\":\"Cosmetic\",\"publisher\":{\"@id\":\"https:\\\/\\\/agradocosmetic.com\\\/#organization\"},\"potentialAction\":[{\"@type\":\"SearchAction\",\"target\":{\"@type\":\"EntryPoint\",\"urlTemplate\":\"https:\\\/\\\/agradocosmetic.com\\\/?s={search_term_string}\"},\"query-input\":{\"@type\":\"PropertyValueSpecification\",\"valueRequired\":true,\"valueName\":\"search_term_string\"}}],\"inLanguage\":\"it-IT\"},{\"@type\":\"Organization\",\"@id\":\"https:\\\/\\\/agradocosmetic.com\\\/#organization\",\"name\":\"Agrado\",\"url\":\"https:\\\/\\\/agradocosmetic.com\\\/\",\"logo\":{\"@type\":\"ImageObject\",\"inLanguage\":\"it-IT\",\"@id\":\"https:\\\/\\\/agradocosmetic.com\\\/#\\\/schema\\\/logo\\\/image\\\/\",\"url\":\"https:\\\/\\\/agradocosmetic.com\\\/wp-content\\\/uploads\\\/2023\\\/07\\\/LOGO-AGRADO-WEB-01.png\",\"contentUrl\":\"https:\\\/\\\/agradocosmetic.com\\\/wp-content\\\/uploads\\\/2023\\\/07\\\/LOGO-AGRADO-WEB-01.png\",\"width\":1632,\"height\":300,\"caption\":\"Agrado\"},\"image\":{\"@id\":\"https:\\\/\\\/agradocosmetic.com\\\/#\\\/schema\\\/logo\\\/image\\\/\"}}]}<\/script>\n<!-- \/ Yoast SEO plugin. -->","yoast_head_json":{"title":"Keratina landing - Agrado","robots":{"index":"index","follow":"follow","max-snippet":"max-snippet:-1","max-image-preview":"max-image-preview:large","max-video-preview":"max-video-preview:-1"},"canonical":"https:\/\/agradocosmetic.com\/it\/keratina-landing\/","og_locale":"it_IT","og_type":"article","og_title":"Keratina landing - Agrado","og_description":"Luce tu cabello como nunca con nuestra linea de Keratinas Haz que tu cabello luzca m\u00e1s fuerte y sano gracias a la keratina, y prep\u00e1rate para tener un cabello incre\u00edble. Desc\u00fabrela BENEFICIOS DE USAR LA KERATINA AGRADO \u00a1Adi\u00f3s encrespamiento! T\u00fa cabello lucir\u00e1 m\u00e1s suave, sedoso y brillante. Hebras capilares fortalecidas La keratina natural de tu [&hellip;]","og_url":"https:\/\/agradocosmetic.com\/it\/keratina-landing\/","og_site_name":"Agrado","article_modified_time":"2024-06-24T13:12:25+00:00","og_image":[{"width":600,"height":600,"url":"https:\/\/agradocosmetic.com\/wp-content\/uploads\/2023\/08\/4907-ACONDICIONADOR-KERATINA-750ml.jpg","type":"image\/jpeg"}],"twitter_card":"summary_large_image","twitter_misc":{"Tempo di lettura stimato":"3 minuti"},"schema":{"@context":"https:\/\/schema.org","@graph":[{"@type":"WebPage","@id":"https:\/\/agradocosmetic.com\/keratina-landing\/","url":"https:\/\/agradocosmetic.com\/keratina-landing\/","name":"Keratina landing - Agrado","isPartOf":{"@id":"https:\/\/agradocosmetic.com\/#website"},"primaryImageOfPage":{"@id":"https:\/\/agradocosmetic.com\/keratina-landing\/#primaryimage"},"image":{"@id":"https:\/\/agradocosmetic.com\/keratina-landing\/#primaryimage"},"thumbnailUrl":"https:\/\/agradocosmetic.com\/wp-content\/uploads\/2023\/08\/4907-ACONDICIONADOR-KERATINA-750ml.jpg","datePublished":"2023-09-29T23:49:58+00:00","dateModified":"2024-06-24T13:12:25+00:00","breadcrumb":{"@id":"https:\/\/agradocosmetic.com\/keratina-landing\/#breadcrumb"},"inLanguage":"it-IT","potentialAction":[{"@type":"ReadAction","target":["https:\/\/agradocosmetic.com\/keratina-landing\/"]}]},{"@type":"ImageObject","inLanguage":"it-IT","@id":"https:\/\/agradocosmetic.com\/keratina-landing\/#primaryimage","url":"https:\/\/agradocosmetic.com\/wp-content\/uploads\/2023\/08\/4907-ACONDICIONADOR-KERATINA-750ml.jpg","contentUrl":"https:\/\/agradocosmetic.com\/wp-content\/uploads\/2023\/08\/4907-ACONDICIONADOR-KERATINA-750ml.jpg","width":600,"height":600},{"@type":"BreadcrumbList","@id":"https:\/\/agradocosmetic.com\/keratina-landing\/#breadcrumb","itemListElement":[{"@type":"ListItem","position":1,"name":"Portada","item":"https:\/\/agradocosmetic.com\/"},{"@type":"ListItem","position":2,"name":"Keratina landing"}]},{"@type":"WebSite","@id":"https:\/\/agradocosmetic.com\/#website","url":"https:\/\/agradocosmetic.com\/","name":"Mi piace","description":"cosmetico","publisher":{"@id":"https:\/\/agradocosmetic.com\/#organization"},"potentialAction":[{"@type":"SearchAction","target":{"@type":"EntryPoint","urlTemplate":"https:\/\/agradocosmetic.com\/?s={search_term_string}"},"query-input":{"@type":"PropertyValueSpecification","valueRequired":true,"valueName":"search_term_string"}}],"inLanguage":"it-IT"},{"@type":"Organization","@id":"https:\/\/agradocosmetic.com\/#organization","name":"Mi piace","url":"https:\/\/agradocosmetic.com\/","logo":{"@type":"ImageObject","inLanguage":"it-IT","@id":"https:\/\/agradocosmetic.com\/#\/schema\/logo\/image\/","url":"https:\/\/agradocosmetic.com\/wp-content\/uploads\/2023\/07\/LOGO-AGRADO-WEB-01.png","contentUrl":"https:\/\/agradocosmetic.com\/wp-content\/uploads\/2023\/07\/LOGO-AGRADO-WEB-01.png","width":1632,"height":300,"caption":"Agrado"},"image":{"@id":"https:\/\/agradocosmetic.com\/#\/schema\/logo\/image\/"}}]}},"_links":{"self":[{"href":"https:\/\/agradocosmetic.com\/it\/wp-json\/wp\/v2\/pages\/21764","targetHints":{"allow":["GET"]}}],"collection":[{"href":"https:\/\/agradocosmetic.com\/it\/wp-json\/wp\/v2\/pages"}],"about":[{"href":"https:\/\/agradocosmetic.com\/it\/wp-json\/wp\/v2\/types\/page"}],"author":[{"embeddable":true,"href":"https:\/\/agradocosmetic.com\/it\/wp-json\/wp\/v2\/users\/6"}],"replies":[{"embeddable":true,"href":"https:\/\/agradocosmetic.com\/it\/wp-json\/wp\/v2\/comments?post=21764"}],"version-history":[{"count":5,"href":"https:\/\/agradocosmetic.com\/it\/wp-json\/wp\/v2\/pages\/21764\/revisions"}],"predecessor-version":[{"id":27748,"href":"https:\/\/agradocosmetic.com\/it\/wp-json\/wp\/v2\/pages\/21764\/revisions\/27748"}],"wp:featuredmedia":[{"embeddable":true,"href":"https:\/\/agradocosmetic.com\/it\/wp-json\/wp\/v2\/media\/23186"}],"wp:attachment":[{"href":"https:\/\/agradocosmetic.com\/it\/wp-json\/wp\/v2\/media?parent=21764"}],"curies":[{"name":"parola chiave","href":"https:\/\/api.w.org\/{rel}","templated":true}]}}