{"id":3,"date":"2023-07-21T10:25:07","date_gmt":"2023-07-21T10:25:07","guid":{"rendered":"https:\/\/dev-freelancerweb.site\/?page_id=3"},"modified":"2024-10-01T12:37:02","modified_gmt":"2024-10-01T12:37:02","slug":"politica-de-privacidad-y-proteccion-de-datos","status":"publish","type":"page","link":"https:\/\/agradocosmetic.com\/it\/politica-de-privacidad-y-proteccion-de-datos\/","title":{"rendered":"Informativa sulla privacy e sulla protezione dei dati"},"content":{"rendered":"<div data-elementor-type=\"wp-page\" data-elementor-id=\"3\" class=\"elementor elementor-3\" data-elementor-post-type=\"page\">\n\t\t\t\t<div class=\"elementor-element elementor-element-62f9242 e-flex e-con-boxed e-con e-parent\" data-id=\"62f9242\" data-element_type=\"container\" data-e-type=\"container\" data-settings=\"{&quot;jet_parallax_layout_list&quot;:[],&quot;ekit_has_onepagescroll_dot&quot;:&quot;yes&quot;}\">\n\t\t\t\t\t<div class=\"e-con-inner\">\n\t\t\t\t<div class=\"elementor-element elementor-element-a377777 elementor-widget elementor-widget-heading\" data-id=\"a377777\" data-element_type=\"widget\" data-e-type=\"widget\" data-settings=\"{&quot;ekit_we_effect_on&quot;:&quot;none&quot;}\" data-widget_type=\"heading.default\">\n\t\t\t\t<div class=\"elementor-widget-container\">\n\t\t\t\t\t<h2 class=\"elementor-heading-title elementor-size-default\">POLITICA SULLA PRIVACY E SULLA PROTEZIONE DEI DATI\n<\/h2>\t\t\t\t<\/div>\n\t\t\t\t<\/div>\n\t\t\t\t<div class=\"elementor-element elementor-element-41a34df elementor-widget elementor-widget-text-editor\" data-id=\"41a34df\" data-element_type=\"widget\" data-e-type=\"widget\" data-settings=\"{&quot;ekit_we_effect_on&quot;:&quot;none&quot;}\" data-widget_type=\"text-editor.default\">\n\t\t\t\t<div class=\"elementor-widget-container\">\n\t\t\t\t\t\t\t\t\t<p><strong><br>1. Raccolta, elaborazione e utilizzo dei dati personali sul sito web:<br><\/strong><br>Sulla base delle disposizioni del Regolamento generale sulla protezione dei dati 2016\/679 (RGPD) e della Legge organica 3\/2018, sulla protezione dei dati personali e sulla garanzia dei diritti digitali (LOPDGDD), ti informiamo che per utilizzare alcuni dei servizi offerti dal nostro sito Web, potrebbe essere necessario fornirci alcuni dati personali che verranno incorporati in file automatizzati.<\/p>\n<p>Conforme alle nuove disposizioni del Regolamento (UE) 2016\/679 del PE e del Consiglio del 27 aprile 2016 e della Legge organica 3\/2018, del 5 dicembre, sulla protezione dei dati personali e sulla garanzia dei diritti digitali, relativi a tutela delle persone fisiche con riguardo al trattamento dei dati personali nonch\u00e9 alla libera circolazione di tali dati e con cui viene abrogata la Direttiva 95\/46\/CE, La informiamo che il responsabile del trattamento dei dati \u00e8:<\/p>\n<p>Nome dell&#039;azienda: AGRADO COSMETIC CARE 3000 SL<br>NIF: B98150766<br>Indirizzo principale: C\/ ZEFIR, PI NUMERO 16 PARCELA., \u2013 46119 NAQUERA (Val\u00e8ncia).<br>E-mail: info@agradocosmetic.com<br>Numero di telefono di contatto: 961399241<br>Sito web: www.agradocosmetic.com<\/p>\n<p>Per effettuare qualsiasi tipo di osservazione riguardante possibili violazioni dei diritti di propriet\u00e0 intellettuale o industriale, nonch\u00e9 di qualsiasi contenuto del sito Web, \u00e8 possibile farlo contattando l&#039;azienda tramite uno qualsiasi dei mezzi sopra indicati.<\/p>\n<p>I contenuti del Sito hanno lo scopo di informare gli utenti sui servizi offerti dalla societ\u00e0 a seguito delle richieste, delle procedure o dei procedimenti che l&#039;Utente effettua attraverso il sito web. I dati oggetto del trattamento saranno quelli che ci fornirai attraverso i moduli che la pagina contiene in qualsiasi momento o attraverso le email che l&#039;Utente invia agli indirizzi email ivi individuati, nonch\u00e9 eventuali altri che vengono generati durante il mantenimento della la relazione corrispondente.<\/p>\n<p>Tutti i campi che appaiono contrassegnati come obbligatori in uno qualsiasi dei moduli devono essere necessariamente compilati, in modo che l&#039;omissione di uno di essi possa comportare l&#039;impossibilit\u00e0 di rispondere alla tua richiesta o di fornirti i servizi corrispondenti.<\/p>\n<p>Inoltre, nel corso di detta raccolta dei dati, il tuo consenso potr\u00e0 essere richiesto per un&#039;altra serie di finalit\u00e0 non direttamente connesse al servizio o al rapporto corrispondente. Nel caso in cui non acconsenti a tali trattamenti aggiuntivi, ti invitiamo a spuntare la casella prevista a tale scopo, a seconda dei casi.<\/p>\n<p>Richiedenti informazioni: i dati personali utilizzati in questi casi provengono dall&#039;interessato, che li fornisce ad AGRADO COSMETIC CARE 3000 SL quando completa il modulo di contatto contenuto nel sito Web, quando effettua una telefonata o quando invia un&#039;e-mail.<\/p>\n<p>Questi dati vengono utilizzati al fine di risolvere quesiti e fornire informazioni a coloro che ne fanno richiesta o autorizzano espressamente, principalmente tramite posta elettronica.<\/p>\n<p>La persona che accede a questo Sito Web (di seguito, l&#039;Utente), garantisce di avere l&#039;et\u00e0 minima legale stabilita dal Regolamento generale sulla protezione dei dati 679\/2016 (14 anni) o dalle normative nazionali a lui applicabili. consenso in relazione ai Servizi della Societ\u00e0 dell&#039;Informazione.<\/p>\n<p>Accedendo a questo Sito Web, l&#039;Utente accetta espressamente tutte le clausole delle sue informazioni legali, della presente politica sulla privacy e della sua politica sui cookie, nonch\u00e9 tutte quelle condizioni particolari raccolte per l&#039;utilizzo di determinati servizi. Nel caso non si accetti una qualsiasi delle clausole sopra indicate, l&#039;Utente dovr\u00e0 astenersi dall&#039;accedere al presente Sito Web.<\/p>\n<p>Accedendo agli account di AGRADO COSMETIC CARE 3000 SL sui social network, l&#039;Utente accetta il trattamento dei propri dati personali da parte loro secondo le loro politiche sulla privacy: Politica sulla privacy dei social network.<br><br><br><b style=\"color: var( --e-global-color-text ); font-family: var( --e-global-typography-text-font-family ), Sans-serif; text-align: var(--text-align); font-size: 1rem;\">2. Finalit\u00e0 del trattamento dei dati personali:<\/b><\/p><p><b>2.1. Per quale scopo tratteremo i tuoi dati personali?<\/b><\/p>\n<p><\/p>\n<p><b><\/b>In AGRADO COSMETIC CARE 3000 SL tratteremo i tuoi dati personali, raccolti attraverso il Sito Web per i seguenti scopi:<\/p>\n<p>\u2013 Invio delle informazioni richieste tramite i moduli di contatto forniti sul Sito allo scopo di richiedere qualsiasi tipo di domanda relativa ai prodotti o servizi forniti dalla societ\u00e0.<br>\u2013 Inviare bollettini -newsletter-, nonch\u00e9 comunicazioni commerciali di promozioni e\/o pubblicit\u00e0 del Sito.<\/p>\n<p>Allo stesso modo, ti ricordiamo che puoi opporti all&#039;invio di comunicazioni commerciali con qualsiasi mezzo e in qualsiasi momento, contattando AGRADO COSMETIC CARE 3000 SL<\/p>\n<p>I campi di questi record devono essere compilati e senza questi dati non sar\u00e0 possibile raggiungere gli scopi indicati.<br><br><\/p>\n<p><b>2.2. Per quanto tempo vengono conservati i dati personali raccolti?<\/b><\/p>\n<p><\/p>\n<p><b><\/b>I dati personali forniti saranno conservati finch\u00e9 sar\u00e0 gestita la sua comunicazione e\/o non ne richiederai la cancellazione e per il tempo minimo necessario per adempiere agli obblighi di legge o alle responsabilit\u00e0 legali che potrebbero sorgere per i servizi forniti.<br><br><\/p>\n<p><b>3. Legittimazione:<\/b><\/p>\n<p><\/p>\n<p><b><\/b>Il trattamento dei Suoi dati viene effettuato con le seguenti basi giuridiche che lo legittimano:<\/p>\n<p>\u2013 Consenso libero, specifico, informato e inequivocabile, come ti informiamo mettendoti a disposizione la presente informativa sulla privacy, che dopo averla letta, se sei d&#039;accordo, puoi accettare attraverso una dichiarazione o una chiara azione affermativa, come contrassegnare una casella prevista questo scopo.<\/p>\n<p>Se non ci fornisci i tuoi dati o lo fai in modo errato o incompleto, non saremo in grado di rispondere alla tua richiesta, rendendo completamente impossibile fornirti le informazioni richieste o eseguire la contrattazione dei servizi.<br><br><\/p>\n<p><b>4. Garanzia:<\/b><\/p>\n<p><\/p>\n<p><b><\/b>L&#039;Utente garantisce che i dati forniti sono veritieri, accurati, completi e aggiornati e \u00e8 responsabile per qualsiasi danno o perdita, diretta o indiretta, che dovesse derivare a seguito del mancato rispetto di tale obbligo. Nel caso in cui i dati forniti appartengano a terzi, l&#039;Utente garantisce di aver informato tali terzi e di aver ottenuto l&#039;autorizzazione a fornire i propri dati personali a AGRADO COSMETIC CARE 3000 SL.<br><br><\/p>\n<p><b>5. Conservazione dei dati:<\/b><\/p>\n<p><\/p>\n<p><b><\/b>I tuoi dati saranno conservati finch\u00e9 verr\u00e0 mantenuto il rapporto contrattuale o per gli anni necessari per adempiere agli obblighi di legge, finch\u00e9 non ne richiederai la cessazione o per il tempo necessario all&#039;espletamento delle finalit\u00e0 necessarie a quelle raccolte.<br><br><\/p>\n<p><b>6. Destinatari:<br><\/b><br>I tuoi dati saranno conservati secondo rigorose misure di sicurezza che ne garantiscono la riservatezza e la sicurezza. Allo stesso modo, saranno trasferiti solo alle entit\u00e0 e per i seguenti scopi:<\/p>\n<p>-Entit\u00e0 e fornitori che forniscono servizi ad AGRADO COSMETIC CARE 3000 SL per la corretta esecuzione di tali servizi. Tali entit\u00e0 e fornitori sono debitamente accreditati e firmano con noi il corrispondente contratto di trattamento dei dati in conformit\u00e0 con le attuali norme sulla protezione dei dati.<br>-Organizzazioni ed enti ufficiali in conformit\u00e0 con le normative e le leggi vigenti.<\/p>\n<p>Destinatari al di fuori dell&#039;Unione Europea: AGRADO COSMETIC CARE 3000 SL non trasferisce dati personali a terzi n\u00e9 stipula contratti con fornitori di servizi al di fuori dell&#039;Unione Europea.<\/p>\n<p>I dati non saranno comunicati a terzi diversi da AGRADO COSMETIC CARE 3000 SL, al di fuori dei casi sopra descritti, salvo obbligo legale o previa autorizzazione.<br><br><\/p>\n<p><b>7. Diritti:<\/b><\/p>\n<p><\/p>\n<p><b><\/b>In qualit\u00e0 di interessato che ci ha fornito i tuoi dati personali, hai tutto il diritto di ottenere conferma se AGRADO COSMETIC CARE 3000 SL sta trattando i tuoi dati personali e, in particolare, hai il diritto di esercitare i seguenti diritti previsti dalla normativa sulla protezione dei dati concederLe.riconosce, in conformit\u00e0 alle sue disposizioni:<\/p>\n<p>\u2013 Diritto di ACCESSO ai tuoi dati personali.<br>\u2013 Diritto di richiedere la RETTIFICA dei dati inesatti.<br>\u2013 Diritto di richiederne la CANCELLAZIONE quando, tra le altre ragioni, i dati non sono pi\u00f9 necessari per gli scopi per i quali sono stati raccolti.<br>\u2013 In determinate circostanze, puoi richiedere la LIMITAZIONE DEL TRATTAMENTO dei tuoi dati, nel qual caso li conserveremo solo per l\u2019esercizio o la difesa dei reclami.<br>\u2013 In determinate circostanze e per motivi legati alla loro situazione particolare, gli interessati possono esercitare il diritto di OPPOSIZIONE al trattamento dei propri dati. Interromperemo il trattamento dei dati, salvo che per motivi legittimi impellenti o per l&#039;esercizio o la difesa di possibili reclami.<br>\u2013 In determinate circostanze e per motivi legati alla tua situazione particolare, potrai richiedere il tuo diritto alla PORTABILIT\u00c0 dei dati.<\/p>\n<p>Potrete esercitare tali diritti o richiedere ulteriori informazioni presentando una copia di un documento di identit\u00e0 e illustrando brevemente il vostro caso e il diritto che desiderate esercitare, tramite lettera indirizzata a AGRADO COSMETIC CARE 3000 SL all&#039;indirizzo principale situato in C\/ ZEFIR, PI NUMERO 16 PARCELA. , \u2013 46119 NAQUERA (Val\u00e8ncia) o tramite l&#039;indirizzo email info@agradocosmetic.com.<\/p>\n<p>Inoltre, nel caso in cui uno qualsiasi dei suoi diritti sia stato violato, l&#039;interessato ha il diritto di presentare un reclamo all&#039;Agenzia spagnola per la protezione dei dati (AEPD), in C\/ Jorge Juan, 6, 28001-Madrid o tramite la sede. Elettronica AEPD:&nbsp;<a href=\"https:\/\/sedeagpd.gob.es\/sede-electronica-web\/\" target=\"_blank\" rel=\"noopener\">https:\/\/sedeagpd.gob.es\/sede-electronica-web\/<\/a>.<br><br><\/p>\n<p><b>8. Durata e modifica della Privacy Policy:<\/b><\/p><b>\n<\/b><p><b><\/b>AGRADO COSMETIC CARE 3000 SL si riserva il diritto di modificare, totalmente o parzialmente, la presente Informativa sulla Privacy, pubblicando le modifiche sul Sito. Allo stesso modo, potr\u00e0 apportare le modifiche che riterr\u00e0 opportune senza preavviso e potr\u00e0 cambiare, eliminare o aggiungere sia i contenuti che i servizi forniti, nonch\u00e9 il modo in cui sono presentati o localizzati. Di conseguenza, le condizioni generali\/Policy pubblicate al momento dell&#039;accesso dell&#039;Utente si intenderanno vigenti e dovranno essere lette periodicamente.<\/p>\n<p>Indipendentemente da quanto disposto, AGRADO COSMETIC CARE 3000 SL pu\u00f2 terminare, sospendere o interrompere, in qualsiasi momento e senza preavviso, l&#039;accesso ai contenuti del Sito Web, senza che l&#039;Utente possa pretendere alcun indennizzo.<\/p>\n<p><em>Informativa sulla privacy scritta e fornita da PROTECTION REPORT SOLUTIONS, SL,<a href=\"https:\/\/www.protectionreport.com\" target=\"_blank\" rel=\"noopener\"> Azienda GDPR<\/a>, che si riserva le opportune azioni legali contro chiunque copi e utilizzi illegittimamente i contenuti.<\/em><\/p>\t\t\t\t\t\t\t\t<\/div>\n\t\t\t\t<\/div>\n\t\t\t\t\t<\/div>\n\t\t\t\t<\/div>\n\t\t\t\t<\/div>","protected":false},"excerpt":{"rendered":"<p>POLITICA PRIVACIDAD Y PROTECCI\u00d3N DE DATOS 1. Recogida, tratamiento y uso de los datos personales en la web: En base a lo dispuesto en el Reglamento General de Protecci\u00f3n de Datos 2016\/679 (RGPD) y en la Ley Org\u00e1nica 3\/2018, de Protecci\u00f3n de Datos Personales y garant\u00eda de derechos digitales (LOPDGDD), le informamos que para hacer [&hellip;]<\/p>\n","protected":false},"author":1,"featured_media":22230,"parent":0,"menu_order":52,"comment_status":"closed","ping_status":"closed","template":"","meta":{"footnotes":"","_wp_rev_ctl_limit":"5"},"class_list":["post-3","page","type-page","status-publish","has-post-thumbnail","hentry"],"yoast_head":"<!-- This site is optimized with the Yoast SEO plugin v27.4 - https:\/\/yoast.com\/product\/yoast-seo-wordpress\/ -->\n<title>Pol\u00edtica de Privacidad y Protecci\u00f3n de Datos - Agrado<\/title>\n<meta name=\"robots\" content=\"noindex, nofollow\" \/>\n<meta property=\"og:locale\" content=\"it_IT\" \/>\n<meta property=\"og:type\" content=\"article\" \/>\n<meta property=\"og:title\" content=\"Pol\u00edtica de Privacidad y Protecci\u00f3n de Datos - Agrado\" \/>\n<meta property=\"og:description\" content=\"POLITICA PRIVACIDAD Y PROTECCI\u00d3N DE DATOS 1. Recogida, tratamiento y uso de los datos personales en la web: En base a lo dispuesto en el Reglamento General de Protecci\u00f3n de Datos 2016\/679 (RGPD) y en la Ley Org\u00e1nica 3\/2018, de Protecci\u00f3n de Datos Personales y garant\u00eda de derechos digitales (LOPDGDD), le informamos que para hacer [&hellip;]\" \/>\n<meta property=\"og:url\" content=\"https:\/\/agradocosmetic.com\/it\/politica-de-privacidad-y-proteccion-de-datos\/\" \/>\n<meta property=\"og:site_name\" content=\"Agrado\" \/>\n<meta property=\"article:modified_time\" content=\"2024-10-01T12:37:02+00:00\" \/>\n<meta property=\"og:image\" content=\"https:\/\/agradocosmetic.com\/wp-content\/uploads\/2023\/10\/Distribuidores-contacto.jpg\" \/>\n\t<meta property=\"og:image:width\" content=\"353\" \/>\n\t<meta property=\"og:image:height\" content=\"224\" \/>\n\t<meta property=\"og:image:type\" content=\"image\/jpeg\" \/>\n<meta name=\"twitter:card\" content=\"summary_large_image\" \/>\n<meta name=\"twitter:label1\" content=\"Tempo di lettura stimato\" \/>\n\t<meta name=\"twitter:data1\" content=\"8 minuti\" \/>\n<script type=\"application\/ld+json\" class=\"yoast-schema-graph\">{\"@context\":\"https:\\\/\\\/schema.org\",\"@graph\":[{\"@type\":\"WebPage\",\"@id\":\"https:\\\/\\\/agradocosmetic.com\\\/politica-de-privacidad-y-proteccion-de-datos\\\/\",\"url\":\"https:\\\/\\\/agradocosmetic.com\\\/politica-de-privacidad-y-proteccion-de-datos\\\/\",\"name\":\"Pol\u00edtica de Privacidad y Protecci\u00f3n de Datos - Agrado\",\"isPartOf\":{\"@id\":\"https:\\\/\\\/agradocosmetic.com\\\/#website\"},\"primaryImageOfPage\":{\"@id\":\"https:\\\/\\\/agradocosmetic.com\\\/politica-de-privacidad-y-proteccion-de-datos\\\/#primaryimage\"},\"image\":{\"@id\":\"https:\\\/\\\/agradocosmetic.com\\\/politica-de-privacidad-y-proteccion-de-datos\\\/#primaryimage\"},\"thumbnailUrl\":\"https:\\\/\\\/agradocosmetic.com\\\/wp-content\\\/uploads\\\/2023\\\/10\\\/Distribuidores-contacto.jpg\",\"datePublished\":\"2023-07-21T10:25:07+00:00\",\"dateModified\":\"2024-10-01T12:37:02+00:00\",\"breadcrumb\":{\"@id\":\"https:\\\/\\\/agradocosmetic.com\\\/politica-de-privacidad-y-proteccion-de-datos\\\/#breadcrumb\"},\"inLanguage\":\"it-IT\",\"potentialAction\":[{\"@type\":\"ReadAction\",\"target\":[\"https:\\\/\\\/agradocosmetic.com\\\/politica-de-privacidad-y-proteccion-de-datos\\\/\"]}]},{\"@type\":\"ImageObject\",\"inLanguage\":\"it-IT\",\"@id\":\"https:\\\/\\\/agradocosmetic.com\\\/politica-de-privacidad-y-proteccion-de-datos\\\/#primaryimage\",\"url\":\"https:\\\/\\\/agradocosmetic.com\\\/wp-content\\\/uploads\\\/2023\\\/10\\\/Distribuidores-contacto.jpg\",\"contentUrl\":\"https:\\\/\\\/agradocosmetic.com\\\/wp-content\\\/uploads\\\/2023\\\/10\\\/Distribuidores-contacto.jpg\",\"width\":353,\"height\":224},{\"@type\":\"BreadcrumbList\",\"@id\":\"https:\\\/\\\/agradocosmetic.com\\\/politica-de-privacidad-y-proteccion-de-datos\\\/#breadcrumb\",\"itemListElement\":[{\"@type\":\"ListItem\",\"position\":1,\"name\":\"Portada\",\"item\":\"https:\\\/\\\/agradocosmetic.com\\\/\"},{\"@type\":\"ListItem\",\"position\":2,\"name\":\"Pol\u00edtica de Privacidad y Protecci\u00f3n de Datos\"}]},{\"@type\":\"WebSite\",\"@id\":\"https:\\\/\\\/agradocosmetic.com\\\/#website\",\"url\":\"https:\\\/\\\/agradocosmetic.com\\\/\",\"name\":\"Agrado\",\"description\":\"Cosmetic\",\"publisher\":{\"@id\":\"https:\\\/\\\/agradocosmetic.com\\\/#organization\"},\"potentialAction\":[{\"@type\":\"SearchAction\",\"target\":{\"@type\":\"EntryPoint\",\"urlTemplate\":\"https:\\\/\\\/agradocosmetic.com\\\/?s={search_term_string}\"},\"query-input\":{\"@type\":\"PropertyValueSpecification\",\"valueRequired\":true,\"valueName\":\"search_term_string\"}}],\"inLanguage\":\"it-IT\"},{\"@type\":\"Organization\",\"@id\":\"https:\\\/\\\/agradocosmetic.com\\\/#organization\",\"name\":\"Agrado\",\"url\":\"https:\\\/\\\/agradocosmetic.com\\\/\",\"logo\":{\"@type\":\"ImageObject\",\"inLanguage\":\"it-IT\",\"@id\":\"https:\\\/\\\/agradocosmetic.com\\\/#\\\/schema\\\/logo\\\/image\\\/\",\"url\":\"https:\\\/\\\/agradocosmetic.com\\\/wp-content\\\/uploads\\\/2023\\\/07\\\/LOGO-AGRADO-WEB-01.png\",\"contentUrl\":\"https:\\\/\\\/agradocosmetic.com\\\/wp-content\\\/uploads\\\/2023\\\/07\\\/LOGO-AGRADO-WEB-01.png\",\"width\":1632,\"height\":300,\"caption\":\"Agrado\"},\"image\":{\"@id\":\"https:\\\/\\\/agradocosmetic.com\\\/#\\\/schema\\\/logo\\\/image\\\/\"}}]}<\/script>\n<!-- \/ Yoast SEO plugin. -->","yoast_head_json":{"title":"Pol\u00edtica de Privacidad y Protecci\u00f3n de Datos - Agrado","robots":{"index":"noindex","follow":"nofollow"},"og_locale":"it_IT","og_type":"article","og_title":"Pol\u00edtica de Privacidad y Protecci\u00f3n de Datos - Agrado","og_description":"POLITICA PRIVACIDAD Y PROTECCI\u00d3N DE DATOS 1. Recogida, tratamiento y uso de los datos personales en la web: En base a lo dispuesto en el Reglamento General de Protecci\u00f3n de Datos 2016\/679 (RGPD) y en la Ley Org\u00e1nica 3\/2018, de Protecci\u00f3n de Datos Personales y garant\u00eda de derechos digitales (LOPDGDD), le informamos que para hacer [&hellip;]","og_url":"https:\/\/agradocosmetic.com\/it\/politica-de-privacidad-y-proteccion-de-datos\/","og_site_name":"Agrado","article_modified_time":"2024-10-01T12:37:02+00:00","og_image":[{"width":353,"height":224,"url":"https:\/\/agradocosmetic.com\/wp-content\/uploads\/2023\/10\/Distribuidores-contacto.jpg","type":"image\/jpeg"}],"twitter_card":"summary_large_image","twitter_misc":{"Tempo di lettura stimato":"8 minuti"},"schema":{"@context":"https:\/\/schema.org","@graph":[{"@type":"WebPage","@id":"https:\/\/agradocosmetic.com\/politica-de-privacidad-y-proteccion-de-datos\/","url":"https:\/\/agradocosmetic.com\/politica-de-privacidad-y-proteccion-de-datos\/","name":"Pol\u00edtica de Privacidad y Protecci\u00f3n de Datos - Agrado","isPartOf":{"@id":"https:\/\/agradocosmetic.com\/#website"},"primaryImageOfPage":{"@id":"https:\/\/agradocosmetic.com\/politica-de-privacidad-y-proteccion-de-datos\/#primaryimage"},"image":{"@id":"https:\/\/agradocosmetic.com\/politica-de-privacidad-y-proteccion-de-datos\/#primaryimage"},"thumbnailUrl":"https:\/\/agradocosmetic.com\/wp-content\/uploads\/2023\/10\/Distribuidores-contacto.jpg","datePublished":"2023-07-21T10:25:07+00:00","dateModified":"2024-10-01T12:37:02+00:00","breadcrumb":{"@id":"https:\/\/agradocosmetic.com\/politica-de-privacidad-y-proteccion-de-datos\/#breadcrumb"},"inLanguage":"it-IT","potentialAction":[{"@type":"ReadAction","target":["https:\/\/agradocosmetic.com\/politica-de-privacidad-y-proteccion-de-datos\/"]}]},{"@type":"ImageObject","inLanguage":"it-IT","@id":"https:\/\/agradocosmetic.com\/politica-de-privacidad-y-proteccion-de-datos\/#primaryimage","url":"https:\/\/agradocosmetic.com\/wp-content\/uploads\/2023\/10\/Distribuidores-contacto.jpg","contentUrl":"https:\/\/agradocosmetic.com\/wp-content\/uploads\/2023\/10\/Distribuidores-contacto.jpg","width":353,"height":224},{"@type":"BreadcrumbList","@id":"https:\/\/agradocosmetic.com\/politica-de-privacidad-y-proteccion-de-datos\/#breadcrumb","itemListElement":[{"@type":"ListItem","position":1,"name":"Portada","item":"https:\/\/agradocosmetic.com\/"},{"@type":"ListItem","position":2,"name":"Pol\u00edtica de Privacidad y Protecci\u00f3n de Datos"}]},{"@type":"WebSite","@id":"https:\/\/agradocosmetic.com\/#website","url":"https:\/\/agradocosmetic.com\/","name":"Mi piace","description":"cosmetico","publisher":{"@id":"https:\/\/agradocosmetic.com\/#organization"},"potentialAction":[{"@type":"SearchAction","target":{"@type":"EntryPoint","urlTemplate":"https:\/\/agradocosmetic.com\/?s={search_term_string}"},"query-input":{"@type":"PropertyValueSpecification","valueRequired":true,"valueName":"search_term_string"}}],"inLanguage":"it-IT"},{"@type":"Organization","@id":"https:\/\/agradocosmetic.com\/#organization","name":"Mi piace","url":"https:\/\/agradocosmetic.com\/","logo":{"@type":"ImageObject","inLanguage":"it-IT","@id":"https:\/\/agradocosmetic.com\/#\/schema\/logo\/image\/","url":"https:\/\/agradocosmetic.com\/wp-content\/uploads\/2023\/07\/LOGO-AGRADO-WEB-01.png","contentUrl":"https:\/\/agradocosmetic.com\/wp-content\/uploads\/2023\/07\/LOGO-AGRADO-WEB-01.png","width":1632,"height":300,"caption":"Agrado"},"image":{"@id":"https:\/\/agradocosmetic.com\/#\/schema\/logo\/image\/"}}]}},"_links":{"self":[{"href":"https:\/\/agradocosmetic.com\/it\/wp-json\/wp\/v2\/pages\/3","targetHints":{"allow":["GET"]}}],"collection":[{"href":"https:\/\/agradocosmetic.com\/it\/wp-json\/wp\/v2\/pages"}],"about":[{"href":"https:\/\/agradocosmetic.com\/it\/wp-json\/wp\/v2\/types\/page"}],"author":[{"embeddable":true,"href":"https:\/\/agradocosmetic.com\/it\/wp-json\/wp\/v2\/users\/1"}],"replies":[{"embeddable":true,"href":"https:\/\/agradocosmetic.com\/it\/wp-json\/wp\/v2\/comments?post=3"}],"version-history":[{"count":5,"href":"https:\/\/agradocosmetic.com\/it\/wp-json\/wp\/v2\/pages\/3\/revisions"}],"predecessor-version":[{"id":27756,"href":"https:\/\/agradocosmetic.com\/it\/wp-json\/wp\/v2\/pages\/3\/revisions\/27756"}],"wp:featuredmedia":[{"embeddable":true,"href":"https:\/\/agradocosmetic.com\/it\/wp-json\/wp\/v2\/media\/22230"}],"wp:attachment":[{"href":"https:\/\/agradocosmetic.com\/it\/wp-json\/wp\/v2\/media?parent=3"}],"curies":[{"name":"parola chiave","href":"https:\/\/api.w.org\/{rel}","templated":true}]}}