{"id":3,"date":"2023-07-21T10:25:07","date_gmt":"2023-07-21T10:25:07","guid":{"rendered":"https:\/\/dev-freelancerweb.site\/?page_id=3"},"modified":"2024-10-01T12:37:02","modified_gmt":"2024-10-01T12:37:02","slug":"politica-de-privacidad-y-proteccion-de-datos","status":"publish","type":"page","link":"https:\/\/agradocosmetic.com\/pt\/politica-de-privacidad-y-proteccion-de-datos\/","title":{"rendered":"Pol\u00edtica de Privacidade e Prote\u00e7\u00e3o de Dados"},"content":{"rendered":"<div data-elementor-type=\"wp-page\" data-elementor-id=\"3\" class=\"elementor elementor-3\" data-elementor-post-type=\"page\">\n\t\t\t\t<div class=\"elementor-element elementor-element-62f9242 e-flex e-con-boxed e-con e-parent\" data-id=\"62f9242\" data-element_type=\"container\" data-e-type=\"container\" data-settings=\"{&quot;jet_parallax_layout_list&quot;:[],&quot;ekit_has_onepagescroll_dot&quot;:&quot;yes&quot;}\">\n\t\t\t\t\t<div class=\"e-con-inner\">\n\t\t\t\t<div class=\"elementor-element elementor-element-a377777 elementor-widget elementor-widget-heading\" data-id=\"a377777\" data-element_type=\"widget\" data-e-type=\"widget\" data-settings=\"{&quot;ekit_we_effect_on&quot;:&quot;none&quot;}\" data-widget_type=\"heading.default\">\n\t\t\t\t<div class=\"elementor-widget-container\">\n\t\t\t\t\t<h2 class=\"elementor-heading-title elementor-size-default\">POL\u00cdTICA DE PRIVACIDADE E PROTE\u00c7\u00c3O DE DADOS\n<\/h2>\t\t\t\t<\/div>\n\t\t\t\t<\/div>\n\t\t\t\t<div class=\"elementor-element elementor-element-41a34df elementor-widget elementor-widget-text-editor\" data-id=\"41a34df\" data-element_type=\"widget\" data-e-type=\"widget\" data-settings=\"{&quot;ekit_we_effect_on&quot;:&quot;none&quot;}\" data-widget_type=\"text-editor.default\">\n\t\t\t\t<div class=\"elementor-widget-container\">\n\t\t\t\t\t\t\t\t\t<p><strong><br>1. Recolha, tratamento e utiliza\u00e7\u00e3o de dados pessoais no site:<br><\/strong><br>Com base no disposto no Regulamento Geral de Prote\u00e7\u00e3o de Dados 2016\/679 (RGPD) e na Lei Org\u00e2nica 3\/2018, de Prote\u00e7\u00e3o de Dados Pessoais e Garantia de Direitos Digitais (LOPDGDD), informamos que para fazer uso de alguns dos servi\u00e7os oferecidos pelo nosso site, pode ser necess\u00e1rio que voc\u00ea nos forne\u00e7a determinados dados pessoais que ser\u00e3o incorporados em arquivos automatizados.<\/p>\n<p>Cumprindo as novas disposi\u00e7\u00f5es do Regulamento (UE) 2016\/679 do PE e do Conselho de 27 de abril de 2016 e da Lei Org\u00e2nica 3\/2018, de 5 de dezembro, sobre a Prote\u00e7\u00e3o de Dados Pessoais e garantia de direitos digitais, relativas a a protec\u00e7\u00e3o das pessoas singulares no que diz respeito ao tratamento de dados pessoais e \u00e0 livre circula\u00e7\u00e3o desses dados e pela qual \u00e9 revogada a Directiva 95\/46\/CE, informamos que o respons\u00e1vel pelo tratamento dos dados \u00e9:<\/p>\n<p>Nome da empresa: AGRADO COSMETIC CARE 3000 SL<br>NIF: B98150766<br>Endere\u00e7o principal: C\/ ZEFIR, PI N\u00daMERO 16 PARCELA., \u2013 46119 NAQUERA (Val\u00eancia).<br>E-mail: info@agradocosmetic.com<br>Telefone de contacto: 961399241<br>Site: www.agradocosmetic.com<\/p>\n<p>Para fazer qualquer tipo de observa\u00e7\u00e3o sobre poss\u00edveis viola\u00e7\u00f5es dos direitos de propriedade intelectual ou industrial, bem como de qualquer conte\u00fado do site, poder\u00e1 faz\u00ea-lo contactando a empresa atrav\u00e9s de qualquer um dos meios acima indicados.<\/p>\n<p>Os conte\u00fados do Site t\u00eam como objetivo informar os usu\u00e1rios sobre os servi\u00e7os oferecidos pela empresa em decorr\u00eancia das solicita\u00e7\u00f5es, procedimentos ou procedimentos que o Usu\u00e1rio realiza atrav\u00e9s do site. Os dados sujeitos a tratamento ser\u00e3o aqueles que nos fornecer atrav\u00e9s dos formul\u00e1rios que a p\u00e1gina cont\u00e9m a qualquer momento ou atrav\u00e9s dos emails que o Utilizador envia para os endere\u00e7os de email a\u00ed identificados, bem como quaisquer outros que sejam gerados durante a manuten\u00e7\u00e3o do site. o relacionamento correspondente.<\/p>\n<p>Todos os campos que aparecem marcados como obrigat\u00f3rios em qualquer um dos formul\u00e1rios devem necessariamente ser preenchidos, de forma que a omiss\u00e3o de algum deles pode impossibilitar-nos de responder ao seu pedido ou de lhe prestar os servi\u00e7os correspondentes.<\/p>\n<p>Al\u00e9m disso, durante a referida recolha de dados, poder\u00e1 ser solicitado o seu consentimento para outra s\u00e9rie de finalidades que n\u00e3o estejam diretamente relacionadas com o servi\u00e7o ou com a rela\u00e7\u00e3o correspondente. Caso voc\u00ea n\u00e3o concorde com tais tratamentos adicionais, marque a caixa destinada a esse fim conforme apropriado.<\/p>\n<p>Requerentes de informa\u00e7\u00e3o: Os dados pessoais utilizados nestes casos prov\u00eam do interessado, que os fornece \u00e0 AGRADO COSMETIC CARE 3000 SL ao preencher o formul\u00e1rio de contacto contido no Site, ao efetuar uma chamada telef\u00f3nica ou ao enviar um email.<\/p>\n<p>Estes dados s\u00e3o utilizados para efeitos de resolu\u00e7\u00e3o de d\u00favidas e fornecimento de informa\u00e7\u00f5es a quem os solicite ou autorize expressamente, principalmente por correio eletr\u00f3nico.<\/p>\n<p>A pessoa que acede a este Site (doravante, o Utilizador), garante que tem a idade m\u00ednima legal estabelecida pelo Regulamento Geral de Prote\u00e7\u00e3o de Dados 679\/2016 (14 anos) ou pela regulamenta\u00e7\u00e3o nacional que lhe \u00e9 aplic\u00e1vel. consentimento em rela\u00e7\u00e3o aos Servi\u00e7os da Sociedade da Informa\u00e7\u00e3o.<\/p>\n<p>Ao aceder a este Site, o Utilizador aceita expressamente todas as cl\u00e1usulas da sua informa\u00e7\u00e3o legal, desta pol\u00edtica de privacidade e da sua pol\u00edtica de cookies, bem como todas as condi\u00e7\u00f5es particulares recolhidas para a utiliza\u00e7\u00e3o de determinados servi\u00e7os. Caso n\u00e3o aceite alguma das cl\u00e1usulas acima mencionadas, o Utilizador dever\u00e1 abster-se de aceder a este Site.<\/p>\n<p>Ao aceder \u00e0s contas da AGRADO COSMETIC CARE 3000 SL nas redes sociais, o Utilizador aceita o tratamento dos seus dados pessoais por parte das mesmas de acordo com as suas pol\u00edticas de privacidade: Pol\u00edtica de privacidade das redes sociais.<br><br><br><b style=\"color: var( --e-global-color-text ); font-family: var( --e-global-typography-text-font-family ), Sans-serif; text-align: var(--text-align); font-size: 1rem;\">2. Finalidade do tratamento dos dados pessoais:<\/b><\/p><p><b>2.1. Com que finalidade trataremos os seus dados pessoais?<\/b><\/p>\n<p><\/p>\n<p><b><\/b>Na AGRADO COSMETIC CARE 3000 SL processaremos os seus dados pessoais, recolhidos atrav\u00e9s do Site para as seguintes finalidades:<\/p>\n<p>\u2013 Envio de informa\u00e7\u00e3o solicitada atrav\u00e9s dos formul\u00e1rios de contacto disponibilizados no Site com a finalidade de solicitar qualquer tipo de consulta relacionada com os produtos ou servi\u00e7os prestados pela empresa.<br>\u2013 Enviar boletins -newsletters-, bem como comunica\u00e7\u00f5es comerciais de promo\u00e7\u00f5es e\/ou publicidade do Site.<\/p>\n<p>Da mesma forma, lembramos que voc\u00ea pode se opor ao envio de comunica\u00e7\u00f5es comerciais por qualquer meio e a qualquer momento, entrando em contato com AGRADO COSMETIC CARE 3000 SL<\/p>\n<p>Os campos destes registos devem ser preenchidos, sendo imposs\u00edvel atingir os fins indicados se estes dados n\u00e3o forem fornecidos.<br><br><\/p>\n<p><b>2.2. Durante quanto tempo s\u00e3o conservados os dados pessoais recolhidos?<\/b><\/p>\n<p><\/p>\n<p><b><\/b>Os dados pessoais fornecidos ser\u00e3o conservados enquanto a sua comunica\u00e7\u00e3o for gerida e\/ou n\u00e3o solicitar a sua elimina\u00e7\u00e3o e pelo tempo m\u00ednimo necess\u00e1rio para cumprir obriga\u00e7\u00f5es legais ou responsabilidades legais que possam surgir pelos servi\u00e7os prestados.<br><br><\/p>\n<p><b>3. Legitima\u00e7\u00e3o:<\/b><\/p>\n<p><\/p>\n<p><b><\/b>O tratamento dos seus dados \u00e9 realizado com as seguintes bases legais que o legitimam:<\/p>\n<p>\u2013 Consentimento livre, espec\u00edfico, informado e inequ\u00edvoco, como informamos ao disponibilizar-lhe esta pol\u00edtica de privacidade, que ap\u00f3s a leitura, se concordar, poder\u00e1 aceitar atrav\u00e9s de uma declara\u00e7\u00e3o ou de uma a\u00e7\u00e3o afirmativa clara, como marcar uma caixa prevista para este prop\u00f3sito.<\/p>\n<p>Caso n\u00e3o nos forne\u00e7a os seus dados ou o fa\u00e7a de forma incorreta ou incompleta, n\u00e3o poderemos responder ao seu pedido, impossibilitando totalmente o fornecimento das informa\u00e7\u00f5es solicitadas ou a realiza\u00e7\u00e3o da contrata\u00e7\u00e3o dos servi\u00e7os.<br><br><\/p>\n<p><b>4. Garantia:<\/b><\/p>\n<p><\/p>\n<p><b><\/b>O Utilizador garante que os dados fornecidos s\u00e3o verdadeiros, exatos, completos e atualizados, sendo respons\u00e1vel por quaisquer danos ou perdas, diretos ou indiretos, que possam ser causados em consequ\u00eancia do incumprimento de tal obriga\u00e7\u00e3o. Caso os dados fornecidos perten\u00e7am a um terceiro, o Utilizador garante que informou o referido terceiro e obteve a sua autoriza\u00e7\u00e3o para fornecer os seus dados pessoais \u00e0 AGRADO COSMETIC CARE 3000 SL.<br><br><\/p>\n<p><b>5. Conserva\u00e7\u00e3o de dados:<\/b><\/p>\n<p><\/p>\n<p><b><\/b>Os seus dados ser\u00e3o conservados enquanto se mantiver a rela\u00e7\u00e3o contratual ou durante os anos necess\u00e1rios ao cumprimento das obriga\u00e7\u00f5es legais, desde que n\u00e3o solicite a sua cessa\u00e7\u00e3o ou pelo tempo necess\u00e1rio \u00e0 realiza\u00e7\u00e3o das finalidades necess\u00e1rias aos recolhidos.<br><br><\/p>\n<p><b>6. Destinat\u00e1rios:<br><\/b><br>Os seus dados ser\u00e3o mantidos sob rigorosas medidas de seguran\u00e7a que garantem a sua confidencialidade e seguran\u00e7a. Da mesma forma, somente ser\u00e3o transferidos \u00e0s entidades e para os seguintes fins:<\/p>\n<p>-Entidades e fornecedores que prestam servi\u00e7os \u00e0 AGRADO COSMETIC CARE 3000 SL para a correta execu\u00e7\u00e3o desses servi\u00e7os. Estas entidades e fornecedores est\u00e3o devidamente credenciados e assinam connosco o correspondente contrato de tratamento de dados em cumprimento da normativa de prote\u00e7\u00e3o de dados em vigor.<br>-Organiza\u00e7\u00f5es e entidades oficiais em conformidade com os regulamentos e leis vigentes.<\/p>\n<p>Destinat\u00e1rios fora da Uni\u00e3o Europeia: AGRADO COSMETIC CARE 3000 SL n\u00e3o transfere dados pessoais a terceiros nem contrata prestadores de servi\u00e7os fora da Uni\u00e3o Europeia.<\/p>\n<p>Os dados n\u00e3o ser\u00e3o comunicados a terceiros que n\u00e3o sejam AGRADO COSMETIC CARE 3000 SL, fora dos casos acima descritos, salvo obriga\u00e7\u00e3o legal ou autoriza\u00e7\u00e3o pr\u00e9via.<br><br><\/p>\n<p><b>7. Direitos:<\/b><\/p>\n<p><\/p>\n<p><b><\/b>Como interessado que nos forneceu os seus dados pessoais, voc\u00ea tem todo o direito de obter a confirma\u00e7\u00e3o se AGRADO COSMETIC CARE 3000 SL est\u00e1 processando os seus dados pessoais e, especificamente, voc\u00ea tem o direito de exercer os seguintes direitos que o regulamento de prote\u00e7\u00e3o de dados concede-lhe. reconhece, de acordo com suas disposi\u00e7\u00f5es:<\/p>\n<p>\u2013 Direito de ACESSO aos seus dados pessoais.<br>\u2013 Direito de solicitar a RETIFICA\u00c7\u00c3O de dados imprecisos.<br>\u2013 Direito de solicitar a sua ELIMINA\u00c7\u00c3O quando, entre outros motivos, os dados j\u00e1 n\u00e3o sejam necess\u00e1rios para as finalidades para as quais foram recolhidos.<br>\u2013 Em determinadas circunst\u00e2ncias, poder\u00e1 solicitar a LIMITA\u00c7\u00c3O DO TRATAMENTO dos seus dados, caso em que apenas os conservaremos para o exerc\u00edcio ou defesa de reclama\u00e7\u00f5es.<br>\u2013 Em determinadas circunst\u00e2ncias e por motivos relacionados com a sua situa\u00e7\u00e3o particular, os interessados poder\u00e3o exercer o seu direito de OPOSI\u00c7\u00c3O ao tratamento dos seus dados. Deixaremos de tratar os dados, exceto por motivos leg\u00edtimos imperiosos, ou para o exerc\u00edcio ou defesa de poss\u00edveis reclama\u00e7\u00f5es.<br>\u2013 Em determinadas circunst\u00e2ncias e por motivos relacionados com a sua situa\u00e7\u00e3o particular, poder\u00e1 solicitar o seu direito \u00e0 PORTABILIDADE dos dados.<\/p>\n<p>Voc\u00ea poder\u00e1 exercer tais direitos ou solicitar informa\u00e7\u00f5es adicionais apresentando c\u00f3pia de um documento de identifica\u00e7\u00e3o e explicando brevemente o seu caso e o direito que deseja exercer, por carta dirigida a AGRADO COSMETIC CARE 3000 SL no endere\u00e7o principal localizado em C\/ ZEFIR, PI NUMERO 16 PARCELA., \u2013 46119 NAQUERA (Val\u00eancia) ou atrav\u00e9s do endere\u00e7o de e-mail info@agradocosmetic.com.<\/p>\n<p>Al\u00e9m disso, caso algum dos seus direitos tenha sido violado, o interessado tem o direito de apresentar uma reclama\u00e7\u00e3o junto da Ag\u00eancia Espanhola de Prote\u00e7\u00e3o de Dados (AEPD), na C\/ Jorge Juan, 6, 28001-Madrid ou atrav\u00e9s da sede. Eletr\u00f4nica AEPD:&nbsp;<a href=\"https:\/\/sedeagpd.gob.es\/sede-electronica-web\/\" target=\"_blank\" rel=\"noopener\">https:\/\/sedeagpd.gob.es\/sede-electronica-web\/<\/a>.<br><br><\/p>\n<p><b>8. Dura\u00e7\u00e3o e modifica\u00e7\u00e3o da Pol\u00edtica de Privacidade:<\/b><\/p><b>\n<\/b><p><b><\/b>AGRADO COSMETIC CARE 3000 SL reserva-se o direito de modificar, total ou parcialmente, esta Pol\u00edtica de Privacidade, publicando as altera\u00e7\u00f5es no Site. Da mesma forma, poder\u00e1 efetuar as modifica\u00e7\u00f5es que considerar oportunas sem aviso pr\u00e9vio, podendo alterar, eliminar ou adicionar tanto os conte\u00fados e servi\u00e7os que presta, como a forma como s\u00e3o apresentados ou localizados. Consequentemente, as condi\u00e7\u00f5es\/pol\u00edticas gerais que forem publicadas no momento do acesso do Usu\u00e1rio ser\u00e3o entendidas como vigentes e dever\u00e3o ser lidas periodicamente.<\/p>\n<p>Independentemente do disposto, AGRADO COSMETIC CARE 3000 SL poder\u00e1 encerrar, suspender ou interromper, a qualquer momento e sem aviso pr\u00e9vio, o acesso ao conte\u00fado do Site, sem que o Usu\u00e1rio possa exigir qualquer indeniza\u00e7\u00e3o.<\/p>\n<p><em>Pol\u00edtica de privacidade escrita e fornecida por PROTECTION REPORT SOLUTIONS, SL,<a href=\"https:\/\/www.protectionreport.com\" target=\"_blank\" rel=\"noopener\"> Empresa GDPR<\/a>, que reserva as a\u00e7\u00f5es legais cab\u00edveis contra qualquer pessoa que copie e utilize ilegitimamente o conte\u00fado.<\/em><\/p>\t\t\t\t\t\t\t\t<\/div>\n\t\t\t\t<\/div>\n\t\t\t\t\t<\/div>\n\t\t\t\t<\/div>\n\t\t\t\t<\/div>","protected":false},"excerpt":{"rendered":"<p>POLITICA PRIVACIDAD Y PROTECCI\u00d3N DE DATOS 1. Recogida, tratamiento y uso de los datos personales en la web: En base a lo dispuesto en el Reglamento General de Protecci\u00f3n de Datos 2016\/679 (RGPD) y en la Ley Org\u00e1nica 3\/2018, de Protecci\u00f3n de Datos Personales y garant\u00eda de derechos digitales (LOPDGDD), le informamos que para hacer [&hellip;]<\/p>\n","protected":false},"author":1,"featured_media":22230,"parent":0,"menu_order":52,"comment_status":"closed","ping_status":"closed","template":"","meta":{"footnotes":"","_wp_rev_ctl_limit":"5"},"class_list":["post-3","page","type-page","status-publish","has-post-thumbnail","hentry"],"yoast_head":"<!-- This site is optimized with the Yoast SEO plugin v27.4 - https:\/\/yoast.com\/product\/yoast-seo-wordpress\/ -->\n<title>Pol\u00edtica de Privacidad y Protecci\u00f3n de Datos - Agrado<\/title>\n<meta name=\"robots\" content=\"noindex, nofollow\" \/>\n<meta property=\"og:locale\" content=\"pt_PT\" \/>\n<meta property=\"og:type\" content=\"article\" \/>\n<meta property=\"og:title\" content=\"Pol\u00edtica de Privacidad y Protecci\u00f3n de Datos - Agrado\" \/>\n<meta property=\"og:description\" content=\"POLITICA PRIVACIDAD Y PROTECCI\u00d3N DE DATOS 1. Recogida, tratamiento y uso de los datos personales en la web: En base a lo dispuesto en el Reglamento General de Protecci\u00f3n de Datos 2016\/679 (RGPD) y en la Ley Org\u00e1nica 3\/2018, de Protecci\u00f3n de Datos Personales y garant\u00eda de derechos digitales (LOPDGDD), le informamos que para hacer [&hellip;]\" \/>\n<meta property=\"og:url\" content=\"https:\/\/agradocosmetic.com\/pt\/politica-de-privacidad-y-proteccion-de-datos\/\" \/>\n<meta property=\"og:site_name\" content=\"Agrado\" \/>\n<meta property=\"article:modified_time\" content=\"2024-10-01T12:37:02+00:00\" \/>\n<meta property=\"og:image\" content=\"https:\/\/agradocosmetic.com\/wp-content\/uploads\/2023\/10\/Distribuidores-contacto.jpg\" \/>\n\t<meta property=\"og:image:width\" content=\"353\" \/>\n\t<meta property=\"og:image:height\" content=\"224\" \/>\n\t<meta property=\"og:image:type\" content=\"image\/jpeg\" \/>\n<meta name=\"twitter:card\" content=\"summary_large_image\" \/>\n<meta name=\"twitter:label1\" content=\"Tempo estimado de leitura\" \/>\n\t<meta name=\"twitter:data1\" content=\"8 minutos\" \/>\n<script type=\"application\/ld+json\" class=\"yoast-schema-graph\">{\"@context\":\"https:\\\/\\\/schema.org\",\"@graph\":[{\"@type\":\"WebPage\",\"@id\":\"https:\\\/\\\/agradocosmetic.com\\\/politica-de-privacidad-y-proteccion-de-datos\\\/\",\"url\":\"https:\\\/\\\/agradocosmetic.com\\\/politica-de-privacidad-y-proteccion-de-datos\\\/\",\"name\":\"Pol\u00edtica de Privacidad y Protecci\u00f3n de Datos - Agrado\",\"isPartOf\":{\"@id\":\"https:\\\/\\\/agradocosmetic.com\\\/#website\"},\"primaryImageOfPage\":{\"@id\":\"https:\\\/\\\/agradocosmetic.com\\\/politica-de-privacidad-y-proteccion-de-datos\\\/#primaryimage\"},\"image\":{\"@id\":\"https:\\\/\\\/agradocosmetic.com\\\/politica-de-privacidad-y-proteccion-de-datos\\\/#primaryimage\"},\"thumbnailUrl\":\"https:\\\/\\\/agradocosmetic.com\\\/wp-content\\\/uploads\\\/2023\\\/10\\\/Distribuidores-contacto.jpg\",\"datePublished\":\"2023-07-21T10:25:07+00:00\",\"dateModified\":\"2024-10-01T12:37:02+00:00\",\"breadcrumb\":{\"@id\":\"https:\\\/\\\/agradocosmetic.com\\\/politica-de-privacidad-y-proteccion-de-datos\\\/#breadcrumb\"},\"inLanguage\":\"pt-PT\",\"potentialAction\":[{\"@type\":\"ReadAction\",\"target\":[\"https:\\\/\\\/agradocosmetic.com\\\/politica-de-privacidad-y-proteccion-de-datos\\\/\"]}]},{\"@type\":\"ImageObject\",\"inLanguage\":\"pt-PT\",\"@id\":\"https:\\\/\\\/agradocosmetic.com\\\/politica-de-privacidad-y-proteccion-de-datos\\\/#primaryimage\",\"url\":\"https:\\\/\\\/agradocosmetic.com\\\/wp-content\\\/uploads\\\/2023\\\/10\\\/Distribuidores-contacto.jpg\",\"contentUrl\":\"https:\\\/\\\/agradocosmetic.com\\\/wp-content\\\/uploads\\\/2023\\\/10\\\/Distribuidores-contacto.jpg\",\"width\":353,\"height\":224},{\"@type\":\"BreadcrumbList\",\"@id\":\"https:\\\/\\\/agradocosmetic.com\\\/politica-de-privacidad-y-proteccion-de-datos\\\/#breadcrumb\",\"itemListElement\":[{\"@type\":\"ListItem\",\"position\":1,\"name\":\"Portada\",\"item\":\"https:\\\/\\\/agradocosmetic.com\\\/\"},{\"@type\":\"ListItem\",\"position\":2,\"name\":\"Pol\u00edtica de Privacidad y Protecci\u00f3n de Datos\"}]},{\"@type\":\"WebSite\",\"@id\":\"https:\\\/\\\/agradocosmetic.com\\\/#website\",\"url\":\"https:\\\/\\\/agradocosmetic.com\\\/\",\"name\":\"Agrado\",\"description\":\"Cosmetic\",\"publisher\":{\"@id\":\"https:\\\/\\\/agradocosmetic.com\\\/#organization\"},\"potentialAction\":[{\"@type\":\"SearchAction\",\"target\":{\"@type\":\"EntryPoint\",\"urlTemplate\":\"https:\\\/\\\/agradocosmetic.com\\\/?s={search_term_string}\"},\"query-input\":{\"@type\":\"PropertyValueSpecification\",\"valueRequired\":true,\"valueName\":\"search_term_string\"}}],\"inLanguage\":\"pt-PT\"},{\"@type\":\"Organization\",\"@id\":\"https:\\\/\\\/agradocosmetic.com\\\/#organization\",\"name\":\"Agrado\",\"url\":\"https:\\\/\\\/agradocosmetic.com\\\/\",\"logo\":{\"@type\":\"ImageObject\",\"inLanguage\":\"pt-PT\",\"@id\":\"https:\\\/\\\/agradocosmetic.com\\\/#\\\/schema\\\/logo\\\/image\\\/\",\"url\":\"https:\\\/\\\/agradocosmetic.com\\\/wp-content\\\/uploads\\\/2023\\\/07\\\/LOGO-AGRADO-WEB-01.png\",\"contentUrl\":\"https:\\\/\\\/agradocosmetic.com\\\/wp-content\\\/uploads\\\/2023\\\/07\\\/LOGO-AGRADO-WEB-01.png\",\"width\":1632,\"height\":300,\"caption\":\"Agrado\"},\"image\":{\"@id\":\"https:\\\/\\\/agradocosmetic.com\\\/#\\\/schema\\\/logo\\\/image\\\/\"}}]}<\/script>\n<!-- \/ Yoast SEO plugin. -->","yoast_head_json":{"title":"Pol\u00edtica de Privacidad y Protecci\u00f3n de Datos - Agrado","robots":{"index":"noindex","follow":"nofollow"},"og_locale":"pt_PT","og_type":"article","og_title":"Pol\u00edtica de Privacidad y Protecci\u00f3n de Datos - Agrado","og_description":"POLITICA PRIVACIDAD Y PROTECCI\u00d3N DE DATOS 1. Recogida, tratamiento y uso de los datos personales en la web: En base a lo dispuesto en el Reglamento General de Protecci\u00f3n de Datos 2016\/679 (RGPD) y en la Ley Org\u00e1nica 3\/2018, de Protecci\u00f3n de Datos Personales y garant\u00eda de derechos digitales (LOPDGDD), le informamos que para hacer [&hellip;]","og_url":"https:\/\/agradocosmetic.com\/pt\/politica-de-privacidad-y-proteccion-de-datos\/","og_site_name":"Agrado","article_modified_time":"2024-10-01T12:37:02+00:00","og_image":[{"width":353,"height":224,"url":"https:\/\/agradocosmetic.com\/wp-content\/uploads\/2023\/10\/Distribuidores-contacto.jpg","type":"image\/jpeg"}],"twitter_card":"summary_large_image","twitter_misc":{"Tempo estimado de leitura":"8 minutos"},"schema":{"@context":"https:\/\/schema.org","@graph":[{"@type":"WebPage","@id":"https:\/\/agradocosmetic.com\/politica-de-privacidad-y-proteccion-de-datos\/","url":"https:\/\/agradocosmetic.com\/politica-de-privacidad-y-proteccion-de-datos\/","name":"Pol\u00edtica de Privacidad y Protecci\u00f3n de Datos - Agrado","isPartOf":{"@id":"https:\/\/agradocosmetic.com\/#website"},"primaryImageOfPage":{"@id":"https:\/\/agradocosmetic.com\/politica-de-privacidad-y-proteccion-de-datos\/#primaryimage"},"image":{"@id":"https:\/\/agradocosmetic.com\/politica-de-privacidad-y-proteccion-de-datos\/#primaryimage"},"thumbnailUrl":"https:\/\/agradocosmetic.com\/wp-content\/uploads\/2023\/10\/Distribuidores-contacto.jpg","datePublished":"2023-07-21T10:25:07+00:00","dateModified":"2024-10-01T12:37:02+00:00","breadcrumb":{"@id":"https:\/\/agradocosmetic.com\/politica-de-privacidad-y-proteccion-de-datos\/#breadcrumb"},"inLanguage":"pt-PT","potentialAction":[{"@type":"ReadAction","target":["https:\/\/agradocosmetic.com\/politica-de-privacidad-y-proteccion-de-datos\/"]}]},{"@type":"ImageObject","inLanguage":"pt-PT","@id":"https:\/\/agradocosmetic.com\/politica-de-privacidad-y-proteccion-de-datos\/#primaryimage","url":"https:\/\/agradocosmetic.com\/wp-content\/uploads\/2023\/10\/Distribuidores-contacto.jpg","contentUrl":"https:\/\/agradocosmetic.com\/wp-content\/uploads\/2023\/10\/Distribuidores-contacto.jpg","width":353,"height":224},{"@type":"BreadcrumbList","@id":"https:\/\/agradocosmetic.com\/politica-de-privacidad-y-proteccion-de-datos\/#breadcrumb","itemListElement":[{"@type":"ListItem","position":1,"name":"Portada","item":"https:\/\/agradocosmetic.com\/"},{"@type":"ListItem","position":2,"name":"Pol\u00edtica de Privacidad y Protecci\u00f3n de Datos"}]},{"@type":"WebSite","@id":"https:\/\/agradocosmetic.com\/#website","url":"https:\/\/agradocosmetic.com\/","name":"Gosto","description":"Cosm\u00e9tico","publisher":{"@id":"https:\/\/agradocosmetic.com\/#organization"},"potentialAction":[{"@type":"SearchAction","target":{"@type":"EntryPoint","urlTemplate":"https:\/\/agradocosmetic.com\/?s={search_term_string}"},"query-input":{"@type":"PropertyValueSpecification","valueRequired":true,"valueName":"search_term_string"}}],"inLanguage":"pt-PT"},{"@type":"Organization","@id":"https:\/\/agradocosmetic.com\/#organization","name":"Gosto","url":"https:\/\/agradocosmetic.com\/","logo":{"@type":"ImageObject","inLanguage":"pt-PT","@id":"https:\/\/agradocosmetic.com\/#\/schema\/logo\/image\/","url":"https:\/\/agradocosmetic.com\/wp-content\/uploads\/2023\/07\/LOGO-AGRADO-WEB-01.png","contentUrl":"https:\/\/agradocosmetic.com\/wp-content\/uploads\/2023\/07\/LOGO-AGRADO-WEB-01.png","width":1632,"height":300,"caption":"Agrado"},"image":{"@id":"https:\/\/agradocosmetic.com\/#\/schema\/logo\/image\/"}}]}},"_links":{"self":[{"href":"https:\/\/agradocosmetic.com\/pt\/wp-json\/wp\/v2\/pages\/3","targetHints":{"allow":["GET"]}}],"collection":[{"href":"https:\/\/agradocosmetic.com\/pt\/wp-json\/wp\/v2\/pages"}],"about":[{"href":"https:\/\/agradocosmetic.com\/pt\/wp-json\/wp\/v2\/types\/page"}],"author":[{"embeddable":true,"href":"https:\/\/agradocosmetic.com\/pt\/wp-json\/wp\/v2\/users\/1"}],"replies":[{"embeddable":true,"href":"https:\/\/agradocosmetic.com\/pt\/wp-json\/wp\/v2\/comments?post=3"}],"version-history":[{"count":5,"href":"https:\/\/agradocosmetic.com\/pt\/wp-json\/wp\/v2\/pages\/3\/revisions"}],"predecessor-version":[{"id":27756,"href":"https:\/\/agradocosmetic.com\/pt\/wp-json\/wp\/v2\/pages\/3\/revisions\/27756"}],"wp:featuredmedia":[{"embeddable":true,"href":"https:\/\/agradocosmetic.com\/pt\/wp-json\/wp\/v2\/media\/22230"}],"wp:attachment":[{"href":"https:\/\/agradocosmetic.com\/pt\/wp-json\/wp\/v2\/media?parent=3"}],"curies":[{"name":"wp","href":"https:\/\/api.w.org\/{rel}","templated":true}]}}